{"id":61950,"date":"2026-03-28T10:00:43","date_gmt":"2026-03-28T09:00:43","guid":{"rendered":"https:\/\/maisonessentielle.com\/?post_type=product&#038;p=61950"},"modified":"2026-04-29T09:43:33","modified_gmt":"2026-04-29T07:43:33","slug":"la-parka-escapade-vert-sauge-cousue","status":"publish","type":"product","link":"https:\/\/maisonessentielle.com\/produit\/la-parka-escapade-vert-sauge-cousue\/","title":{"rendered":"La parka Escapade vert sauge &#8211; cousue"},"content":{"rendered":"<h2><strong>Choisissez votre taille en vous r\u00e9f\u00e9rant \u00e0 ce tableau de mensurations (mesures en cm \u2013 stature 1,65m)<\/strong><\/h2>\n<p>&nbsp;<\/p>\n<table>\n<tbody>\n<tr>\n<td><b>Taille<\/b><\/td>\n<td><b>XS<\/b><\/td>\n<td><b>S<\/b><\/td>\n<td><b>M<\/b><\/td>\n<td><b>L<\/b><\/td>\n<td><b>XL<\/b><\/td>\n<\/tr>\n<tr>\n<td><b>Tour de poitrine<\/b><\/td>\n<td>78-82<\/td>\n<td>82-86<\/td>\n<td>86-94<\/td>\n<td>94-102<\/td>\n<td>102-110<\/td>\n<\/tr>\n<tr>\n<td><b>Tour de taille<\/b><\/td>\n<td>64-68<\/td>\n<td>68-72<\/td>\n<td>72-80<\/td>\n<td>80-88<\/td>\n<td>88-96<\/td>\n<\/tr>\n<tr>\n<td><b>Tour de hanches<\/b><\/td>\n<td>84-88<\/td>\n<td>88-92<\/td>\n<td>92-100<\/td>\n<td>100-108<\/td>\n<td>108-116<\/td>\n<\/tr>\n<\/tbody>\n<\/table>\n<p>&nbsp;<\/p>\n<p style=\"text-align: center;\"><strong>Partagez-nous vos looks sur les r\u00e9seaux sociaux #laparkaescapade @maison_essentielle_<\/strong><\/p>\n","protected":false},"excerpt":{"rendered":"<p>&nbsp;<\/p>\n<h2>Notre parka Escapade en toile parachute vert sauge<\/h2>\n<p><strong>La parka Escapade est<\/strong> <strong>le coupe vent parfait pour vous suivre partout \u00e0 la mi-saison.<\/strong> <strong>Avec sa coupe moderne et flatteuse, elle tombe impeccablement et s\u2019adapte \u00e0 toutes les silhouettes en<\/strong><strong> mixant style, praticit\u00e9 et jolis d\u00e9tails : capuche avec lien de serrage, poches plaqu\u00e9es avec revers, poignets \u00e9lastiqu\u00e9s. Une pi\u00e8ce facile \u00e0 porter, pens\u00e9e pour devenir un vrai indispensable du quotidien.<\/strong><\/p>\n<p><strong>Mati\u00e8re :<\/strong> belle toile parachute camel \u00e0 l&rsquo;aspect l\u00e9g\u00e8rement gaufr\u00e9, l\u00e9g\u00e8re et coupe-vent, r\u00e9sistante aux d\u00e9chirures et s\u00e9chant rapidement<strong>. 86% coton\/14% polyamide<\/strong>.<\/p>\n<p><strong>Conseils d&rsquo;entretien : <\/strong>Pressing ou machine \u00e0 30\u00b0, Pas de s\u00e8che-linge &#8211; Repassage : doux<\/p>\n<p><strong>NB : <\/strong><span style=\"font-weight: 400;\"><strong>il est possible d&rsquo;imperm\u00e9abiliser<\/strong> le tissu avec une bombe d&rsquo;imperm\u00e9abilisant, Pr\u00e9f\u00e9rez les imperm\u00e9abilisants <b>sans fluor (PFAS-free)<\/b>, Formul\u00e9 sans substances persistantes ni toxiques, pour une protection plus respectueuse de la sant\u00e9 et de l\u2019environnement.\u00a0<\/span><\/p>\n<h2>Conseil taille pour choisir votre parka Escapade<\/h2>\n<p>R\u00e9f\u00e9rez vous au tableau de mensurations en bas de page et consultez <a href=\"https:\/\/maisonessentielle.com\/index.php\/guide-des-tailles\/\"><strong>notre guide des tailles<\/strong><\/a> pour choisir la taille qui vous convient. <em>Val\u00e9rie (1,65m \/ 86-72-90)<\/em> porte la taille S\/M pour un effet oversize.<\/p>\n<p>&nbsp;<\/p>\n<h2><strong>Confection made in France &#8211; livraison mi-avril<\/strong><\/h2>\n","protected":false},"featured_media":61648,"comment_status":"open","ping_status":"closed","template":"","meta":{"_acf_changed":false,"site-sidebar-layout":"default","site-content-layout":"default","ast-site-content-layout":"default","site-content-style":"default","site-sidebar-style":"default","ast-global-header-display":"","ast-banner-title-visibility":"","ast-main-header-display":"","ast-hfb-above-header-display":"","ast-hfb-below-header-display":"","ast-hfb-mobile-header-display":"","site-post-title":"","ast-breadcrumbs-content":"","ast-featured-img":"","footer-sml-layout":"","ast-disable-related-posts":"","theme-transparent-header-meta":"default","adv-header-id-meta":"","stick-header-meta":"default","header-above-stick-meta":"","header-main-stick-meta":"","header-below-stick-meta":"","astra-migrate-meta-layouts":"set","ast-page-background-enabled":"default","ast-page-background-meta":{"desktop":{"background-color":"","background-image":"","background-repeat":"repeat","background-position":"center center","background-size":"auto","background-attachment":"scroll","background-type":"","background-media":"","overlay-type":"","overlay-color":"","overlay-opacity":"","overlay-gradient":""},"tablet":{"background-color":"","background-image":"","background-repeat":"repeat","background-position":"center center","background-size":"auto","background-attachment":"scroll","background-type":"","background-media":"","overlay-type":"","overlay-color":"","overlay-opacity":"","overlay-gradient":""},"mobile":{"background-color":"","background-image":"","background-repeat":"repeat","background-position":"center center","background-size":"auto","background-attachment":"scroll","background-type":"","background-media":"","overlay-type":"","overlay-color":"","overlay-opacity":"","overlay-gradient":""}},"ast-content-background-meta":{"desktop":{"background-color":"var(--ast-global-color-5)","background-image":"","background-repeat":"repeat","background-position":"center center","background-size":"auto","background-attachment":"scroll","background-type":"","background-media":"","overlay-type":"","overlay-color":"","overlay-opacity":"","overlay-gradient":""},"tablet":{"background-color":"var(--ast-global-color-5)","background-image":"","background-repeat":"repeat","background-position":"center center","background-size":"auto","background-attachment":"scroll","background-type":"","background-media":"","overlay-type":"","overlay-color":"","overlay-opacity":"","overlay-gradient":""},"mobile":{"background-color":"var(--ast-global-color-5)","background-image":"","background-repeat":"repeat","background-position":"center center","background-size":"auto","background-attachment":"scroll","background-type":"","background-media":"","overlay-type":"","overlay-color":"","overlay-opacity":"","overlay-gradient":""}}},"product_brand":[],"product_cat":[471,215],"product_tag":[],"class_list":{"0":"post-61950","1":"product","2":"type-product","3":"status-publish","4":"has-post-thumbnail","6":"product_cat-les-vestes","7":"product_cat-vestiaire-cousu-en-france","8":"desktop-align-center","9":"tablet-align-center","10":"mobile-align-center","11":"ast-product-gallery-layout-horizontal","12":"ast-magnify-disabled","13":"ast-product-single-variable","14":"ast-product-tabs-layout-horizontal","16":"first","17":"outofstock","18":"taxable","19":"shipping-taxable","20":"purchasable","21":"product-type-variable"},"acf":[],"yoast_head":"<!-- This site is optimized with the Yoast SEO plugin v27.3 - https:\/\/yoast.com\/product\/yoast-seo-wordpress\/ -->\n<title>Parka Escapade, coupe vent long en toile parachute vert sauge<\/title>\n<meta name=\"description\" content=\"La parka Escapade est un coupe vent long, boutonn\u00e9, avec capuche et liens de serrage, elle est id\u00e9ale pour la mi-saison gr\u00e2ce \u00e0 sa toile parachute l\u00e9g\u00e8re vert sauge\" \/>\n<meta name=\"robots\" content=\"index, follow, max-snippet:-1, max-image-preview:large, max-video-preview:-1\" \/>\n<link rel=\"canonical\" href=\"https:\/\/maisonessentielle.com\/produit\/la-parka-escapade-vert-sauge-cousue\/\" \/>\n<meta property=\"og:locale\" content=\"fr_FR\" \/>\n<meta property=\"og:type\" content=\"article\" \/>\n<meta property=\"og:title\" content=\"Parka Escapade, coupe vent long en toile parachute vert sauge\" \/>\n<meta property=\"og:description\" content=\"La parka Escapade est un coupe vent long, boutonn\u00e9, avec capuche et liens de serrage, elle est id\u00e9ale pour la mi-saison gr\u00e2ce \u00e0 sa toile parachute l\u00e9g\u00e8re vert sauge\" \/>\n<meta property=\"og:url\" content=\"https:\/\/maisonessentielle.com\/produit\/la-parka-escapade-vert-sauge-cousue\/\" \/>\n<meta property=\"og:site_name\" content=\"Maison Essentielle\" \/>\n<meta property=\"article:publisher\" content=\"https:\/\/www.facebook.com\/profile.php?id=61574309661771\" \/>\n<meta property=\"article:modified_time\" content=\"2026-04-29T07:43:33+00:00\" \/>\n<meta property=\"og:image\" content=\"https:\/\/maisonessentielle.com\/wp-content\/uploads\/2026\/03\/parka-escapade-longue-vert-sauge-maison-essentielle-1.jpg\" \/>\n\t<meta property=\"og:image:width\" content=\"1417\" \/>\n\t<meta property=\"og:image:height\" content=\"1890\" \/>\n\t<meta property=\"og:image:type\" content=\"image\/jpeg\" \/>\n<meta name=\"twitter:card\" content=\"summary_large_image\" \/>\n<meta name=\"twitter:label1\" content=\"Dur\u00e9e de lecture estim\u00e9e\" \/>\n\t<meta name=\"twitter:data1\" content=\"1 minute\" \/>\n<script type=\"application\/ld+json\" class=\"yoast-schema-graph\">{\"@context\":\"https:\\\/\\\/schema.org\",\"@graph\":[{\"@type\":\"WebPage\",\"@id\":\"https:\\\/\\\/maisonessentielle.com\\\/produit\\\/la-parka-escapade-vert-sauge-cousue\\\/\",\"url\":\"https:\\\/\\\/maisonessentielle.com\\\/produit\\\/la-parka-escapade-vert-sauge-cousue\\\/\",\"name\":\"Parka Escapade, coupe vent long en toile parachute vert sauge\",\"isPartOf\":{\"@id\":\"https:\\\/\\\/maisonessentielle.com\\\/#website\"},\"primaryImageOfPage\":{\"@id\":\"https:\\\/\\\/maisonessentielle.com\\\/produit\\\/la-parka-escapade-vert-sauge-cousue\\\/#primaryimage\"},\"image\":{\"@id\":\"https:\\\/\\\/maisonessentielle.com\\\/produit\\\/la-parka-escapade-vert-sauge-cousue\\\/#primaryimage\"},\"thumbnailUrl\":\"https:\\\/\\\/maisonessentielle.com\\\/wp-content\\\/uploads\\\/2026\\\/03\\\/parka-escapade-longue-vert-sauge-maison-essentielle-1.jpg\",\"datePublished\":\"2026-03-28T09:00:43+00:00\",\"dateModified\":\"2026-04-29T07:43:33+00:00\",\"description\":\"La parka Escapade est un coupe vent long, boutonn\u00e9, avec capuche et liens de serrage, elle est id\u00e9ale pour la mi-saison gr\u00e2ce \u00e0 sa toile parachute l\u00e9g\u00e8re vert sauge\",\"breadcrumb\":{\"@id\":\"https:\\\/\\\/maisonessentielle.com\\\/produit\\\/la-parka-escapade-vert-sauge-cousue\\\/#breadcrumb\"},\"inLanguage\":\"fr-FR\",\"potentialAction\":[{\"@type\":\"ReadAction\",\"target\":[\"https:\\\/\\\/maisonessentielle.com\\\/produit\\\/la-parka-escapade-vert-sauge-cousue\\\/\"]}]},{\"@type\":\"ImageObject\",\"inLanguage\":\"fr-FR\",\"@id\":\"https:\\\/\\\/maisonessentielle.com\\\/produit\\\/la-parka-escapade-vert-sauge-cousue\\\/#primaryimage\",\"url\":\"https:\\\/\\\/maisonessentielle.com\\\/wp-content\\\/uploads\\\/2026\\\/03\\\/parka-escapade-longue-vert-sauge-maison-essentielle-1.jpg\",\"contentUrl\":\"https:\\\/\\\/maisonessentielle.com\\\/wp-content\\\/uploads\\\/2026\\\/03\\\/parka-escapade-longue-vert-sauge-maison-essentielle-1.jpg\",\"width\":1417,\"height\":1890},{\"@type\":\"BreadcrumbList\",\"@id\":\"https:\\\/\\\/maisonessentielle.com\\\/produit\\\/la-parka-escapade-vert-sauge-cousue\\\/#breadcrumb\",\"itemListElement\":[{\"@type\":\"ListItem\",\"position\":1,\"name\":\"Accueil\",\"item\":\"https:\\\/\\\/maisonessentielle.com\\\/\"},{\"@type\":\"ListItem\",\"position\":2,\"name\":\"Produits Essentiels\",\"item\":\"https:\\\/\\\/maisonessentielle.com\\\/shop\\\/\"},{\"@type\":\"ListItem\",\"position\":3,\"name\":\"La parka Escapade vert sauge &#8211; cousue\"}]},{\"@type\":\"WebSite\",\"@id\":\"https:\\\/\\\/maisonessentielle.com\\\/#website\",\"url\":\"https:\\\/\\\/maisonessentielle.com\\\/\",\"name\":\"Maison Essentielle\",\"description\":\"Vestiaire essentiel \u00e0 coudre ou \u00e0 porter\",\"publisher\":{\"@id\":\"https:\\\/\\\/maisonessentielle.com\\\/#organization\"},\"potentialAction\":[{\"@type\":\"SearchAction\",\"target\":{\"@type\":\"EntryPoint\",\"urlTemplate\":\"https:\\\/\\\/maisonessentielle.com\\\/?s={search_term_string}\"},\"query-input\":{\"@type\":\"PropertyValueSpecification\",\"valueRequired\":true,\"valueName\":\"search_term_string\"}}],\"inLanguage\":\"fr-FR\"},{\"@type\":\"Organization\",\"@id\":\"https:\\\/\\\/maisonessentielle.com\\\/#organization\",\"name\":\"Maison Essentielle\",\"url\":\"https:\\\/\\\/maisonessentielle.com\\\/\",\"logo\":{\"@type\":\"ImageObject\",\"inLanguage\":\"fr-FR\",\"@id\":\"https:\\\/\\\/maisonessentielle.com\\\/#\\\/schema\\\/logo\\\/image\\\/\",\"url\":\"https:\\\/\\\/maisonessentielle.com\\\/wp-content\\\/uploads\\\/2022\\\/03\\\/MAISON-ESSENTIELLE_LOGO_facture-min.png\",\"contentUrl\":\"https:\\\/\\\/maisonessentielle.com\\\/wp-content\\\/uploads\\\/2022\\\/03\\\/MAISON-ESSENTIELLE_LOGO_facture-min.png\",\"width\":400,\"height\":57,\"caption\":\"Maison Essentielle\"},\"image\":{\"@id\":\"https:\\\/\\\/maisonessentielle.com\\\/#\\\/schema\\\/logo\\\/image\\\/\"},\"sameAs\":[\"https:\\\/\\\/www.facebook.com\\\/profile.php?id=61574309661771\",\"https:\\\/\\\/www.instagram.com\\\/maison_essentielle_\\\/\"]}]}<\/script>\n<!-- \/ Yoast SEO plugin. -->","yoast_head_json":{"title":"Parka Escapade, coupe vent long en toile parachute vert sauge","description":"La parka Escapade est un coupe vent long, boutonn\u00e9, avec capuche et liens de serrage, elle est id\u00e9ale pour la mi-saison gr\u00e2ce \u00e0 sa toile parachute l\u00e9g\u00e8re vert sauge","robots":{"index":"index","follow":"follow","max-snippet":"max-snippet:-1","max-image-preview":"max-image-preview:large","max-video-preview":"max-video-preview:-1"},"canonical":"https:\/\/maisonessentielle.com\/produit\/la-parka-escapade-vert-sauge-cousue\/","og_locale":"fr_FR","og_type":"article","og_title":"Parka Escapade, coupe vent long en toile parachute vert sauge","og_description":"La parka Escapade est un coupe vent long, boutonn\u00e9, avec capuche et liens de serrage, elle est id\u00e9ale pour la mi-saison gr\u00e2ce \u00e0 sa toile parachute l\u00e9g\u00e8re vert sauge","og_url":"https:\/\/maisonessentielle.com\/produit\/la-parka-escapade-vert-sauge-cousue\/","og_site_name":"Maison Essentielle","article_publisher":"https:\/\/www.facebook.com\/profile.php?id=61574309661771","article_modified_time":"2026-04-29T07:43:33+00:00","og_image":[{"width":1417,"height":1890,"url":"https:\/\/maisonessentielle.com\/wp-content\/uploads\/2026\/03\/parka-escapade-longue-vert-sauge-maison-essentielle-1.jpg","type":"image\/jpeg"}],"twitter_card":"summary_large_image","twitter_misc":{"Dur\u00e9e de lecture estim\u00e9e":"1 minute"},"schema":{"@context":"https:\/\/schema.org","@graph":[{"@type":"WebPage","@id":"https:\/\/maisonessentielle.com\/produit\/la-parka-escapade-vert-sauge-cousue\/","url":"https:\/\/maisonessentielle.com\/produit\/la-parka-escapade-vert-sauge-cousue\/","name":"Parka Escapade, coupe vent long en toile parachute vert sauge","isPartOf":{"@id":"https:\/\/maisonessentielle.com\/#website"},"primaryImageOfPage":{"@id":"https:\/\/maisonessentielle.com\/produit\/la-parka-escapade-vert-sauge-cousue\/#primaryimage"},"image":{"@id":"https:\/\/maisonessentielle.com\/produit\/la-parka-escapade-vert-sauge-cousue\/#primaryimage"},"thumbnailUrl":"https:\/\/maisonessentielle.com\/wp-content\/uploads\/2026\/03\/parka-escapade-longue-vert-sauge-maison-essentielle-1.jpg","datePublished":"2026-03-28T09:00:43+00:00","dateModified":"2026-04-29T07:43:33+00:00","description":"La parka Escapade est un coupe vent long, boutonn\u00e9, avec capuche et liens de serrage, elle est id\u00e9ale pour la mi-saison gr\u00e2ce \u00e0 sa toile parachute l\u00e9g\u00e8re vert sauge","breadcrumb":{"@id":"https:\/\/maisonessentielle.com\/produit\/la-parka-escapade-vert-sauge-cousue\/#breadcrumb"},"inLanguage":"fr-FR","potentialAction":[{"@type":"ReadAction","target":["https:\/\/maisonessentielle.com\/produit\/la-parka-escapade-vert-sauge-cousue\/"]}]},{"@type":"ImageObject","inLanguage":"fr-FR","@id":"https:\/\/maisonessentielle.com\/produit\/la-parka-escapade-vert-sauge-cousue\/#primaryimage","url":"https:\/\/maisonessentielle.com\/wp-content\/uploads\/2026\/03\/parka-escapade-longue-vert-sauge-maison-essentielle-1.jpg","contentUrl":"https:\/\/maisonessentielle.com\/wp-content\/uploads\/2026\/03\/parka-escapade-longue-vert-sauge-maison-essentielle-1.jpg","width":1417,"height":1890},{"@type":"BreadcrumbList","@id":"https:\/\/maisonessentielle.com\/produit\/la-parka-escapade-vert-sauge-cousue\/#breadcrumb","itemListElement":[{"@type":"ListItem","position":1,"name":"Accueil","item":"https:\/\/maisonessentielle.com\/"},{"@type":"ListItem","position":2,"name":"Produits Essentiels","item":"https:\/\/maisonessentielle.com\/shop\/"},{"@type":"ListItem","position":3,"name":"La parka Escapade vert sauge &#8211; cousue"}]},{"@type":"WebSite","@id":"https:\/\/maisonessentielle.com\/#website","url":"https:\/\/maisonessentielle.com\/","name":"Maison Essentielle","description":"Vestiaire essentiel \u00e0 coudre ou \u00e0 porter","publisher":{"@id":"https:\/\/maisonessentielle.com\/#organization"},"potentialAction":[{"@type":"SearchAction","target":{"@type":"EntryPoint","urlTemplate":"https:\/\/maisonessentielle.com\/?s={search_term_string}"},"query-input":{"@type":"PropertyValueSpecification","valueRequired":true,"valueName":"search_term_string"}}],"inLanguage":"fr-FR"},{"@type":"Organization","@id":"https:\/\/maisonessentielle.com\/#organization","name":"Maison Essentielle","url":"https:\/\/maisonessentielle.com\/","logo":{"@type":"ImageObject","inLanguage":"fr-FR","@id":"https:\/\/maisonessentielle.com\/#\/schema\/logo\/image\/","url":"https:\/\/maisonessentielle.com\/wp-content\/uploads\/2022\/03\/MAISON-ESSENTIELLE_LOGO_facture-min.png","contentUrl":"https:\/\/maisonessentielle.com\/wp-content\/uploads\/2022\/03\/MAISON-ESSENTIELLE_LOGO_facture-min.png","width":400,"height":57,"caption":"Maison Essentielle"},"image":{"@id":"https:\/\/maisonessentielle.com\/#\/schema\/logo\/image\/"},"sameAs":["https:\/\/www.facebook.com\/profile.php?id=61574309661771","https:\/\/www.instagram.com\/maison_essentielle_\/"]}]}},"_links":{"self":[{"href":"https:\/\/maisonessentielle.com\/wp-json\/wp\/v2\/product\/61950","targetHints":{"allow":["GET"]}}],"collection":[{"href":"https:\/\/maisonessentielle.com\/wp-json\/wp\/v2\/product"}],"about":[{"href":"https:\/\/maisonessentielle.com\/wp-json\/wp\/v2\/types\/product"}],"replies":[{"embeddable":true,"href":"https:\/\/maisonessentielle.com\/wp-json\/wp\/v2\/comments?post=61950"}],"version-history":[{"count":3,"href":"https:\/\/maisonessentielle.com\/wp-json\/wp\/v2\/product\/61950\/revisions"}],"predecessor-version":[{"id":62172,"href":"https:\/\/maisonessentielle.com\/wp-json\/wp\/v2\/product\/61950\/revisions\/62172"}],"wp:featuredmedia":[{"embeddable":true,"href":"https:\/\/maisonessentielle.com\/wp-json\/wp\/v2\/media\/61648"}],"wp:attachment":[{"href":"https:\/\/maisonessentielle.com\/wp-json\/wp\/v2\/media?parent=61950"}],"wp:term":[{"taxonomy":"product_brand","embeddable":true,"href":"https:\/\/maisonessentielle.com\/wp-json\/wp\/v2\/product_brand?post=61950"},{"taxonomy":"product_cat","embeddable":true,"href":"https:\/\/maisonessentielle.com\/wp-json\/wp\/v2\/product_cat?post=61950"},{"taxonomy":"product_tag","embeddable":true,"href":"https:\/\/maisonessentielle.com\/wp-json\/wp\/v2\/product_tag?post=61950"}],"curies":[{"name":"wp","href":"https:\/\/api.w.org\/{rel}","templated":true}]}}