{"id":61813,"date":"2026-03-28T10:00:38","date_gmt":"2026-03-28T09:00:38","guid":{"rendered":"https:\/\/maisonessentielle.com\/?post_type=product&#038;p=61813"},"modified":"2026-04-21T13:57:32","modified_gmt":"2026-04-21T11:57:32","slug":"le-top-marcy-manches-courtes-en-eponge-cacao-cousu","status":"publish","type":"product","link":"https:\/\/maisonessentielle.com\/produit\/le-top-marcy-manches-courtes-en-eponge-cacao-cousu\/","title":{"rendered":"Le top Marcy manches courtes en \u00e9ponge cacao &#8211; cousu"},"content":{"rendered":"<h1><strong>Choisissez votre taille en vous r\u00e9f\u00e9rant \u00e0 ce tableau de mensurations (mesure en cm &#8211; stature 1,65m)<\/strong><\/h1>\n<p>&nbsp;<\/p>\n<table>\n<tbody>\n<tr>\n<td><b>Taille<\/b><\/td>\n<td><b>XS<\/b><\/td>\n<td><b>S<\/b><\/td>\n<td><b>M<\/b><\/td>\n<td><b>L<\/b><\/td>\n<td><b>XL<\/b><\/td>\n<\/tr>\n<tr>\n<td><b>Tour de poitrine<\/b><\/td>\n<td><span style=\"font-weight: 400;\">78-82<\/span><\/td>\n<td><span style=\"font-weight: 400;\">82-86<\/span><\/td>\n<td><span style=\"font-weight: 400;\">86-94<\/span><\/td>\n<td><span style=\"font-weight: 400;\">94-102<\/span><\/td>\n<td><span style=\"font-weight: 400;\">102-110<\/span><\/td>\n<\/tr>\n<tr>\n<td><b>Tour de taille<\/b><\/td>\n<td><span style=\"font-weight: 400;\">64-68<\/span><\/td>\n<td><span style=\"font-weight: 400;\">68-72<\/span><\/td>\n<td><span style=\"font-weight: 400;\">72-80<\/span><\/td>\n<td><span style=\"font-weight: 400;\">80-88<\/span><\/td>\n<td><span style=\"font-weight: 400;\">88-96<\/span><\/td>\n<\/tr>\n<tr>\n<td><b>Tour de hanches<\/b><\/td>\n<td><span style=\"font-weight: 400;\">84-88<\/span><\/td>\n<td><span style=\"font-weight: 400;\">88-92<\/span><\/td>\n<td><span style=\"font-weight: 400;\">92-100<\/span><\/td>\n<td><span style=\"font-weight: 400;\">100-108<\/span><\/td>\n<td><span style=\"font-weight: 400;\">108-116<\/span><\/td>\n<\/tr>\n<\/tbody>\n<\/table>\n<p style=\"text-align: center;\"><strong>Partagez nous votre look sur les r\u00e9seaux sociaux #letopmarcy @maison_essentielle_<\/strong><\/p>\n","protected":false},"excerpt":{"rendered":"<p>&nbsp;<\/p>\n<h2>Notre top Marcy manches courtes fronc\u00e9es en \u00e9ponge fine cacao avec encolure contrast\u00e9e<\/h2>\n<p><b>Le top Marcy est une pi\u00e8ce minimaliste et intemporelle, sa manche fronc\u00e9e fait toute la diff\u00e9rence. Pr\u00e8s du corps tout en \u00e9tant confortable et \u00e9pur\u00e9 tout en \u00e9tant \u00e9l\u00e9gant, le top Marcy manches courtes est r\u00e9alis\u00e9 dans une \u00e9ponge fine cacao avec une encolure c\u00f4tel\u00e9e \u00e9crue pour contraster, id\u00e9al pour les beaux jours.<\/b><\/p>\n<p><strong>Mati\u00e8re :<\/strong>\u00a0\u00e9ponge cacao souple et douce, <strong>80% coton\/20% polyester Oekotex, bord-c\u00f4tes c\u00f4tel\u00e9 \u00e9cru 95% coton\/5% \u00e9lasthanne<\/strong><\/p>\n<p><strong>Conseils d&rsquo;entretien : Lavage<\/strong> en machine \u00e0 30\u00b0 &#8211; <strong>Pas de s\u00e8che linge<\/strong> &#8211; <strong>Repassage<\/strong> doux<\/p>\n<p>&nbsp;<\/p>\n<h2>Conseil taille pour choisir votre top Marcy<\/h2>\n<p>R\u00e9f\u00e9rez vous au tableau de mensurations en bas de page et consultez <a href=\"https:\/\/maisonessentielle.com\/index.php\/guide-des-tailles\/\"><strong>notre guide des tailles<\/strong><\/a> pour choisir la taille qui vous convient. <em>Val\u00e9rie (1,65m \/ 86-72-90)<\/em> porte la taille 36.<\/p>\n<h2><\/h2>\n<h2><strong>Confection made in France<\/strong><\/h2>\n","protected":false},"featured_media":61678,"comment_status":"open","ping_status":"closed","template":"","meta":{"_acf_changed":false,"site-sidebar-layout":"default","site-content-layout":"default","ast-site-content-layout":"default","site-content-style":"default","site-sidebar-style":"default","ast-global-header-display":"","ast-banner-title-visibility":"","ast-main-header-display":"","ast-hfb-above-header-display":"","ast-hfb-below-header-display":"","ast-hfb-mobile-header-display":"","site-post-title":"","ast-breadcrumbs-content":"","ast-featured-img":"","footer-sml-layout":"","ast-disable-related-posts":"","theme-transparent-header-meta":"default","adv-header-id-meta":"","stick-header-meta":"default","header-above-stick-meta":"","header-main-stick-meta":"","header-below-stick-meta":"","astra-migrate-meta-layouts":"set","ast-page-background-enabled":"default","ast-page-background-meta":{"desktop":{"background-color":"","background-image":"","background-repeat":"repeat","background-position":"center center","background-size":"auto","background-attachment":"scroll","background-type":"","background-media":"","overlay-type":"","overlay-color":"","overlay-opacity":"","overlay-gradient":""},"tablet":{"background-color":"","background-image":"","background-repeat":"repeat","background-position":"center center","background-size":"auto","background-attachment":"scroll","background-type":"","background-media":"","overlay-type":"","overlay-color":"","overlay-opacity":"","overlay-gradient":""},"mobile":{"background-color":"","background-image":"","background-repeat":"repeat","background-position":"center center","background-size":"auto","background-attachment":"scroll","background-type":"","background-media":"","overlay-type":"","overlay-color":"","overlay-opacity":"","overlay-gradient":""}},"ast-content-background-meta":{"desktop":{"background-color":"var(--ast-global-color-5)","background-image":"","background-repeat":"repeat","background-position":"center center","background-size":"auto","background-attachment":"scroll","background-type":"","background-media":"","overlay-type":"","overlay-color":"","overlay-opacity":"","overlay-gradient":""},"tablet":{"background-color":"var(--ast-global-color-5)","background-image":"","background-repeat":"repeat","background-position":"center center","background-size":"auto","background-attachment":"scroll","background-type":"","background-media":"","overlay-type":"","overlay-color":"","overlay-opacity":"","overlay-gradient":""},"mobile":{"background-color":"var(--ast-global-color-5)","background-image":"","background-repeat":"repeat","background-position":"center center","background-size":"auto","background-attachment":"scroll","background-type":"","background-media":"","overlay-type":"","overlay-color":"","overlay-opacity":"","overlay-gradient":""}}},"product_brand":[],"product_cat":[390,215],"product_tag":[],"class_list":{"0":"post-61813","1":"product","2":"type-product","3":"status-publish","4":"has-post-thumbnail","6":"product_cat-les-hauts","7":"product_cat-vestiaire-cousu-en-france","8":"desktop-align-center","9":"tablet-align-center","10":"mobile-align-center","11":"ast-product-gallery-layout-horizontal","12":"ast-magnify-disabled","13":"ast-product-single-variable","14":"ast-product-tabs-layout-horizontal","16":"first","17":"instock","18":"taxable","19":"shipping-taxable","20":"purchasable","21":"product-type-variable"},"acf":[],"yoast_head":"<!-- This site is optimized with the Yoast SEO plugin v27.3 - https:\/\/yoast.com\/product\/yoast-seo-wordpress\/ -->\n<title>Top manches courtes \u00e9paules fronc\u00e9es en \u00e9ponge cacao<\/title>\n<meta name=\"description\" content=\"Un top manches courtes, \u00e9paules fronc\u00e9es, \u00e0 la coupe ajust\u00e9e, confortable et \u00e9l\u00e9gant en \u00e9ponge cacao\" \/>\n<meta name=\"robots\" content=\"index, follow, max-snippet:-1, max-image-preview:large, max-video-preview:-1\" \/>\n<link rel=\"canonical\" href=\"https:\/\/maisonessentielle.com\/produit\/le-top-marcy-manches-courtes-en-eponge-cacao-cousu\/\" \/>\n<meta property=\"og:locale\" content=\"fr_FR\" \/>\n<meta property=\"og:type\" content=\"article\" \/>\n<meta property=\"og:title\" content=\"Top manches courtes \u00e9paules fronc\u00e9es en \u00e9ponge cacao\" \/>\n<meta property=\"og:description\" content=\"Un top manches courtes, \u00e9paules fronc\u00e9es, \u00e0 la coupe ajust\u00e9e, confortable et \u00e9l\u00e9gant en \u00e9ponge cacao\" \/>\n<meta property=\"og:url\" content=\"https:\/\/maisonessentielle.com\/produit\/le-top-marcy-manches-courtes-en-eponge-cacao-cousu\/\" \/>\n<meta property=\"og:site_name\" content=\"Maison Essentielle\" \/>\n<meta property=\"article:publisher\" content=\"https:\/\/www.facebook.com\/profile.php?id=61574309661771\" \/>\n<meta property=\"article:modified_time\" content=\"2026-04-21T11:57:32+00:00\" \/>\n<meta property=\"og:image\" content=\"https:\/\/maisonessentielle.com\/wp-content\/uploads\/2026\/03\/top-marcy-et-jupe-eponge-cacao-maison-essentielle-2.jpg\" \/>\n\t<meta property=\"og:image:width\" content=\"1417\" \/>\n\t<meta property=\"og:image:height\" content=\"1890\" \/>\n\t<meta property=\"og:image:type\" content=\"image\/jpeg\" \/>\n<meta name=\"twitter:card\" content=\"summary_large_image\" \/>\n<meta name=\"twitter:label1\" content=\"Dur\u00e9e de lecture estim\u00e9e\" \/>\n\t<meta name=\"twitter:data1\" content=\"1 minute\" \/>\n<script type=\"application\/ld+json\" class=\"yoast-schema-graph\">{\"@context\":\"https:\\\/\\\/schema.org\",\"@graph\":[{\"@type\":\"WebPage\",\"@id\":\"https:\\\/\\\/maisonessentielle.com\\\/produit\\\/le-top-marcy-manches-courtes-en-eponge-cacao-cousu\\\/\",\"url\":\"https:\\\/\\\/maisonessentielle.com\\\/produit\\\/le-top-marcy-manches-courtes-en-eponge-cacao-cousu\\\/\",\"name\":\"Top manches courtes \u00e9paules fronc\u00e9es en \u00e9ponge cacao\",\"isPartOf\":{\"@id\":\"https:\\\/\\\/maisonessentielle.com\\\/#website\"},\"primaryImageOfPage\":{\"@id\":\"https:\\\/\\\/maisonessentielle.com\\\/produit\\\/le-top-marcy-manches-courtes-en-eponge-cacao-cousu\\\/#primaryimage\"},\"image\":{\"@id\":\"https:\\\/\\\/maisonessentielle.com\\\/produit\\\/le-top-marcy-manches-courtes-en-eponge-cacao-cousu\\\/#primaryimage\"},\"thumbnailUrl\":\"https:\\\/\\\/maisonessentielle.com\\\/wp-content\\\/uploads\\\/2026\\\/03\\\/top-marcy-et-jupe-eponge-cacao-maison-essentielle-2.jpg\",\"datePublished\":\"2026-03-28T09:00:38+00:00\",\"dateModified\":\"2026-04-21T11:57:32+00:00\",\"description\":\"Un top manches courtes, \u00e9paules fronc\u00e9es, \u00e0 la coupe ajust\u00e9e, confortable et \u00e9l\u00e9gant en \u00e9ponge cacao\",\"breadcrumb\":{\"@id\":\"https:\\\/\\\/maisonessentielle.com\\\/produit\\\/le-top-marcy-manches-courtes-en-eponge-cacao-cousu\\\/#breadcrumb\"},\"inLanguage\":\"fr-FR\",\"potentialAction\":[{\"@type\":\"ReadAction\",\"target\":[\"https:\\\/\\\/maisonessentielle.com\\\/produit\\\/le-top-marcy-manches-courtes-en-eponge-cacao-cousu\\\/\"]}]},{\"@type\":\"ImageObject\",\"inLanguage\":\"fr-FR\",\"@id\":\"https:\\\/\\\/maisonessentielle.com\\\/produit\\\/le-top-marcy-manches-courtes-en-eponge-cacao-cousu\\\/#primaryimage\",\"url\":\"https:\\\/\\\/maisonessentielle.com\\\/wp-content\\\/uploads\\\/2026\\\/03\\\/top-marcy-et-jupe-eponge-cacao-maison-essentielle-2.jpg\",\"contentUrl\":\"https:\\\/\\\/maisonessentielle.com\\\/wp-content\\\/uploads\\\/2026\\\/03\\\/top-marcy-et-jupe-eponge-cacao-maison-essentielle-2.jpg\",\"width\":1417,\"height\":1890},{\"@type\":\"BreadcrumbList\",\"@id\":\"https:\\\/\\\/maisonessentielle.com\\\/produit\\\/le-top-marcy-manches-courtes-en-eponge-cacao-cousu\\\/#breadcrumb\",\"itemListElement\":[{\"@type\":\"ListItem\",\"position\":1,\"name\":\"Accueil\",\"item\":\"https:\\\/\\\/maisonessentielle.com\\\/\"},{\"@type\":\"ListItem\",\"position\":2,\"name\":\"Produits Essentiels\",\"item\":\"https:\\\/\\\/maisonessentielle.com\\\/shop\\\/\"},{\"@type\":\"ListItem\",\"position\":3,\"name\":\"Le top Marcy manches courtes en \u00e9ponge cacao &#8211; cousu\"}]},{\"@type\":\"WebSite\",\"@id\":\"https:\\\/\\\/maisonessentielle.com\\\/#website\",\"url\":\"https:\\\/\\\/maisonessentielle.com\\\/\",\"name\":\"Maison Essentielle\",\"description\":\"Vestiaire essentiel \u00e0 coudre ou \u00e0 porter\",\"publisher\":{\"@id\":\"https:\\\/\\\/maisonessentielle.com\\\/#organization\"},\"potentialAction\":[{\"@type\":\"SearchAction\",\"target\":{\"@type\":\"EntryPoint\",\"urlTemplate\":\"https:\\\/\\\/maisonessentielle.com\\\/?s={search_term_string}\"},\"query-input\":{\"@type\":\"PropertyValueSpecification\",\"valueRequired\":true,\"valueName\":\"search_term_string\"}}],\"inLanguage\":\"fr-FR\"},{\"@type\":\"Organization\",\"@id\":\"https:\\\/\\\/maisonessentielle.com\\\/#organization\",\"name\":\"Maison Essentielle\",\"url\":\"https:\\\/\\\/maisonessentielle.com\\\/\",\"logo\":{\"@type\":\"ImageObject\",\"inLanguage\":\"fr-FR\",\"@id\":\"https:\\\/\\\/maisonessentielle.com\\\/#\\\/schema\\\/logo\\\/image\\\/\",\"url\":\"https:\\\/\\\/maisonessentielle.com\\\/wp-content\\\/uploads\\\/2022\\\/03\\\/MAISON-ESSENTIELLE_LOGO_facture-min.png\",\"contentUrl\":\"https:\\\/\\\/maisonessentielle.com\\\/wp-content\\\/uploads\\\/2022\\\/03\\\/MAISON-ESSENTIELLE_LOGO_facture-min.png\",\"width\":400,\"height\":57,\"caption\":\"Maison Essentielle\"},\"image\":{\"@id\":\"https:\\\/\\\/maisonessentielle.com\\\/#\\\/schema\\\/logo\\\/image\\\/\"},\"sameAs\":[\"https:\\\/\\\/www.facebook.com\\\/profile.php?id=61574309661771\",\"https:\\\/\\\/www.instagram.com\\\/maison_essentielle_\\\/\"]}]}<\/script>\n<!-- \/ Yoast SEO plugin. -->","yoast_head_json":{"title":"Top manches courtes \u00e9paules fronc\u00e9es en \u00e9ponge cacao","description":"Un top manches courtes, \u00e9paules fronc\u00e9es, \u00e0 la coupe ajust\u00e9e, confortable et \u00e9l\u00e9gant en \u00e9ponge cacao","robots":{"index":"index","follow":"follow","max-snippet":"max-snippet:-1","max-image-preview":"max-image-preview:large","max-video-preview":"max-video-preview:-1"},"canonical":"https:\/\/maisonessentielle.com\/produit\/le-top-marcy-manches-courtes-en-eponge-cacao-cousu\/","og_locale":"fr_FR","og_type":"article","og_title":"Top manches courtes \u00e9paules fronc\u00e9es en \u00e9ponge cacao","og_description":"Un top manches courtes, \u00e9paules fronc\u00e9es, \u00e0 la coupe ajust\u00e9e, confortable et \u00e9l\u00e9gant en \u00e9ponge cacao","og_url":"https:\/\/maisonessentielle.com\/produit\/le-top-marcy-manches-courtes-en-eponge-cacao-cousu\/","og_site_name":"Maison Essentielle","article_publisher":"https:\/\/www.facebook.com\/profile.php?id=61574309661771","article_modified_time":"2026-04-21T11:57:32+00:00","og_image":[{"width":1417,"height":1890,"url":"https:\/\/maisonessentielle.com\/wp-content\/uploads\/2026\/03\/top-marcy-et-jupe-eponge-cacao-maison-essentielle-2.jpg","type":"image\/jpeg"}],"twitter_card":"summary_large_image","twitter_misc":{"Dur\u00e9e de lecture estim\u00e9e":"1 minute"},"schema":{"@context":"https:\/\/schema.org","@graph":[{"@type":"WebPage","@id":"https:\/\/maisonessentielle.com\/produit\/le-top-marcy-manches-courtes-en-eponge-cacao-cousu\/","url":"https:\/\/maisonessentielle.com\/produit\/le-top-marcy-manches-courtes-en-eponge-cacao-cousu\/","name":"Top manches courtes \u00e9paules fronc\u00e9es en \u00e9ponge cacao","isPartOf":{"@id":"https:\/\/maisonessentielle.com\/#website"},"primaryImageOfPage":{"@id":"https:\/\/maisonessentielle.com\/produit\/le-top-marcy-manches-courtes-en-eponge-cacao-cousu\/#primaryimage"},"image":{"@id":"https:\/\/maisonessentielle.com\/produit\/le-top-marcy-manches-courtes-en-eponge-cacao-cousu\/#primaryimage"},"thumbnailUrl":"https:\/\/maisonessentielle.com\/wp-content\/uploads\/2026\/03\/top-marcy-et-jupe-eponge-cacao-maison-essentielle-2.jpg","datePublished":"2026-03-28T09:00:38+00:00","dateModified":"2026-04-21T11:57:32+00:00","description":"Un top manches courtes, \u00e9paules fronc\u00e9es, \u00e0 la coupe ajust\u00e9e, confortable et \u00e9l\u00e9gant en \u00e9ponge cacao","breadcrumb":{"@id":"https:\/\/maisonessentielle.com\/produit\/le-top-marcy-manches-courtes-en-eponge-cacao-cousu\/#breadcrumb"},"inLanguage":"fr-FR","potentialAction":[{"@type":"ReadAction","target":["https:\/\/maisonessentielle.com\/produit\/le-top-marcy-manches-courtes-en-eponge-cacao-cousu\/"]}]},{"@type":"ImageObject","inLanguage":"fr-FR","@id":"https:\/\/maisonessentielle.com\/produit\/le-top-marcy-manches-courtes-en-eponge-cacao-cousu\/#primaryimage","url":"https:\/\/maisonessentielle.com\/wp-content\/uploads\/2026\/03\/top-marcy-et-jupe-eponge-cacao-maison-essentielle-2.jpg","contentUrl":"https:\/\/maisonessentielle.com\/wp-content\/uploads\/2026\/03\/top-marcy-et-jupe-eponge-cacao-maison-essentielle-2.jpg","width":1417,"height":1890},{"@type":"BreadcrumbList","@id":"https:\/\/maisonessentielle.com\/produit\/le-top-marcy-manches-courtes-en-eponge-cacao-cousu\/#breadcrumb","itemListElement":[{"@type":"ListItem","position":1,"name":"Accueil","item":"https:\/\/maisonessentielle.com\/"},{"@type":"ListItem","position":2,"name":"Produits Essentiels","item":"https:\/\/maisonessentielle.com\/shop\/"},{"@type":"ListItem","position":3,"name":"Le top Marcy manches courtes en \u00e9ponge cacao &#8211; cousu"}]},{"@type":"WebSite","@id":"https:\/\/maisonessentielle.com\/#website","url":"https:\/\/maisonessentielle.com\/","name":"Maison Essentielle","description":"Vestiaire essentiel \u00e0 coudre ou \u00e0 porter","publisher":{"@id":"https:\/\/maisonessentielle.com\/#organization"},"potentialAction":[{"@type":"SearchAction","target":{"@type":"EntryPoint","urlTemplate":"https:\/\/maisonessentielle.com\/?s={search_term_string}"},"query-input":{"@type":"PropertyValueSpecification","valueRequired":true,"valueName":"search_term_string"}}],"inLanguage":"fr-FR"},{"@type":"Organization","@id":"https:\/\/maisonessentielle.com\/#organization","name":"Maison Essentielle","url":"https:\/\/maisonessentielle.com\/","logo":{"@type":"ImageObject","inLanguage":"fr-FR","@id":"https:\/\/maisonessentielle.com\/#\/schema\/logo\/image\/","url":"https:\/\/maisonessentielle.com\/wp-content\/uploads\/2022\/03\/MAISON-ESSENTIELLE_LOGO_facture-min.png","contentUrl":"https:\/\/maisonessentielle.com\/wp-content\/uploads\/2022\/03\/MAISON-ESSENTIELLE_LOGO_facture-min.png","width":400,"height":57,"caption":"Maison Essentielle"},"image":{"@id":"https:\/\/maisonessentielle.com\/#\/schema\/logo\/image\/"},"sameAs":["https:\/\/www.facebook.com\/profile.php?id=61574309661771","https:\/\/www.instagram.com\/maison_essentielle_\/"]}]}},"_links":{"self":[{"href":"https:\/\/maisonessentielle.com\/wp-json\/wp\/v2\/product\/61813","targetHints":{"allow":["GET"]}}],"collection":[{"href":"https:\/\/maisonessentielle.com\/wp-json\/wp\/v2\/product"}],"about":[{"href":"https:\/\/maisonessentielle.com\/wp-json\/wp\/v2\/types\/product"}],"replies":[{"embeddable":true,"href":"https:\/\/maisonessentielle.com\/wp-json\/wp\/v2\/comments?post=61813"}],"version-history":[{"count":3,"href":"https:\/\/maisonessentielle.com\/wp-json\/wp\/v2\/product\/61813\/revisions"}],"predecessor-version":[{"id":61926,"href":"https:\/\/maisonessentielle.com\/wp-json\/wp\/v2\/product\/61813\/revisions\/61926"}],"wp:featuredmedia":[{"embeddable":true,"href":"https:\/\/maisonessentielle.com\/wp-json\/wp\/v2\/media\/61678"}],"wp:attachment":[{"href":"https:\/\/maisonessentielle.com\/wp-json\/wp\/v2\/media?parent=61813"}],"wp:term":[{"taxonomy":"product_brand","embeddable":true,"href":"https:\/\/maisonessentielle.com\/wp-json\/wp\/v2\/product_brand?post=61813"},{"taxonomy":"product_cat","embeddable":true,"href":"https:\/\/maisonessentielle.com\/wp-json\/wp\/v2\/product_cat?post=61813"},{"taxonomy":"product_tag","embeddable":true,"href":"https:\/\/maisonessentielle.com\/wp-json\/wp\/v2\/product_tag?post=61813"}],"curies":[{"name":"wp","href":"https:\/\/api.w.org\/{rel}","templated":true}]}}