{"id":61470,"date":"2026-03-23T10:00:13","date_gmt":"2026-03-23T09:00:13","guid":{"rendered":"https:\/\/maisonessentielle.com\/?post_type=product&#038;p=61470"},"modified":"2026-04-30T15:24:49","modified_gmt":"2026-04-30T13:24:49","slug":"patron-la-parka-escapade","status":"publish","type":"product","link":"https:\/\/maisonessentielle.com\/produit\/patron-la-parka-escapade\/","title":{"rendered":"Patron la parka ESCAPADE"},"content":{"rendered":"<h2><strong>Choisissez votre taille en vous r\u00e9f\u00e9rant \u00e0 ce tableau de mensurations (mesures en cm \u2013 stature 1,65m)<\/strong><\/h2>\n<p>&nbsp;<\/p>\n<table>\n<tbody>\n<tr>\n<td><b>Taille<\/b><\/td>\n<td><b>XS<\/b><\/td>\n<td><b>S<\/b><\/td>\n<td><b>M<\/b><\/td>\n<td><b>L<\/b><\/td>\n<td><b>XL<\/b><\/td>\n<\/tr>\n<tr>\n<td><b>Tour de poitrine<\/b><\/td>\n<td>78-82<\/td>\n<td>82-86<\/td>\n<td>86-94<\/td>\n<td>94-102<\/td>\n<td>102-110<\/td>\n<\/tr>\n<tr>\n<td><b>Tour de taille<\/b><\/td>\n<td>64-68<\/td>\n<td>68-72<\/td>\n<td>72-80<\/td>\n<td>80-88<\/td>\n<td>88-96<\/td>\n<\/tr>\n<tr>\n<td><b>Tour de hanche<\/b><\/td>\n<td>84-88<\/td>\n<td>88-92<\/td>\n<td>92-100<\/td>\n<td>100-108<\/td>\n<td>108-116<\/td>\n<\/tr>\n<tr>\n<td><b>Version courte non doubl\u00e9e\u00a0<\/b><\/p>\n<p>Tissu laize 145 cm (cm)<\/td>\n<td>202<\/td>\n<td>204<\/td>\n<td>205<\/td>\n<td>208<\/td>\n<td>211<\/td>\n<\/tr>\n<tr>\n<td><b>Version longue non doubl\u00e9e<\/b><\/p>\n<p>Tissu laize 145 cm (cm)<\/td>\n<td>245<\/td>\n<td>247<\/td>\n<td>247,5<\/td>\n<td>279,5<\/td>\n<td>281,5<\/td>\n<\/tr>\n<tr>\n<td><b>Version longue doubl\u00e9es <\/b>(cm)<\/p>\n<p>Tissu laize 145 cm<\/p>\n<p>Doublure laize 140 (cm)<\/td>\n<td>227<\/p>\n<p>+ 227<\/td>\n<td>228,5<\/p>\n<p>+ 228,5<\/td>\n<td>229,5<\/p>\n<p>+229,5<\/td>\n<td>230,5<\/p>\n<p>+230,5<\/td>\n<td>233<\/p>\n<p>+251,5<\/td>\n<\/tr>\n<\/tbody>\n<\/table>\n<p>&nbsp;<\/p>\n","protected":false},"excerpt":{"rendered":"<h2><\/h2>\n<h2>Escapade, une parka l\u00e9g\u00e8re avec capuche, d\u00e9clinable courte ou longue<\/h2>\n<p><strong>La parka Escapade est un patron de couture niveau facile\/interm\u00e9diaire pour coudre<\/strong> <strong>la veste parfaite pour vous suivre partout.<\/strong> <strong>Avec sa coupe moderne et flatteuse, elle tombe impeccablement et s\u2019adapte \u00e0 toutes les silhouettes<\/strong>. <strong>Disponible en version courte ou longue, doubl\u00e9e ou non, elle mixe style et praticit\u00e9 : capuche avec lien de serrage, poches plaqu\u00e9es avec revers, poignets \u00e9lastiqu\u00e9s. Une pi\u00e8ce facile \u00e0 porter, pens\u00e9e pour devenir un vrai indispensable du quotidien.<\/strong><\/p>\n<p>C\u00f4t\u00e9 couture, c\u2019est un projet accessible et motivant. Vous apprendrez \u00e0 <strong>coudre une capuche doubl\u00e9e avec lien de serrage, \u00e0 choisir votre finition d\u2019encolure (biais ou enforme) et \u00e0 r\u00e9aliser des poches plaqu\u00e9es ou poches prises en couture<\/strong>. Un mod\u00e8le modulable, parfait pour progresser tout en se faisant plaisir.<\/p>\n<p>&nbsp;<\/p>\n<h2>Caract\u00e9ristiques de notre patron la parka Escapade<\/h2>\n<p><strong>Patron pochette papier valeurs de couture incluses : <\/strong>p<span style=\"font-size: 16px;\">atron A0 \u00e0 taille r\u00e9elle du XS au XL + <\/span><strong style=\"font-size: 16px;\">guide de montage<\/strong><\/p>\n<p><strong>Niveau de couture facile \u00e0 interm\u00e9diaire<\/strong><\/p>\n<p><strong>Temps de r\u00e9alisation<\/strong> : 2h30 \u00e0 3h30<\/p>\n<p><strong>Tissus conseill\u00e9s : <\/strong>pour le tissu principal : toile parachute, lin enduit, cir\u00e9, gabardine \/ pour le tissu doublure : coton, seersucker<\/p>\n<p>D\u00e9couvrez <strong>les tissus et les accessoires de mercerie<\/strong> pour coudre la blouse Allure dans la cat\u00e9gorie<a href=\"https:\/\/maisonessentielle.com\/index.php\/categorie-produit\/vestiaire-a-coudre\/kit-de-couture-adulte\/\"> <b>KITS DE COUTURE<\/b><\/a><\/p>\n<p><strong>Conseil taille pour coudre votre parka : <\/strong>Escapade est un mod\u00e8le qui taille normalement et se porte ample, <em>Val\u00e9rie (1,65 m \/ 85-72-92) porte la taille S. <\/em><strong>Trouvez la taille id\u00e9ale en consultant <a href=\"https:\/\/maisonessentielle.com\/index.php\/guide-des-tailles\/\">notre guide des tailles<\/a>.<\/strong><\/p>\n<h2>Coudre facilement la parka Escapade<a href=\"https:\/\/maisonessentielle.com\/index.php\/accueil\/videos-de-montage\/\">\u00a0avec notre tuto couture et vid\u00e9o de montage<\/a><\/h2>\n<p><iframe title=\"YouTube video player\" src=\"https:\/\/www.youtube.com\/embed\/B0WY6i_q_QE?si=fWgP3IYikoqfo3nK\" width=\"560\" height=\"315\" frameborder=\"0\" allowfullscreen=\"allowfullscreen\"><\/iframe><\/p>\n<p>&nbsp;<\/p>\n<p><iframe title=\"YouTube video player\" src=\"https:\/\/www.youtube.com\/embed\/cb4zXJCS39s?si=DmoyZ1HQxVUU1xAU\" width=\"560\" height=\"315\" frameborder=\"0\" allowfullscreen=\"allowfullscreen\"><\/iframe><\/p>\n","protected":false},"featured_media":61824,"comment_status":"open","ping_status":"closed","template":"","meta":{"_acf_changed":false,"site-sidebar-layout":"default","site-content-layout":"default","ast-site-content-layout":"default","site-content-style":"default","site-sidebar-style":"default","ast-global-header-display":"","ast-banner-title-visibility":"","ast-main-header-display":"","ast-hfb-above-header-display":"","ast-hfb-below-header-display":"","ast-hfb-mobile-header-display":"","site-post-title":"","ast-breadcrumbs-content":"","ast-featured-img":"","footer-sml-layout":"","ast-disable-related-posts":"","theme-transparent-header-meta":"default","adv-header-id-meta":"","stick-header-meta":"default","header-above-stick-meta":"","header-main-stick-meta":"","header-below-stick-meta":"","astra-migrate-meta-layouts":"set","ast-page-background-enabled":"default","ast-page-background-meta":{"desktop":{"background-color":"","background-image":"","background-repeat":"repeat","background-position":"center center","background-size":"auto","background-attachment":"scroll","background-type":"","background-media":"","overlay-type":"","overlay-color":"","overlay-opacity":"","overlay-gradient":""},"tablet":{"background-color":"","background-image":"","background-repeat":"repeat","background-position":"center center","background-size":"auto","background-attachment":"scroll","background-type":"","background-media":"","overlay-type":"","overlay-color":"","overlay-opacity":"","overlay-gradient":""},"mobile":{"background-color":"","background-image":"","background-repeat":"repeat","background-position":"center center","background-size":"auto","background-attachment":"scroll","background-type":"","background-media":"","overlay-type":"","overlay-color":"","overlay-opacity":"","overlay-gradient":""}},"ast-content-background-meta":{"desktop":{"background-color":"var(--ast-global-color-5)","background-image":"","background-repeat":"repeat","background-position":"center center","background-size":"auto","background-attachment":"scroll","background-type":"","background-media":"","overlay-type":"","overlay-color":"","overlay-opacity":"","overlay-gradient":""},"tablet":{"background-color":"var(--ast-global-color-5)","background-image":"","background-repeat":"repeat","background-position":"center center","background-size":"auto","background-attachment":"scroll","background-type":"","background-media":"","overlay-type":"","overlay-color":"","overlay-opacity":"","overlay-gradient":""},"mobile":{"background-color":"var(--ast-global-color-5)","background-image":"","background-repeat":"repeat","background-position":"center center","background-size":"auto","background-attachment":"scroll","background-type":"","background-media":"","overlay-type":"","overlay-color":"","overlay-opacity":"","overlay-gradient":""}}},"product_brand":[],"product_cat":[197,214],"product_tag":[],"class_list":{"0":"post-61470","1":"product","2":"type-product","3":"status-publish","4":"has-post-thumbnail","6":"product_cat-patrons-couture-pochette","7":"product_cat-vestiaire-a-coudre","8":"desktop-align-center","9":"tablet-align-center","10":"mobile-align-center","11":"ast-product-gallery-layout-horizontal","12":"ast-magnify-disabled","13":"ast-product-tabs-layout-horizontal","15":"first","16":"instock","17":"taxable","18":"shipping-taxable","19":"purchasable","20":"product-type-simple"},"acf":[],"yoast_head":"<!-- This site is optimized with the Yoast SEO plugin v27.3 - https:\/\/yoast.com\/product\/yoast-seo-wordpress\/ -->\n<title>Patron de couture la parka Escapade, facile \u00e0 coudre<\/title>\n<meta name=\"description\" content=\"Escapade est un patron de couture niveau interm\u00e9diaire pour coudre une parka coupe vent mi-saison avec capuche, en version longue ou courte.\" \/>\n<meta name=\"robots\" content=\"index, follow, max-snippet:-1, max-image-preview:large, max-video-preview:-1\" \/>\n<link rel=\"canonical\" href=\"https:\/\/maisonessentielle.com\/produit\/patron-la-parka-escapade\/\" \/>\n<meta property=\"og:locale\" content=\"fr_FR\" \/>\n<meta property=\"og:type\" content=\"article\" \/>\n<meta property=\"og:title\" content=\"Patron de couture la parka Escapade, facile \u00e0 coudre\" \/>\n<meta property=\"og:description\" content=\"Escapade est un patron de couture niveau interm\u00e9diaire pour coudre une parka coupe vent mi-saison avec capuche, en version longue ou courte.\" \/>\n<meta property=\"og:url\" content=\"https:\/\/maisonessentielle.com\/produit\/patron-la-parka-escapade\/\" \/>\n<meta property=\"og:site_name\" content=\"Maison Essentielle\" \/>\n<meta property=\"article:publisher\" content=\"https:\/\/www.facebook.com\/profile.php?id=61574309661771\" \/>\n<meta property=\"article:modified_time\" content=\"2026-04-30T13:24:49+00:00\" \/>\n<meta property=\"og:image\" content=\"https:\/\/maisonessentielle.com\/wp-content\/uploads\/2026\/03\/image0-20.jpeg\" \/>\n\t<meta property=\"og:image:width\" content=\"1920\" \/>\n\t<meta property=\"og:image:height\" content=\"2560\" \/>\n\t<meta property=\"og:image:type\" content=\"image\/jpeg\" \/>\n<meta name=\"twitter:card\" content=\"summary_large_image\" \/>\n<meta name=\"twitter:label1\" content=\"Dur\u00e9e de lecture estim\u00e9e\" \/>\n\t<meta name=\"twitter:data1\" content=\"1 minute\" \/>\n<script type=\"application\/ld+json\" class=\"yoast-schema-graph\">{\"@context\":\"https:\\\/\\\/schema.org\",\"@graph\":[{\"@type\":\"WebPage\",\"@id\":\"https:\\\/\\\/maisonessentielle.com\\\/produit\\\/patron-la-parka-escapade\\\/\",\"url\":\"https:\\\/\\\/maisonessentielle.com\\\/produit\\\/patron-la-parka-escapade\\\/\",\"name\":\"Patron de couture la parka Escapade, facile \u00e0 coudre\",\"isPartOf\":{\"@id\":\"https:\\\/\\\/maisonessentielle.com\\\/#website\"},\"primaryImageOfPage\":{\"@id\":\"https:\\\/\\\/maisonessentielle.com\\\/produit\\\/patron-la-parka-escapade\\\/#primaryimage\"},\"image\":{\"@id\":\"https:\\\/\\\/maisonessentielle.com\\\/produit\\\/patron-la-parka-escapade\\\/#primaryimage\"},\"thumbnailUrl\":\"https:\\\/\\\/maisonessentielle.com\\\/wp-content\\\/uploads\\\/2026\\\/03\\\/image0-20.jpeg\",\"datePublished\":\"2026-03-23T09:00:13+00:00\",\"dateModified\":\"2026-04-30T13:24:49+00:00\",\"description\":\"Escapade est un patron de couture niveau interm\u00e9diaire pour coudre une parka coupe vent mi-saison avec capuche, en version longue ou courte.\",\"breadcrumb\":{\"@id\":\"https:\\\/\\\/maisonessentielle.com\\\/produit\\\/patron-la-parka-escapade\\\/#breadcrumb\"},\"inLanguage\":\"fr-FR\",\"potentialAction\":[{\"@type\":\"ReadAction\",\"target\":[\"https:\\\/\\\/maisonessentielle.com\\\/produit\\\/patron-la-parka-escapade\\\/\"]}]},{\"@type\":\"ImageObject\",\"inLanguage\":\"fr-FR\",\"@id\":\"https:\\\/\\\/maisonessentielle.com\\\/produit\\\/patron-la-parka-escapade\\\/#primaryimage\",\"url\":\"https:\\\/\\\/maisonessentielle.com\\\/wp-content\\\/uploads\\\/2026\\\/03\\\/image0-20.jpeg\",\"contentUrl\":\"https:\\\/\\\/maisonessentielle.com\\\/wp-content\\\/uploads\\\/2026\\\/03\\\/image0-20.jpeg\",\"width\":1920,\"height\":2560},{\"@type\":\"BreadcrumbList\",\"@id\":\"https:\\\/\\\/maisonessentielle.com\\\/produit\\\/patron-la-parka-escapade\\\/#breadcrumb\",\"itemListElement\":[{\"@type\":\"ListItem\",\"position\":1,\"name\":\"Accueil\",\"item\":\"https:\\\/\\\/maisonessentielle.com\\\/\"},{\"@type\":\"ListItem\",\"position\":2,\"name\":\"Produits Essentiels\",\"item\":\"https:\\\/\\\/maisonessentielle.com\\\/shop\\\/\"},{\"@type\":\"ListItem\",\"position\":3,\"name\":\"Patron la parka ESCAPADE\"}]},{\"@type\":\"WebSite\",\"@id\":\"https:\\\/\\\/maisonessentielle.com\\\/#website\",\"url\":\"https:\\\/\\\/maisonessentielle.com\\\/\",\"name\":\"Maison Essentielle\",\"description\":\"Vestiaire essentiel \u00e0 coudre ou \u00e0 porter\",\"publisher\":{\"@id\":\"https:\\\/\\\/maisonessentielle.com\\\/#organization\"},\"potentialAction\":[{\"@type\":\"SearchAction\",\"target\":{\"@type\":\"EntryPoint\",\"urlTemplate\":\"https:\\\/\\\/maisonessentielle.com\\\/?s={search_term_string}\"},\"query-input\":{\"@type\":\"PropertyValueSpecification\",\"valueRequired\":true,\"valueName\":\"search_term_string\"}}],\"inLanguage\":\"fr-FR\"},{\"@type\":\"Organization\",\"@id\":\"https:\\\/\\\/maisonessentielle.com\\\/#organization\",\"name\":\"Maison Essentielle\",\"url\":\"https:\\\/\\\/maisonessentielle.com\\\/\",\"logo\":{\"@type\":\"ImageObject\",\"inLanguage\":\"fr-FR\",\"@id\":\"https:\\\/\\\/maisonessentielle.com\\\/#\\\/schema\\\/logo\\\/image\\\/\",\"url\":\"https:\\\/\\\/maisonessentielle.com\\\/wp-content\\\/uploads\\\/2022\\\/03\\\/MAISON-ESSENTIELLE_LOGO_facture-min.png\",\"contentUrl\":\"https:\\\/\\\/maisonessentielle.com\\\/wp-content\\\/uploads\\\/2022\\\/03\\\/MAISON-ESSENTIELLE_LOGO_facture-min.png\",\"width\":400,\"height\":57,\"caption\":\"Maison Essentielle\"},\"image\":{\"@id\":\"https:\\\/\\\/maisonessentielle.com\\\/#\\\/schema\\\/logo\\\/image\\\/\"},\"sameAs\":[\"https:\\\/\\\/www.facebook.com\\\/profile.php?id=61574309661771\",\"https:\\\/\\\/www.instagram.com\\\/maison_essentielle_\\\/\"]}]}<\/script>\n<!-- \/ Yoast SEO plugin. -->","yoast_head_json":{"title":"Patron de couture la parka Escapade, facile \u00e0 coudre","description":"Escapade est un patron de couture niveau interm\u00e9diaire pour coudre une parka coupe vent mi-saison avec capuche, en version longue ou courte.","robots":{"index":"index","follow":"follow","max-snippet":"max-snippet:-1","max-image-preview":"max-image-preview:large","max-video-preview":"max-video-preview:-1"},"canonical":"https:\/\/maisonessentielle.com\/produit\/patron-la-parka-escapade\/","og_locale":"fr_FR","og_type":"article","og_title":"Patron de couture la parka Escapade, facile \u00e0 coudre","og_description":"Escapade est un patron de couture niveau interm\u00e9diaire pour coudre une parka coupe vent mi-saison avec capuche, en version longue ou courte.","og_url":"https:\/\/maisonessentielle.com\/produit\/patron-la-parka-escapade\/","og_site_name":"Maison Essentielle","article_publisher":"https:\/\/www.facebook.com\/profile.php?id=61574309661771","article_modified_time":"2026-04-30T13:24:49+00:00","og_image":[{"width":1920,"height":2560,"url":"https:\/\/maisonessentielle.com\/wp-content\/uploads\/2026\/03\/image0-20.jpeg","type":"image\/jpeg"}],"twitter_card":"summary_large_image","twitter_misc":{"Dur\u00e9e de lecture estim\u00e9e":"1 minute"},"schema":{"@context":"https:\/\/schema.org","@graph":[{"@type":"WebPage","@id":"https:\/\/maisonessentielle.com\/produit\/patron-la-parka-escapade\/","url":"https:\/\/maisonessentielle.com\/produit\/patron-la-parka-escapade\/","name":"Patron de couture la parka Escapade, facile \u00e0 coudre","isPartOf":{"@id":"https:\/\/maisonessentielle.com\/#website"},"primaryImageOfPage":{"@id":"https:\/\/maisonessentielle.com\/produit\/patron-la-parka-escapade\/#primaryimage"},"image":{"@id":"https:\/\/maisonessentielle.com\/produit\/patron-la-parka-escapade\/#primaryimage"},"thumbnailUrl":"https:\/\/maisonessentielle.com\/wp-content\/uploads\/2026\/03\/image0-20.jpeg","datePublished":"2026-03-23T09:00:13+00:00","dateModified":"2026-04-30T13:24:49+00:00","description":"Escapade est un patron de couture niveau interm\u00e9diaire pour coudre une parka coupe vent mi-saison avec capuche, en version longue ou courte.","breadcrumb":{"@id":"https:\/\/maisonessentielle.com\/produit\/patron-la-parka-escapade\/#breadcrumb"},"inLanguage":"fr-FR","potentialAction":[{"@type":"ReadAction","target":["https:\/\/maisonessentielle.com\/produit\/patron-la-parka-escapade\/"]}]},{"@type":"ImageObject","inLanguage":"fr-FR","@id":"https:\/\/maisonessentielle.com\/produit\/patron-la-parka-escapade\/#primaryimage","url":"https:\/\/maisonessentielle.com\/wp-content\/uploads\/2026\/03\/image0-20.jpeg","contentUrl":"https:\/\/maisonessentielle.com\/wp-content\/uploads\/2026\/03\/image0-20.jpeg","width":1920,"height":2560},{"@type":"BreadcrumbList","@id":"https:\/\/maisonessentielle.com\/produit\/patron-la-parka-escapade\/#breadcrumb","itemListElement":[{"@type":"ListItem","position":1,"name":"Accueil","item":"https:\/\/maisonessentielle.com\/"},{"@type":"ListItem","position":2,"name":"Produits Essentiels","item":"https:\/\/maisonessentielle.com\/shop\/"},{"@type":"ListItem","position":3,"name":"Patron la parka ESCAPADE"}]},{"@type":"WebSite","@id":"https:\/\/maisonessentielle.com\/#website","url":"https:\/\/maisonessentielle.com\/","name":"Maison Essentielle","description":"Vestiaire essentiel \u00e0 coudre ou \u00e0 porter","publisher":{"@id":"https:\/\/maisonessentielle.com\/#organization"},"potentialAction":[{"@type":"SearchAction","target":{"@type":"EntryPoint","urlTemplate":"https:\/\/maisonessentielle.com\/?s={search_term_string}"},"query-input":{"@type":"PropertyValueSpecification","valueRequired":true,"valueName":"search_term_string"}}],"inLanguage":"fr-FR"},{"@type":"Organization","@id":"https:\/\/maisonessentielle.com\/#organization","name":"Maison Essentielle","url":"https:\/\/maisonessentielle.com\/","logo":{"@type":"ImageObject","inLanguage":"fr-FR","@id":"https:\/\/maisonessentielle.com\/#\/schema\/logo\/image\/","url":"https:\/\/maisonessentielle.com\/wp-content\/uploads\/2022\/03\/MAISON-ESSENTIELLE_LOGO_facture-min.png","contentUrl":"https:\/\/maisonessentielle.com\/wp-content\/uploads\/2022\/03\/MAISON-ESSENTIELLE_LOGO_facture-min.png","width":400,"height":57,"caption":"Maison Essentielle"},"image":{"@id":"https:\/\/maisonessentielle.com\/#\/schema\/logo\/image\/"},"sameAs":["https:\/\/www.facebook.com\/profile.php?id=61574309661771","https:\/\/www.instagram.com\/maison_essentielle_\/"]}]}},"_links":{"self":[{"href":"https:\/\/maisonessentielle.com\/wp-json\/wp\/v2\/product\/61470","targetHints":{"allow":["GET"]}}],"collection":[{"href":"https:\/\/maisonessentielle.com\/wp-json\/wp\/v2\/product"}],"about":[{"href":"https:\/\/maisonessentielle.com\/wp-json\/wp\/v2\/types\/product"}],"replies":[{"embeddable":true,"href":"https:\/\/maisonessentielle.com\/wp-json\/wp\/v2\/comments?post=61470"}],"version-history":[{"count":7,"href":"https:\/\/maisonessentielle.com\/wp-json\/wp\/v2\/product\/61470\/revisions"}],"predecessor-version":[{"id":61475,"href":"https:\/\/maisonessentielle.com\/wp-json\/wp\/v2\/product\/61470\/revisions\/61475"}],"wp:featuredmedia":[{"embeddable":true,"href":"https:\/\/maisonessentielle.com\/wp-json\/wp\/v2\/media\/61824"}],"wp:attachment":[{"href":"https:\/\/maisonessentielle.com\/wp-json\/wp\/v2\/media?parent=61470"}],"wp:term":[{"taxonomy":"product_brand","embeddable":true,"href":"https:\/\/maisonessentielle.com\/wp-json\/wp\/v2\/product_brand?post=61470"},{"taxonomy":"product_cat","embeddable":true,"href":"https:\/\/maisonessentielle.com\/wp-json\/wp\/v2\/product_cat?post=61470"},{"taxonomy":"product_tag","embeddable":true,"href":"https:\/\/maisonessentielle.com\/wp-json\/wp\/v2\/product_tag?post=61470"}],"curies":[{"name":"wp","href":"https:\/\/api.w.org\/{rel}","templated":true}]}}