{"id":58196,"date":"2025-12-23T13:11:48","date_gmt":"2025-12-23T12:11:48","guid":{"rendered":"https:\/\/maisonessentielle.com\/?post_type=product&#038;p=58196"},"modified":"2026-02-21T10:10:21","modified_gmt":"2026-02-21T09:10:21","slug":"mars-atelier-ceramique-en-3-seances-les-12-mars-19-mars-emaillage-2-avril-de-18h30-a-21h","status":"publish","type":"product","link":"https:\/\/maisonessentielle.com\/produit\/mars-atelier-ceramique-en-3-seances-les-12-mars-19-mars-emaillage-2-avril-de-18h30-a-21h\/","title":{"rendered":"MARS : Atelier c\u00e9ramique LIBRE PROJET en 3 s\u00e9ances : les  12 mars, 19 mars, 2 avril &#8211; de 18h30 \u00e0 21h"},"content":{"rendered":"","protected":false},"excerpt":{"rendered":"<p>Nous vous proposons un cours libre projet <b>sur 3 s\u00e9ances : avec 2 kg de terre\u00a0<\/b><\/p>\n<p><strong>La formule est TOUT compris<\/strong> : 3 s\u00e9ances c\u00e9ramiques, l&rsquo;\u00e9maillage, les cuissons &#8211;\u00a0 un tablier est fourni<\/p>\n<p><strong>Sur les 2 premi\u00e8res s\u00e9ances, vous apprendrez avec la technique de la plaque, du pinc\u00e9e ou du colombin \u00e0 fabrique vos pi\u00e8ces.<\/strong><\/p>\n<p><strong>Sur la 2\u00e8me s\u00e9ance<\/strong> : vous \u00e9maillerez vos pi\u00e8ces.<\/p>\n<p><strong>IMPORTANT :\u00a0<\/strong><\/p>\n<ul>\n<li><strong>Il n&rsquo;est pas possible de changer les dates ou d&rsquo;annuler un cours mais vous pouvez vous faire remplacer\u00a0<\/strong><\/li>\n<li><strong style=\"font-size: 16px;\">15 minutes avant la fin du cours : un temps de nettoyage et de rangement est n\u00e9cessaire<\/strong><\/li>\n<\/ul>\n<p><strong>Adresse de l&rsquo;atelier :<\/strong> en face du 31 cours Duvilier \u00e0 Marcq en Baroeul &#8211; lien google map <a href=\"https:\/\/www.google.com\/maps\/place\/Maison+Essentielle\/@50.6645747,3.076479,17z\/data=!3m1!4b1!4m6!3m5!1s0x47c32b454d7fafcb:0xde24afed52baa1b2!8m2!3d50.6645747!4d3.076479!16s%2Fg%2F11ll32_rgp?hl=fr&amp;entry=ttu\">ici<\/a><\/p>\n","protected":false},"featured_media":32010,"comment_status":"open","ping_status":"closed","template":"","meta":{"_acf_changed":false,"site-sidebar-layout":"default","site-content-layout":"","ast-site-content-layout":"default","site-content-style":"default","site-sidebar-style":"default","ast-global-header-display":"","ast-banner-title-visibility":"","ast-main-header-display":"","ast-hfb-above-header-display":"","ast-hfb-below-header-display":"","ast-hfb-mobile-header-display":"","site-post-title":"","ast-breadcrumbs-content":"","ast-featured-img":"","footer-sml-layout":"","ast-disable-related-posts":"","theme-transparent-header-meta":"default","adv-header-id-meta":"","stick-header-meta":"default","header-above-stick-meta":"","header-main-stick-meta":"","header-below-stick-meta":"","astra-migrate-meta-layouts":"set","ast-page-background-enabled":"default","ast-page-background-meta":{"desktop":{"background-color":"","background-image":"","background-repeat":"repeat","background-position":"center center","background-size":"auto","background-attachment":"scroll","background-type":"","background-media":"","overlay-type":"","overlay-color":"","overlay-opacity":"","overlay-gradient":""},"tablet":{"background-color":"","background-image":"","background-repeat":"repeat","background-position":"center center","background-size":"auto","background-attachment":"scroll","background-type":"","background-media":"","overlay-type":"","overlay-color":"","overlay-opacity":"","overlay-gradient":""},"mobile":{"background-color":"","background-image":"","background-repeat":"repeat","background-position":"center center","background-size":"auto","background-attachment":"scroll","background-type":"","background-media":"","overlay-type":"","overlay-color":"","overlay-opacity":"","overlay-gradient":""}},"ast-content-background-meta":{"desktop":{"background-color":"var(--ast-global-color-5)","background-image":"","background-repeat":"repeat","background-position":"center center","background-size":"auto","background-attachment":"scroll","background-type":"","background-media":"","overlay-type":"","overlay-color":"","overlay-opacity":"","overlay-gradient":""},"tablet":{"background-color":"var(--ast-global-color-5)","background-image":"","background-repeat":"repeat","background-position":"center center","background-size":"auto","background-attachment":"scroll","background-type":"","background-media":"","overlay-type":"","overlay-color":"","overlay-opacity":"","overlay-gradient":""},"mobile":{"background-color":"var(--ast-global-color-5)","background-image":"","background-repeat":"repeat","background-position":"center center","background-size":"auto","background-attachment":"scroll","background-type":"","background-media":"","overlay-type":"","overlay-color":"","overlay-opacity":"","overlay-gradient":""}}},"product_brand":[],"product_cat":[362],"product_tag":[],"class_list":{"0":"post-58196","1":"product","2":"type-product","3":"status-publish","4":"has-post-thumbnail","6":"product_cat-ateliers-ceramique","7":"desktop-align-center","8":"tablet-align-center","9":"mobile-align-center","10":"ast-product-gallery-layout-horizontal","11":"ast-magnify-disabled","12":"ast-product-tabs-layout-horizontal","14":"first","15":"outofstock","16":"virtual","17":"taxable","18":"purchasable","19":"product-type-simple"},"acf":[],"yoast_head":"<!-- This site is optimized with the Yoast SEO plugin v27.3 - https:\/\/yoast.com\/product\/yoast-seo-wordpress\/ -->\n<title>MARS : Atelier c\u00e9ramique LIBRE PROJET en 3 s\u00e9ances : les 12 mars, 19 mars, 2 avril - de 18h30 \u00e0 21h &#8226; Maison Essentielle<\/title>\n<meta name=\"robots\" content=\"index, follow, max-snippet:-1, max-image-preview:large, max-video-preview:-1\" \/>\n<link rel=\"canonical\" href=\"https:\/\/maisonessentielle.com\/produit\/mars-atelier-ceramique-en-3-seances-les-12-mars-19-mars-emaillage-2-avril-de-18h30-a-21h\/\" \/>\n<meta property=\"og:locale\" content=\"fr_FR\" \/>\n<meta property=\"og:type\" content=\"article\" \/>\n<meta property=\"og:title\" content=\"MARS : Atelier c\u00e9ramique LIBRE PROJET en 3 s\u00e9ances : les 12 mars, 19 mars, 2 avril - de 18h30 \u00e0 21h &#8226; Maison Essentielle\" \/>\n<meta property=\"og:description\" content=\"Nous vous proposons un cours libre projet sur 3 s\u00e9ances : avec 2 kg de terre\u00a0  La formule est TOUT compris : 3 s\u00e9ances c\u00e9ramiques, l&#039;\u00e9maillage, les cuissons -\u00a0 un tablier est fourni  Sur les 2 premi\u00e8res s\u00e9ances, vous apprendrez avec la technique de la plaque, du pinc\u00e9e ou du colombin \u00e0 fabrique vos pi\u00e8ces.  Sur la 2\u00e8me s\u00e9ance : vous \u00e9maillerez vos pi\u00e8ces.  IMPORTANT :\u00a0   Il n&#039;est pas possible de changer les dates ou d&#039;annuler un cours mais vous pouvez vous faire remplacer\u00a0  15 minutes avant la fin du cours : un temps de nettoyage et de rangement est n\u00e9cessaire  Adresse de l&#039;atelier : en face du 31 cours Duvilier \u00e0 Marcq en Baroeul - lien google map ici\" \/>\n<meta property=\"og:url\" content=\"https:\/\/maisonessentielle.com\/produit\/mars-atelier-ceramique-en-3-seances-les-12-mars-19-mars-emaillage-2-avril-de-18h30-a-21h\/\" \/>\n<meta property=\"og:site_name\" content=\"Maison Essentielle\" \/>\n<meta property=\"article:publisher\" content=\"https:\/\/www.facebook.com\/profile.php?id=61574309661771\" \/>\n<meta property=\"article:modified_time\" content=\"2026-02-21T09:10:21+00:00\" \/>\n<meta property=\"og:image\" content=\"https:\/\/maisonessentielle.com\/wp-content\/uploads\/2024\/01\/MAISON-ESSENTIELLE-MARS-20240080.jpg\" \/>\n\t<meta property=\"og:image:width\" content=\"886\" \/>\n\t<meta property=\"og:image:height\" content=\"1328\" \/>\n\t<meta property=\"og:image:type\" content=\"image\/jpeg\" \/>\n<meta name=\"twitter:card\" content=\"summary_large_image\" \/>\n<meta name=\"twitter:label1\" content=\"Dur\u00e9e de lecture estim\u00e9e\" \/>\n\t<meta name=\"twitter:data1\" content=\"1 minute\" \/>\n<script type=\"application\/ld+json\" class=\"yoast-schema-graph\">{\"@context\":\"https:\\\/\\\/schema.org\",\"@graph\":[{\"@type\":\"WebPage\",\"@id\":\"https:\\\/\\\/maisonessentielle.com\\\/produit\\\/mars-atelier-ceramique-en-3-seances-les-12-mars-19-mars-emaillage-2-avril-de-18h30-a-21h\\\/\",\"url\":\"https:\\\/\\\/maisonessentielle.com\\\/produit\\\/mars-atelier-ceramique-en-3-seances-les-12-mars-19-mars-emaillage-2-avril-de-18h30-a-21h\\\/\",\"name\":\"MARS : Atelier c\u00e9ramique LIBRE PROJET en 3 s\u00e9ances : les 12 mars, 19 mars, 2 avril - de 18h30 \u00e0 21h &#8226; Maison Essentielle\",\"isPartOf\":{\"@id\":\"https:\\\/\\\/maisonessentielle.com\\\/#website\"},\"primaryImageOfPage\":{\"@id\":\"https:\\\/\\\/maisonessentielle.com\\\/produit\\\/mars-atelier-ceramique-en-3-seances-les-12-mars-19-mars-emaillage-2-avril-de-18h30-a-21h\\\/#primaryimage\"},\"image\":{\"@id\":\"https:\\\/\\\/maisonessentielle.com\\\/produit\\\/mars-atelier-ceramique-en-3-seances-les-12-mars-19-mars-emaillage-2-avril-de-18h30-a-21h\\\/#primaryimage\"},\"thumbnailUrl\":\"https:\\\/\\\/maisonessentielle.com\\\/wp-content\\\/uploads\\\/2024\\\/01\\\/MAISON-ESSENTIELLE-MARS-20240080.jpg\",\"datePublished\":\"2025-12-23T12:11:48+00:00\",\"dateModified\":\"2026-02-21T09:10:21+00:00\",\"breadcrumb\":{\"@id\":\"https:\\\/\\\/maisonessentielle.com\\\/produit\\\/mars-atelier-ceramique-en-3-seances-les-12-mars-19-mars-emaillage-2-avril-de-18h30-a-21h\\\/#breadcrumb\"},\"inLanguage\":\"fr-FR\",\"potentialAction\":[{\"@type\":\"ReadAction\",\"target\":[\"https:\\\/\\\/maisonessentielle.com\\\/produit\\\/mars-atelier-ceramique-en-3-seances-les-12-mars-19-mars-emaillage-2-avril-de-18h30-a-21h\\\/\"]}]},{\"@type\":\"ImageObject\",\"inLanguage\":\"fr-FR\",\"@id\":\"https:\\\/\\\/maisonessentielle.com\\\/produit\\\/mars-atelier-ceramique-en-3-seances-les-12-mars-19-mars-emaillage-2-avril-de-18h30-a-21h\\\/#primaryimage\",\"url\":\"https:\\\/\\\/maisonessentielle.com\\\/wp-content\\\/uploads\\\/2024\\\/01\\\/MAISON-ESSENTIELLE-MARS-20240080.jpg\",\"contentUrl\":\"https:\\\/\\\/maisonessentielle.com\\\/wp-content\\\/uploads\\\/2024\\\/01\\\/MAISON-ESSENTIELLE-MARS-20240080.jpg\",\"width\":886,\"height\":1328},{\"@type\":\"BreadcrumbList\",\"@id\":\"https:\\\/\\\/maisonessentielle.com\\\/produit\\\/mars-atelier-ceramique-en-3-seances-les-12-mars-19-mars-emaillage-2-avril-de-18h30-a-21h\\\/#breadcrumb\",\"itemListElement\":[{\"@type\":\"ListItem\",\"position\":1,\"name\":\"Accueil\",\"item\":\"https:\\\/\\\/maisonessentielle.com\\\/\"},{\"@type\":\"ListItem\",\"position\":2,\"name\":\"Produits Essentiels\",\"item\":\"https:\\\/\\\/maisonessentielle.com\\\/shop\\\/\"},{\"@type\":\"ListItem\",\"position\":3,\"name\":\"MARS : Atelier c\u00e9ramique LIBRE PROJET en 3 s\u00e9ances : les 12 mars, 19 mars, 2 avril &#8211; de 18h30 \u00e0 21h\"}]},{\"@type\":\"WebSite\",\"@id\":\"https:\\\/\\\/maisonessentielle.com\\\/#website\",\"url\":\"https:\\\/\\\/maisonessentielle.com\\\/\",\"name\":\"Maison Essentielle\",\"description\":\"Vestiaire essentiel \u00e0 coudre ou \u00e0 porter\",\"publisher\":{\"@id\":\"https:\\\/\\\/maisonessentielle.com\\\/#organization\"},\"potentialAction\":[{\"@type\":\"SearchAction\",\"target\":{\"@type\":\"EntryPoint\",\"urlTemplate\":\"https:\\\/\\\/maisonessentielle.com\\\/?s={search_term_string}\"},\"query-input\":{\"@type\":\"PropertyValueSpecification\",\"valueRequired\":true,\"valueName\":\"search_term_string\"}}],\"inLanguage\":\"fr-FR\"},{\"@type\":\"Organization\",\"@id\":\"https:\\\/\\\/maisonessentielle.com\\\/#organization\",\"name\":\"Maison Essentielle\",\"url\":\"https:\\\/\\\/maisonessentielle.com\\\/\",\"logo\":{\"@type\":\"ImageObject\",\"inLanguage\":\"fr-FR\",\"@id\":\"https:\\\/\\\/maisonessentielle.com\\\/#\\\/schema\\\/logo\\\/image\\\/\",\"url\":\"https:\\\/\\\/maisonessentielle.com\\\/wp-content\\\/uploads\\\/2022\\\/03\\\/MAISON-ESSENTIELLE_LOGO_facture-min.png\",\"contentUrl\":\"https:\\\/\\\/maisonessentielle.com\\\/wp-content\\\/uploads\\\/2022\\\/03\\\/MAISON-ESSENTIELLE_LOGO_facture-min.png\",\"width\":400,\"height\":57,\"caption\":\"Maison Essentielle\"},\"image\":{\"@id\":\"https:\\\/\\\/maisonessentielle.com\\\/#\\\/schema\\\/logo\\\/image\\\/\"},\"sameAs\":[\"https:\\\/\\\/www.facebook.com\\\/profile.php?id=61574309661771\",\"https:\\\/\\\/www.instagram.com\\\/maison_essentielle_\\\/\"]}]}<\/script>\n<!-- \/ Yoast SEO plugin. -->","yoast_head_json":{"title":"MARS : Atelier c\u00e9ramique LIBRE PROJET en 3 s\u00e9ances : les 12 mars, 19 mars, 2 avril - de 18h30 \u00e0 21h &#8226; Maison Essentielle","robots":{"index":"index","follow":"follow","max-snippet":"max-snippet:-1","max-image-preview":"max-image-preview:large","max-video-preview":"max-video-preview:-1"},"canonical":"https:\/\/maisonessentielle.com\/produit\/mars-atelier-ceramique-en-3-seances-les-12-mars-19-mars-emaillage-2-avril-de-18h30-a-21h\/","og_locale":"fr_FR","og_type":"article","og_title":"MARS : Atelier c\u00e9ramique LIBRE PROJET en 3 s\u00e9ances : les 12 mars, 19 mars, 2 avril - de 18h30 \u00e0 21h &#8226; Maison Essentielle","og_description":"Nous vous proposons un cours libre projet sur 3 s\u00e9ances : avec 2 kg de terre\u00a0  La formule est TOUT compris : 3 s\u00e9ances c\u00e9ramiques, l'\u00e9maillage, les cuissons -\u00a0 un tablier est fourni  Sur les 2 premi\u00e8res s\u00e9ances, vous apprendrez avec la technique de la plaque, du pinc\u00e9e ou du colombin \u00e0 fabrique vos pi\u00e8ces.  Sur la 2\u00e8me s\u00e9ance : vous \u00e9maillerez vos pi\u00e8ces.  IMPORTANT :\u00a0   Il n'est pas possible de changer les dates ou d'annuler un cours mais vous pouvez vous faire remplacer\u00a0  15 minutes avant la fin du cours : un temps de nettoyage et de rangement est n\u00e9cessaire  Adresse de l'atelier : en face du 31 cours Duvilier \u00e0 Marcq en Baroeul - lien google map ici","og_url":"https:\/\/maisonessentielle.com\/produit\/mars-atelier-ceramique-en-3-seances-les-12-mars-19-mars-emaillage-2-avril-de-18h30-a-21h\/","og_site_name":"Maison Essentielle","article_publisher":"https:\/\/www.facebook.com\/profile.php?id=61574309661771","article_modified_time":"2026-02-21T09:10:21+00:00","og_image":[{"width":886,"height":1328,"url":"https:\/\/maisonessentielle.com\/wp-content\/uploads\/2024\/01\/MAISON-ESSENTIELLE-MARS-20240080.jpg","type":"image\/jpeg"}],"twitter_card":"summary_large_image","twitter_misc":{"Dur\u00e9e de lecture estim\u00e9e":"1 minute"},"schema":{"@context":"https:\/\/schema.org","@graph":[{"@type":"WebPage","@id":"https:\/\/maisonessentielle.com\/produit\/mars-atelier-ceramique-en-3-seances-les-12-mars-19-mars-emaillage-2-avril-de-18h30-a-21h\/","url":"https:\/\/maisonessentielle.com\/produit\/mars-atelier-ceramique-en-3-seances-les-12-mars-19-mars-emaillage-2-avril-de-18h30-a-21h\/","name":"MARS : Atelier c\u00e9ramique LIBRE PROJET en 3 s\u00e9ances : les 12 mars, 19 mars, 2 avril - de 18h30 \u00e0 21h &#8226; Maison Essentielle","isPartOf":{"@id":"https:\/\/maisonessentielle.com\/#website"},"primaryImageOfPage":{"@id":"https:\/\/maisonessentielle.com\/produit\/mars-atelier-ceramique-en-3-seances-les-12-mars-19-mars-emaillage-2-avril-de-18h30-a-21h\/#primaryimage"},"image":{"@id":"https:\/\/maisonessentielle.com\/produit\/mars-atelier-ceramique-en-3-seances-les-12-mars-19-mars-emaillage-2-avril-de-18h30-a-21h\/#primaryimage"},"thumbnailUrl":"https:\/\/maisonessentielle.com\/wp-content\/uploads\/2024\/01\/MAISON-ESSENTIELLE-MARS-20240080.jpg","datePublished":"2025-12-23T12:11:48+00:00","dateModified":"2026-02-21T09:10:21+00:00","breadcrumb":{"@id":"https:\/\/maisonessentielle.com\/produit\/mars-atelier-ceramique-en-3-seances-les-12-mars-19-mars-emaillage-2-avril-de-18h30-a-21h\/#breadcrumb"},"inLanguage":"fr-FR","potentialAction":[{"@type":"ReadAction","target":["https:\/\/maisonessentielle.com\/produit\/mars-atelier-ceramique-en-3-seances-les-12-mars-19-mars-emaillage-2-avril-de-18h30-a-21h\/"]}]},{"@type":"ImageObject","inLanguage":"fr-FR","@id":"https:\/\/maisonessentielle.com\/produit\/mars-atelier-ceramique-en-3-seances-les-12-mars-19-mars-emaillage-2-avril-de-18h30-a-21h\/#primaryimage","url":"https:\/\/maisonessentielle.com\/wp-content\/uploads\/2024\/01\/MAISON-ESSENTIELLE-MARS-20240080.jpg","contentUrl":"https:\/\/maisonessentielle.com\/wp-content\/uploads\/2024\/01\/MAISON-ESSENTIELLE-MARS-20240080.jpg","width":886,"height":1328},{"@type":"BreadcrumbList","@id":"https:\/\/maisonessentielle.com\/produit\/mars-atelier-ceramique-en-3-seances-les-12-mars-19-mars-emaillage-2-avril-de-18h30-a-21h\/#breadcrumb","itemListElement":[{"@type":"ListItem","position":1,"name":"Accueil","item":"https:\/\/maisonessentielle.com\/"},{"@type":"ListItem","position":2,"name":"Produits Essentiels","item":"https:\/\/maisonessentielle.com\/shop\/"},{"@type":"ListItem","position":3,"name":"MARS : Atelier c\u00e9ramique LIBRE PROJET en 3 s\u00e9ances : les 12 mars, 19 mars, 2 avril &#8211; de 18h30 \u00e0 21h"}]},{"@type":"WebSite","@id":"https:\/\/maisonessentielle.com\/#website","url":"https:\/\/maisonessentielle.com\/","name":"Maison Essentielle","description":"Vestiaire essentiel \u00e0 coudre ou \u00e0 porter","publisher":{"@id":"https:\/\/maisonessentielle.com\/#organization"},"potentialAction":[{"@type":"SearchAction","target":{"@type":"EntryPoint","urlTemplate":"https:\/\/maisonessentielle.com\/?s={search_term_string}"},"query-input":{"@type":"PropertyValueSpecification","valueRequired":true,"valueName":"search_term_string"}}],"inLanguage":"fr-FR"},{"@type":"Organization","@id":"https:\/\/maisonessentielle.com\/#organization","name":"Maison Essentielle","url":"https:\/\/maisonessentielle.com\/","logo":{"@type":"ImageObject","inLanguage":"fr-FR","@id":"https:\/\/maisonessentielle.com\/#\/schema\/logo\/image\/","url":"https:\/\/maisonessentielle.com\/wp-content\/uploads\/2022\/03\/MAISON-ESSENTIELLE_LOGO_facture-min.png","contentUrl":"https:\/\/maisonessentielle.com\/wp-content\/uploads\/2022\/03\/MAISON-ESSENTIELLE_LOGO_facture-min.png","width":400,"height":57,"caption":"Maison Essentielle"},"image":{"@id":"https:\/\/maisonessentielle.com\/#\/schema\/logo\/image\/"},"sameAs":["https:\/\/www.facebook.com\/profile.php?id=61574309661771","https:\/\/www.instagram.com\/maison_essentielle_\/"]}]}},"_links":{"self":[{"href":"https:\/\/maisonessentielle.com\/wp-json\/wp\/v2\/product\/58196","targetHints":{"allow":["GET"]}}],"collection":[{"href":"https:\/\/maisonessentielle.com\/wp-json\/wp\/v2\/product"}],"about":[{"href":"https:\/\/maisonessentielle.com\/wp-json\/wp\/v2\/types\/product"}],"replies":[{"embeddable":true,"href":"https:\/\/maisonessentielle.com\/wp-json\/wp\/v2\/comments?post=58196"}],"version-history":[{"count":5,"href":"https:\/\/maisonessentielle.com\/wp-json\/wp\/v2\/product\/58196\/revisions"}],"predecessor-version":[{"id":60170,"href":"https:\/\/maisonessentielle.com\/wp-json\/wp\/v2\/product\/58196\/revisions\/60170"}],"wp:featuredmedia":[{"embeddable":true,"href":"https:\/\/maisonessentielle.com\/wp-json\/wp\/v2\/media\/32010"}],"wp:attachment":[{"href":"https:\/\/maisonessentielle.com\/wp-json\/wp\/v2\/media?parent=58196"}],"wp:term":[{"taxonomy":"product_brand","embeddable":true,"href":"https:\/\/maisonessentielle.com\/wp-json\/wp\/v2\/product_brand?post=58196"},{"taxonomy":"product_cat","embeddable":true,"href":"https:\/\/maisonessentielle.com\/wp-json\/wp\/v2\/product_cat?post=58196"},{"taxonomy":"product_tag","embeddable":true,"href":"https:\/\/maisonessentielle.com\/wp-json\/wp\/v2\/product_tag?post=58196"}],"curies":[{"name":"wp","href":"https:\/\/api.w.org\/{rel}","templated":true}]}}