{"id":57512,"date":"2025-12-04T17:03:18","date_gmt":"2025-12-04T16:03:18","guid":{"rendered":"https:\/\/maisonessentielle.com\/?post_type=product&#038;p=57512"},"modified":"2026-04-29T07:29:41","modified_gmt":"2026-04-29T05:29:41","slug":"extension-col-cravate-pour-la-chemise-essentielle","status":"publish","type":"product","link":"https:\/\/maisonessentielle.com\/produit\/extension-col-cravate-pour-la-chemise-essentielle\/","title":{"rendered":"Extension col cravate pour la CHEMISE ESSENTIELLE"},"content":{"rendered":"","protected":false},"excerpt":{"rendered":"<h2><\/h2>\n<h2>Pour une version chic &amp; \u00e9l\u00e9gante de notre iconique chemise Essentielle<\/h2>\n<p><span style=\"font-weight: 400;\"><strong>Pr\u00e9 requis : \u00eatre en possession du patron de la chemise Essentielle.<\/strong> <\/span><\/p>\n<p><span style=\"font-weight: 400;\"><b>Cette extension vous permet de r\u00e9aliser une nouvelle finition tr\u00e8s \u00e9l\u00e9gante pour la chemise Essentielle : un col cravate \u00e0 nouer pour un rendu ultra chic.<\/b><\/span><\/p>\n<p><strong>Niveau<\/strong> : d\u00e9butant \u00e0 interm\u00e9diaire &#8211; <strong>Temps de r\u00e9alisation<\/strong> : 1h30 \u00e0 2h30 &#8211; Cette extension int\u00e8gre les valeurs de couture (1 cm partout)<\/p>\n<p><strong>Tissus conseill\u00e9s :<\/strong> coton, seersucker, popeline, gaze de coton<\/p>\n<h2>Caract\u00e9ristiques de notre extension PDF col cravate<\/h2>\n<p><strong>Patrons PDF \u00e0 t\u00e9l\u00e9charger et \u00e0 imprimer de chez vous au format A4<\/strong>. Vous recevrez 2 fichiers par email d\u00e8s r\u00e9ception de votre paiement &#8211; <strong>Fichiers t\u00e9l\u00e9chargeables 3 fois pendant 30 jours &#8211; <span style=\"color: #808000;\">Attention, nous ne renvoyons pas les fichiers<\/span><\/strong><\/p>\n<ul>\n<li>l&rsquo;extension du patron \u00e0 imprimer au format A4 (patron avec valeur de couture) \u00e0 imprimer \u00e0 \u00e9chelle 100%<\/li>\n<li>le guide de r\u00e9alisation \u00e0 imprimer recto verso bord court pour avoir un livret<\/li>\n<\/ul>\n<h2>Coudre facilement une chemise Essentielle avec un col cravate <a href=\"https:\/\/maisonessentielle.com\/index.php\/accueil\/videos-de-montage\/\">avec notre tuto couture et vid\u00e9o de montage<\/a><\/h2>\n<p><iframe title=\"YouTube video player\" src=\"https:\/\/www.youtube.com\/embed\/a8FLj_MreY8?si=5UJ-kbfYroqJXU1x\" width=\"560\" height=\"315\" frameborder=\"0\" allowfullscreen=\"allowfullscreen\"><\/iframe><\/p>\n","protected":false},"featured_media":57625,"comment_status":"open","ping_status":"closed","template":"","meta":{"_acf_changed":false,"site-sidebar-layout":"default","site-content-layout":"","ast-site-content-layout":"default","site-content-style":"default","site-sidebar-style":"default","ast-global-header-display":"","ast-banner-title-visibility":"","ast-main-header-display":"","ast-hfb-above-header-display":"","ast-hfb-below-header-display":"","ast-hfb-mobile-header-display":"","site-post-title":"","ast-breadcrumbs-content":"","ast-featured-img":"","footer-sml-layout":"","ast-disable-related-posts":"","theme-transparent-header-meta":"default","adv-header-id-meta":"","stick-header-meta":"default","header-above-stick-meta":"","header-main-stick-meta":"","header-below-stick-meta":"","astra-migrate-meta-layouts":"set","ast-page-background-enabled":"default","ast-page-background-meta":{"desktop":{"background-color":"","background-image":"","background-repeat":"repeat","background-position":"center center","background-size":"auto","background-attachment":"scroll","background-type":"","background-media":"","overlay-type":"","overlay-color":"","overlay-opacity":"","overlay-gradient":""},"tablet":{"background-color":"","background-image":"","background-repeat":"repeat","background-position":"center center","background-size":"auto","background-attachment":"scroll","background-type":"","background-media":"","overlay-type":"","overlay-color":"","overlay-opacity":"","overlay-gradient":""},"mobile":{"background-color":"","background-image":"","background-repeat":"repeat","background-position":"center center","background-size":"auto","background-attachment":"scroll","background-type":"","background-media":"","overlay-type":"","overlay-color":"","overlay-opacity":"","overlay-gradient":""}},"ast-content-background-meta":{"desktop":{"background-color":"var(--ast-global-color-5)","background-image":"","background-repeat":"repeat","background-position":"center center","background-size":"auto","background-attachment":"scroll","background-type":"","background-media":"","overlay-type":"","overlay-color":"","overlay-opacity":"","overlay-gradient":""},"tablet":{"background-color":"var(--ast-global-color-5)","background-image":"","background-repeat":"repeat","background-position":"center center","background-size":"auto","background-attachment":"scroll","background-type":"","background-media":"","overlay-type":"","overlay-color":"","overlay-opacity":"","overlay-gradient":""},"mobile":{"background-color":"var(--ast-global-color-5)","background-image":"","background-repeat":"repeat","background-position":"center center","background-size":"auto","background-attachment":"scroll","background-type":"","background-media":"","overlay-type":"","overlay-color":"","overlay-opacity":"","overlay-gradient":""}}},"product_brand":[],"product_cat":[249,214],"product_tag":[],"class_list":{"0":"post-57512","1":"product","2":"type-product","3":"status-publish","4":"has-post-thumbnail","6":"product_cat-patrons-couture-pdf","7":"product_cat-vestiaire-a-coudre","8":"desktop-align-center","9":"tablet-align-center","10":"mobile-align-center","11":"ast-product-gallery-layout-horizontal","12":"ast-magnify-disabled","13":"ast-product-tabs-layout-horizontal","15":"first","16":"instock","17":"downloadable","18":"virtual","19":"taxable","20":"purchasable","21":"product-type-simple"},"acf":[],"yoast_head":"<!-- This site is optimized with the Yoast SEO plugin v27.3 - https:\/\/yoast.com\/product\/yoast-seo-wordpress\/ -->\n<title>Extension de patron pour r\u00e9aliser une chemise Essentielle col cravate<\/title>\n<meta name=\"description\" content=\"Cette extension du patron de la chemise Essentielle permet de r\u00e9aliser une nouvelle finition avec un col cravate pour une version encore plus \u00e9l\u00e9gante.\" \/>\n<meta name=\"robots\" content=\"index, follow, max-snippet:-1, max-image-preview:large, max-video-preview:-1\" \/>\n<link rel=\"canonical\" href=\"https:\/\/maisonessentielle.com\/produit\/extension-col-cravate-pour-la-chemise-essentielle\/\" \/>\n<meta property=\"og:locale\" content=\"fr_FR\" \/>\n<meta property=\"og:type\" content=\"article\" \/>\n<meta property=\"og:title\" content=\"Extension de patron pour r\u00e9aliser une chemise Essentielle col cravate\" \/>\n<meta property=\"og:description\" content=\"Cette extension du patron de la chemise Essentielle permet de r\u00e9aliser une nouvelle finition avec un col cravate pour une version encore plus \u00e9l\u00e9gante.\" \/>\n<meta property=\"og:url\" content=\"https:\/\/maisonessentielle.com\/produit\/extension-col-cravate-pour-la-chemise-essentielle\/\" \/>\n<meta property=\"og:site_name\" content=\"Maison Essentielle\" \/>\n<meta property=\"article:publisher\" content=\"https:\/\/www.facebook.com\/profile.php?id=61574309661771\" \/>\n<meta property=\"article:modified_time\" content=\"2026-04-29T05:29:41+00:00\" \/>\n<meta property=\"og:image\" content=\"https:\/\/maisonessentielle.com\/wp-content\/uploads\/2025\/12\/5A46D07F-548A-4FC2-B5B9-3C8E52100A6E.jpeg\" \/>\n\t<meta property=\"og:image:width\" content=\"1206\" \/>\n\t<meta property=\"og:image:height\" content=\"1607\" \/>\n\t<meta property=\"og:image:type\" content=\"image\/jpeg\" \/>\n<meta name=\"twitter:card\" content=\"summary_large_image\" \/>\n<meta name=\"twitter:label1\" content=\"Dur\u00e9e de lecture estim\u00e9e\" \/>\n\t<meta name=\"twitter:data1\" content=\"1 minute\" \/>\n<script type=\"application\/ld+json\" class=\"yoast-schema-graph\">{\"@context\":\"https:\\\/\\\/schema.org\",\"@graph\":[{\"@type\":\"WebPage\",\"@id\":\"https:\\\/\\\/maisonessentielle.com\\\/produit\\\/extension-col-cravate-pour-la-chemise-essentielle\\\/\",\"url\":\"https:\\\/\\\/maisonessentielle.com\\\/produit\\\/extension-col-cravate-pour-la-chemise-essentielle\\\/\",\"name\":\"Extension de patron pour r\u00e9aliser une chemise Essentielle col cravate\",\"isPartOf\":{\"@id\":\"https:\\\/\\\/maisonessentielle.com\\\/#website\"},\"primaryImageOfPage\":{\"@id\":\"https:\\\/\\\/maisonessentielle.com\\\/produit\\\/extension-col-cravate-pour-la-chemise-essentielle\\\/#primaryimage\"},\"image\":{\"@id\":\"https:\\\/\\\/maisonessentielle.com\\\/produit\\\/extension-col-cravate-pour-la-chemise-essentielle\\\/#primaryimage\"},\"thumbnailUrl\":\"https:\\\/\\\/maisonessentielle.com\\\/wp-content\\\/uploads\\\/2025\\\/12\\\/5A46D07F-548A-4FC2-B5B9-3C8E52100A6E.jpeg\",\"datePublished\":\"2025-12-04T16:03:18+00:00\",\"dateModified\":\"2026-04-29T05:29:41+00:00\",\"description\":\"Cette extension du patron de la chemise Essentielle permet de r\u00e9aliser une nouvelle finition avec un col cravate pour une version encore plus \u00e9l\u00e9gante.\",\"breadcrumb\":{\"@id\":\"https:\\\/\\\/maisonessentielle.com\\\/produit\\\/extension-col-cravate-pour-la-chemise-essentielle\\\/#breadcrumb\"},\"inLanguage\":\"fr-FR\",\"potentialAction\":[{\"@type\":\"ReadAction\",\"target\":[\"https:\\\/\\\/maisonessentielle.com\\\/produit\\\/extension-col-cravate-pour-la-chemise-essentielle\\\/\"]}]},{\"@type\":\"ImageObject\",\"inLanguage\":\"fr-FR\",\"@id\":\"https:\\\/\\\/maisonessentielle.com\\\/produit\\\/extension-col-cravate-pour-la-chemise-essentielle\\\/#primaryimage\",\"url\":\"https:\\\/\\\/maisonessentielle.com\\\/wp-content\\\/uploads\\\/2025\\\/12\\\/5A46D07F-548A-4FC2-B5B9-3C8E52100A6E.jpeg\",\"contentUrl\":\"https:\\\/\\\/maisonessentielle.com\\\/wp-content\\\/uploads\\\/2025\\\/12\\\/5A46D07F-548A-4FC2-B5B9-3C8E52100A6E.jpeg\",\"width\":1206,\"height\":1607},{\"@type\":\"BreadcrumbList\",\"@id\":\"https:\\\/\\\/maisonessentielle.com\\\/produit\\\/extension-col-cravate-pour-la-chemise-essentielle\\\/#breadcrumb\",\"itemListElement\":[{\"@type\":\"ListItem\",\"position\":1,\"name\":\"Accueil\",\"item\":\"https:\\\/\\\/maisonessentielle.com\\\/\"},{\"@type\":\"ListItem\",\"position\":2,\"name\":\"Produits Essentiels\",\"item\":\"https:\\\/\\\/maisonessentielle.com\\\/shop\\\/\"},{\"@type\":\"ListItem\",\"position\":3,\"name\":\"Extension col cravate pour la CHEMISE ESSENTIELLE\"}]},{\"@type\":\"WebSite\",\"@id\":\"https:\\\/\\\/maisonessentielle.com\\\/#website\",\"url\":\"https:\\\/\\\/maisonessentielle.com\\\/\",\"name\":\"Maison Essentielle\",\"description\":\"Vestiaire essentiel \u00e0 coudre ou \u00e0 porter\",\"publisher\":{\"@id\":\"https:\\\/\\\/maisonessentielle.com\\\/#organization\"},\"potentialAction\":[{\"@type\":\"SearchAction\",\"target\":{\"@type\":\"EntryPoint\",\"urlTemplate\":\"https:\\\/\\\/maisonessentielle.com\\\/?s={search_term_string}\"},\"query-input\":{\"@type\":\"PropertyValueSpecification\",\"valueRequired\":true,\"valueName\":\"search_term_string\"}}],\"inLanguage\":\"fr-FR\"},{\"@type\":\"Organization\",\"@id\":\"https:\\\/\\\/maisonessentielle.com\\\/#organization\",\"name\":\"Maison Essentielle\",\"url\":\"https:\\\/\\\/maisonessentielle.com\\\/\",\"logo\":{\"@type\":\"ImageObject\",\"inLanguage\":\"fr-FR\",\"@id\":\"https:\\\/\\\/maisonessentielle.com\\\/#\\\/schema\\\/logo\\\/image\\\/\",\"url\":\"https:\\\/\\\/maisonessentielle.com\\\/wp-content\\\/uploads\\\/2022\\\/03\\\/MAISON-ESSENTIELLE_LOGO_facture-min.png\",\"contentUrl\":\"https:\\\/\\\/maisonessentielle.com\\\/wp-content\\\/uploads\\\/2022\\\/03\\\/MAISON-ESSENTIELLE_LOGO_facture-min.png\",\"width\":400,\"height\":57,\"caption\":\"Maison Essentielle\"},\"image\":{\"@id\":\"https:\\\/\\\/maisonessentielle.com\\\/#\\\/schema\\\/logo\\\/image\\\/\"},\"sameAs\":[\"https:\\\/\\\/www.facebook.com\\\/profile.php?id=61574309661771\",\"https:\\\/\\\/www.instagram.com\\\/maison_essentielle_\\\/\"]}]}<\/script>\n<!-- \/ Yoast SEO plugin. -->","yoast_head_json":{"title":"Extension de patron pour r\u00e9aliser une chemise Essentielle col cravate","description":"Cette extension du patron de la chemise Essentielle permet de r\u00e9aliser une nouvelle finition avec un col cravate pour une version encore plus \u00e9l\u00e9gante.","robots":{"index":"index","follow":"follow","max-snippet":"max-snippet:-1","max-image-preview":"max-image-preview:large","max-video-preview":"max-video-preview:-1"},"canonical":"https:\/\/maisonessentielle.com\/produit\/extension-col-cravate-pour-la-chemise-essentielle\/","og_locale":"fr_FR","og_type":"article","og_title":"Extension de patron pour r\u00e9aliser une chemise Essentielle col cravate","og_description":"Cette extension du patron de la chemise Essentielle permet de r\u00e9aliser une nouvelle finition avec un col cravate pour une version encore plus \u00e9l\u00e9gante.","og_url":"https:\/\/maisonessentielle.com\/produit\/extension-col-cravate-pour-la-chemise-essentielle\/","og_site_name":"Maison Essentielle","article_publisher":"https:\/\/www.facebook.com\/profile.php?id=61574309661771","article_modified_time":"2026-04-29T05:29:41+00:00","og_image":[{"width":1206,"height":1607,"url":"https:\/\/maisonessentielle.com\/wp-content\/uploads\/2025\/12\/5A46D07F-548A-4FC2-B5B9-3C8E52100A6E.jpeg","type":"image\/jpeg"}],"twitter_card":"summary_large_image","twitter_misc":{"Dur\u00e9e de lecture estim\u00e9e":"1 minute"},"schema":{"@context":"https:\/\/schema.org","@graph":[{"@type":"WebPage","@id":"https:\/\/maisonessentielle.com\/produit\/extension-col-cravate-pour-la-chemise-essentielle\/","url":"https:\/\/maisonessentielle.com\/produit\/extension-col-cravate-pour-la-chemise-essentielle\/","name":"Extension de patron pour r\u00e9aliser une chemise Essentielle col cravate","isPartOf":{"@id":"https:\/\/maisonessentielle.com\/#website"},"primaryImageOfPage":{"@id":"https:\/\/maisonessentielle.com\/produit\/extension-col-cravate-pour-la-chemise-essentielle\/#primaryimage"},"image":{"@id":"https:\/\/maisonessentielle.com\/produit\/extension-col-cravate-pour-la-chemise-essentielle\/#primaryimage"},"thumbnailUrl":"https:\/\/maisonessentielle.com\/wp-content\/uploads\/2025\/12\/5A46D07F-548A-4FC2-B5B9-3C8E52100A6E.jpeg","datePublished":"2025-12-04T16:03:18+00:00","dateModified":"2026-04-29T05:29:41+00:00","description":"Cette extension du patron de la chemise Essentielle permet de r\u00e9aliser une nouvelle finition avec un col cravate pour une version encore plus \u00e9l\u00e9gante.","breadcrumb":{"@id":"https:\/\/maisonessentielle.com\/produit\/extension-col-cravate-pour-la-chemise-essentielle\/#breadcrumb"},"inLanguage":"fr-FR","potentialAction":[{"@type":"ReadAction","target":["https:\/\/maisonessentielle.com\/produit\/extension-col-cravate-pour-la-chemise-essentielle\/"]}]},{"@type":"ImageObject","inLanguage":"fr-FR","@id":"https:\/\/maisonessentielle.com\/produit\/extension-col-cravate-pour-la-chemise-essentielle\/#primaryimage","url":"https:\/\/maisonessentielle.com\/wp-content\/uploads\/2025\/12\/5A46D07F-548A-4FC2-B5B9-3C8E52100A6E.jpeg","contentUrl":"https:\/\/maisonessentielle.com\/wp-content\/uploads\/2025\/12\/5A46D07F-548A-4FC2-B5B9-3C8E52100A6E.jpeg","width":1206,"height":1607},{"@type":"BreadcrumbList","@id":"https:\/\/maisonessentielle.com\/produit\/extension-col-cravate-pour-la-chemise-essentielle\/#breadcrumb","itemListElement":[{"@type":"ListItem","position":1,"name":"Accueil","item":"https:\/\/maisonessentielle.com\/"},{"@type":"ListItem","position":2,"name":"Produits Essentiels","item":"https:\/\/maisonessentielle.com\/shop\/"},{"@type":"ListItem","position":3,"name":"Extension col cravate pour la CHEMISE ESSENTIELLE"}]},{"@type":"WebSite","@id":"https:\/\/maisonessentielle.com\/#website","url":"https:\/\/maisonessentielle.com\/","name":"Maison Essentielle","description":"Vestiaire essentiel \u00e0 coudre ou \u00e0 porter","publisher":{"@id":"https:\/\/maisonessentielle.com\/#organization"},"potentialAction":[{"@type":"SearchAction","target":{"@type":"EntryPoint","urlTemplate":"https:\/\/maisonessentielle.com\/?s={search_term_string}"},"query-input":{"@type":"PropertyValueSpecification","valueRequired":true,"valueName":"search_term_string"}}],"inLanguage":"fr-FR"},{"@type":"Organization","@id":"https:\/\/maisonessentielle.com\/#organization","name":"Maison Essentielle","url":"https:\/\/maisonessentielle.com\/","logo":{"@type":"ImageObject","inLanguage":"fr-FR","@id":"https:\/\/maisonessentielle.com\/#\/schema\/logo\/image\/","url":"https:\/\/maisonessentielle.com\/wp-content\/uploads\/2022\/03\/MAISON-ESSENTIELLE_LOGO_facture-min.png","contentUrl":"https:\/\/maisonessentielle.com\/wp-content\/uploads\/2022\/03\/MAISON-ESSENTIELLE_LOGO_facture-min.png","width":400,"height":57,"caption":"Maison Essentielle"},"image":{"@id":"https:\/\/maisonessentielle.com\/#\/schema\/logo\/image\/"},"sameAs":["https:\/\/www.facebook.com\/profile.php?id=61574309661771","https:\/\/www.instagram.com\/maison_essentielle_\/"]}]}},"_links":{"self":[{"href":"https:\/\/maisonessentielle.com\/wp-json\/wp\/v2\/product\/57512","targetHints":{"allow":["GET"]}}],"collection":[{"href":"https:\/\/maisonessentielle.com\/wp-json\/wp\/v2\/product"}],"about":[{"href":"https:\/\/maisonessentielle.com\/wp-json\/wp\/v2\/types\/product"}],"replies":[{"embeddable":true,"href":"https:\/\/maisonessentielle.com\/wp-json\/wp\/v2\/comments?post=57512"}],"version-history":[{"count":9,"href":"https:\/\/maisonessentielle.com\/wp-json\/wp\/v2\/product\/57512\/revisions"}],"predecessor-version":[{"id":58434,"href":"https:\/\/maisonessentielle.com\/wp-json\/wp\/v2\/product\/57512\/revisions\/58434"}],"wp:featuredmedia":[{"embeddable":true,"href":"https:\/\/maisonessentielle.com\/wp-json\/wp\/v2\/media\/57625"}],"wp:attachment":[{"href":"https:\/\/maisonessentielle.com\/wp-json\/wp\/v2\/media?parent=57512"}],"wp:term":[{"taxonomy":"product_brand","embeddable":true,"href":"https:\/\/maisonessentielle.com\/wp-json\/wp\/v2\/product_brand?post=57512"},{"taxonomy":"product_cat","embeddable":true,"href":"https:\/\/maisonessentielle.com\/wp-json\/wp\/v2\/product_cat?post=57512"},{"taxonomy":"product_tag","embeddable":true,"href":"https:\/\/maisonessentielle.com\/wp-json\/wp\/v2\/product_tag?post=57512"}],"curies":[{"name":"wp","href":"https:\/\/api.w.org\/{rel}","templated":true}]}}