{"id":56062,"date":"2024-11-06T17:10:05","date_gmt":"2024-11-06T16:10:05","guid":{"rendered":"https:\/\/maisonessentielle.com\/?post_type=product&#038;p=56062"},"modified":"2026-01-27T18:26:49","modified_gmt":"2026-01-27T17:26:49","slug":"le-sac-banane-en-lin-rustique-bleu-gris","status":"publish","type":"product","link":"https:\/\/maisonessentielle.com\/produit\/le-sac-banane-en-lin-rustique-bleu-gris\/","title":{"rendered":"Le sac banane en lin rustique bleu gris"},"content":{"rendered":"","protected":false},"excerpt":{"rendered":"<p><strong>La banane Maison Essentielle <\/strong>ou plut\u00f4t l&rsquo;indispensable accessoire pour traverser vos journ\u00e9es en libert\u00e9. <strong>Son format est parfait<\/strong> pour int\u00e9grer vos indispensables (portefeuille, portable, cl\u00e9s, carnet, &#8230;). Ni trop grande, ni trop petite, <strong>elle mesure 36 x 21 x 9 cm<\/strong> et est lavable en machine \u00e0 30\u00b0C. La anse peut s&rsquo;ajuster \u00e0 votre morphologie et elle est travaill\u00e9e une face lin, une face sangle pour maintenir de la rigidit\u00e9 (longueur maxi de 90 cm). Doublure en seersucker vichy.<\/p>\n<p><strong>Accessoires de belle qualit\u00e9 :<\/strong> lin lav\u00e9 fran\u00e7ais rustique fran\u00e7ais, doubl\u00e9e vichy, boucles et zip r\u00e9sistantes \u00e0 un lavage machine, sangle oekotex, \u00e9tiquette en gros grain fran\u00e7ais et <strong>Fabriqu\u00e9e en France\u00a0<\/strong><\/p>\n<p><strong>Confection fran\u00e7aise en stock<\/strong><\/p>\n","protected":false},"featured_media":56190,"comment_status":"open","ping_status":"closed","template":"","meta":{"_acf_changed":false,"site-sidebar-layout":"default","site-content-layout":"default","ast-site-content-layout":"default","site-content-style":"default","site-sidebar-style":"default","ast-global-header-display":"","ast-banner-title-visibility":"","ast-main-header-display":"","ast-hfb-above-header-display":"","ast-hfb-below-header-display":"","ast-hfb-mobile-header-display":"","site-post-title":"","ast-breadcrumbs-content":"","ast-featured-img":"","footer-sml-layout":"","ast-disable-related-posts":"","theme-transparent-header-meta":"default","adv-header-id-meta":"","stick-header-meta":"default","header-above-stick-meta":"","header-main-stick-meta":"","header-below-stick-meta":"","astra-migrate-meta-layouts":"set","ast-page-background-enabled":"default","ast-page-background-meta":{"desktop":{"background-color":"","background-image":"","background-repeat":"repeat","background-position":"center center","background-size":"auto","background-attachment":"scroll","background-type":"","background-media":"","overlay-type":"","overlay-color":"","overlay-opacity":"","overlay-gradient":""},"tablet":{"background-color":"","background-image":"","background-repeat":"repeat","background-position":"center center","background-size":"auto","background-attachment":"scroll","background-type":"","background-media":"","overlay-type":"","overlay-color":"","overlay-opacity":"","overlay-gradient":""},"mobile":{"background-color":"","background-image":"","background-repeat":"repeat","background-position":"center center","background-size":"auto","background-attachment":"scroll","background-type":"","background-media":"","overlay-type":"","overlay-color":"","overlay-opacity":"","overlay-gradient":""}},"ast-content-background-meta":{"desktop":{"background-color":"var(--ast-global-color-5)","background-image":"","background-repeat":"repeat","background-position":"center center","background-size":"auto","background-attachment":"scroll","background-type":"","background-media":"","overlay-type":"","overlay-color":"","overlay-opacity":"","overlay-gradient":""},"tablet":{"background-color":"var(--ast-global-color-5)","background-image":"","background-repeat":"repeat","background-position":"center center","background-size":"auto","background-attachment":"scroll","background-type":"","background-media":"","overlay-type":"","overlay-color":"","overlay-opacity":"","overlay-gradient":""},"mobile":{"background-color":"var(--ast-global-color-5)","background-image":"","background-repeat":"repeat","background-position":"center center","background-size":"auto","background-attachment":"scroll","background-type":"","background-media":"","overlay-type":"","overlay-color":"","overlay-opacity":"","overlay-gradient":""}}},"product_brand":[],"product_cat":[368,60,215],"product_tag":[],"class_list":{"0":"post-56062","1":"product","2":"type-product","3":"status-publish","4":"has-post-thumbnail","6":"product_cat-accessoires","7":"product_cat-en-stock","8":"product_cat-vestiaire-cousu-en-france","9":"desktop-align-center","10":"tablet-align-center","11":"mobile-align-center","12":"ast-product-gallery-layout-horizontal","13":"ast-magnify-disabled","14":"ast-product-tabs-layout-horizontal","16":"first","17":"instock","18":"taxable","19":"shipping-taxable","20":"purchasable","21":"product-type-simple"},"acf":[],"yoast_head":"<!-- This site is optimized with the Yoast SEO plugin v27.3 - https:\/\/yoast.com\/product\/yoast-seo-wordpress\/ -->\n<title>Le sac banane en lin rustique bleu gris &#8226; Maison Essentielle<\/title>\n<meta name=\"robots\" content=\"index, follow, max-snippet:-1, max-image-preview:large, max-video-preview:-1\" \/>\n<link rel=\"canonical\" href=\"https:\/\/maisonessentielle.com\/produit\/le-sac-banane-en-lin-rustique-bleu-gris\/\" \/>\n<meta property=\"og:locale\" content=\"fr_FR\" \/>\n<meta property=\"og:type\" content=\"article\" \/>\n<meta property=\"og:title\" content=\"Le sac banane en lin rustique bleu gris &#8226; Maison Essentielle\" \/>\n<meta property=\"og:description\" content=\"La banane Maison Essentielle ou plut\u00f4t l&#039;indispensable accessoire pour traverser vos journ\u00e9es en libert\u00e9. Son format est parfait pour int\u00e9grer vos indispensables (portefeuille, portable, cl\u00e9s, carnet, ...). Ni trop grande, ni trop petite, elle mesure 36 x 21 x 9 cm et est lavable en machine \u00e0 30\u00b0C. La anse peut s&#039;ajuster \u00e0 votre morphologie et elle est travaill\u00e9e une face lin, une face sangle pour maintenir de la rigidit\u00e9 (longueur maxi de 90 cm). Doublure en seersucker vichy.  Accessoires de belle qualit\u00e9 : lin lav\u00e9 fran\u00e7ais rustique fran\u00e7ais, doubl\u00e9e vichy, boucles et zip r\u00e9sistantes \u00e0 un lavage machine, sangle oekotex, \u00e9tiquette en gros grain fran\u00e7ais et Fabriqu\u00e9e en France\u00a0  Confection fran\u00e7aise en stock\" \/>\n<meta property=\"og:url\" content=\"https:\/\/maisonessentielle.com\/produit\/le-sac-banane-en-lin-rustique-bleu-gris\/\" \/>\n<meta property=\"og:site_name\" content=\"Maison Essentielle\" \/>\n<meta property=\"article:publisher\" content=\"https:\/\/www.facebook.com\/profile.php?id=61574309661771\" \/>\n<meta property=\"article:modified_time\" content=\"2026-01-27T17:26:49+00:00\" \/>\n<meta property=\"og:image\" content=\"https:\/\/maisonessentielle.com\/wp-content\/uploads\/2025\/11\/sac-banane-en-lin-epais-navy-2.jpg\" \/>\n\t<meta property=\"og:image:width\" content=\"1483\" \/>\n\t<meta property=\"og:image:height\" content=\"2234\" \/>\n\t<meta property=\"og:image:type\" content=\"image\/jpeg\" \/>\n<meta name=\"twitter:card\" content=\"summary_large_image\" \/>\n<meta name=\"twitter:label1\" content=\"Dur\u00e9e de lecture estim\u00e9e\" \/>\n\t<meta name=\"twitter:data1\" content=\"1 minute\" \/>\n<script type=\"application\/ld+json\" class=\"yoast-schema-graph\">{\"@context\":\"https:\\\/\\\/schema.org\",\"@graph\":[{\"@type\":\"WebPage\",\"@id\":\"https:\\\/\\\/maisonessentielle.com\\\/produit\\\/le-sac-banane-en-lin-rustique-bleu-gris\\\/\",\"url\":\"https:\\\/\\\/maisonessentielle.com\\\/produit\\\/le-sac-banane-en-lin-rustique-bleu-gris\\\/\",\"name\":\"Le sac banane en lin rustique bleu gris &#8226; Maison Essentielle\",\"isPartOf\":{\"@id\":\"https:\\\/\\\/maisonessentielle.com\\\/#website\"},\"primaryImageOfPage\":{\"@id\":\"https:\\\/\\\/maisonessentielle.com\\\/produit\\\/le-sac-banane-en-lin-rustique-bleu-gris\\\/#primaryimage\"},\"image\":{\"@id\":\"https:\\\/\\\/maisonessentielle.com\\\/produit\\\/le-sac-banane-en-lin-rustique-bleu-gris\\\/#primaryimage\"},\"thumbnailUrl\":\"https:\\\/\\\/maisonessentielle.com\\\/wp-content\\\/uploads\\\/2025\\\/11\\\/sac-banane-en-lin-epais-navy-2.jpg\",\"datePublished\":\"2024-11-06T16:10:05+00:00\",\"dateModified\":\"2026-01-27T17:26:49+00:00\",\"breadcrumb\":{\"@id\":\"https:\\\/\\\/maisonessentielle.com\\\/produit\\\/le-sac-banane-en-lin-rustique-bleu-gris\\\/#breadcrumb\"},\"inLanguage\":\"fr-FR\",\"potentialAction\":[{\"@type\":\"ReadAction\",\"target\":[\"https:\\\/\\\/maisonessentielle.com\\\/produit\\\/le-sac-banane-en-lin-rustique-bleu-gris\\\/\"]}]},{\"@type\":\"ImageObject\",\"inLanguage\":\"fr-FR\",\"@id\":\"https:\\\/\\\/maisonessentielle.com\\\/produit\\\/le-sac-banane-en-lin-rustique-bleu-gris\\\/#primaryimage\",\"url\":\"https:\\\/\\\/maisonessentielle.com\\\/wp-content\\\/uploads\\\/2025\\\/11\\\/sac-banane-en-lin-epais-navy-2.jpg\",\"contentUrl\":\"https:\\\/\\\/maisonessentielle.com\\\/wp-content\\\/uploads\\\/2025\\\/11\\\/sac-banane-en-lin-epais-navy-2.jpg\",\"width\":1483,\"height\":2234},{\"@type\":\"BreadcrumbList\",\"@id\":\"https:\\\/\\\/maisonessentielle.com\\\/produit\\\/le-sac-banane-en-lin-rustique-bleu-gris\\\/#breadcrumb\",\"itemListElement\":[{\"@type\":\"ListItem\",\"position\":1,\"name\":\"Accueil\",\"item\":\"https:\\\/\\\/maisonessentielle.com\\\/\"},{\"@type\":\"ListItem\",\"position\":2,\"name\":\"Produits Essentiels\",\"item\":\"https:\\\/\\\/maisonessentielle.com\\\/shop\\\/\"},{\"@type\":\"ListItem\",\"position\":3,\"name\":\"Le sac banane en lin rustique bleu gris\"}]},{\"@type\":\"WebSite\",\"@id\":\"https:\\\/\\\/maisonessentielle.com\\\/#website\",\"url\":\"https:\\\/\\\/maisonessentielle.com\\\/\",\"name\":\"Maison Essentielle\",\"description\":\"Vestiaire essentiel \u00e0 coudre ou \u00e0 porter\",\"publisher\":{\"@id\":\"https:\\\/\\\/maisonessentielle.com\\\/#organization\"},\"potentialAction\":[{\"@type\":\"SearchAction\",\"target\":{\"@type\":\"EntryPoint\",\"urlTemplate\":\"https:\\\/\\\/maisonessentielle.com\\\/?s={search_term_string}\"},\"query-input\":{\"@type\":\"PropertyValueSpecification\",\"valueRequired\":true,\"valueName\":\"search_term_string\"}}],\"inLanguage\":\"fr-FR\"},{\"@type\":\"Organization\",\"@id\":\"https:\\\/\\\/maisonessentielle.com\\\/#organization\",\"name\":\"Maison Essentielle\",\"url\":\"https:\\\/\\\/maisonessentielle.com\\\/\",\"logo\":{\"@type\":\"ImageObject\",\"inLanguage\":\"fr-FR\",\"@id\":\"https:\\\/\\\/maisonessentielle.com\\\/#\\\/schema\\\/logo\\\/image\\\/\",\"url\":\"https:\\\/\\\/maisonessentielle.com\\\/wp-content\\\/uploads\\\/2022\\\/03\\\/MAISON-ESSENTIELLE_LOGO_facture-min.png\",\"contentUrl\":\"https:\\\/\\\/maisonessentielle.com\\\/wp-content\\\/uploads\\\/2022\\\/03\\\/MAISON-ESSENTIELLE_LOGO_facture-min.png\",\"width\":400,\"height\":57,\"caption\":\"Maison Essentielle\"},\"image\":{\"@id\":\"https:\\\/\\\/maisonessentielle.com\\\/#\\\/schema\\\/logo\\\/image\\\/\"},\"sameAs\":[\"https:\\\/\\\/www.facebook.com\\\/profile.php?id=61574309661771\",\"https:\\\/\\\/www.instagram.com\\\/maison_essentielle_\\\/\"]}]}<\/script>\n<!-- \/ Yoast SEO plugin. -->","yoast_head_json":{"title":"Le sac banane en lin rustique bleu gris &#8226; Maison Essentielle","robots":{"index":"index","follow":"follow","max-snippet":"max-snippet:-1","max-image-preview":"max-image-preview:large","max-video-preview":"max-video-preview:-1"},"canonical":"https:\/\/maisonessentielle.com\/produit\/le-sac-banane-en-lin-rustique-bleu-gris\/","og_locale":"fr_FR","og_type":"article","og_title":"Le sac banane en lin rustique bleu gris &#8226; Maison Essentielle","og_description":"La banane Maison Essentielle ou plut\u00f4t l'indispensable accessoire pour traverser vos journ\u00e9es en libert\u00e9. Son format est parfait pour int\u00e9grer vos indispensables (portefeuille, portable, cl\u00e9s, carnet, ...). Ni trop grande, ni trop petite, elle mesure 36 x 21 x 9 cm et est lavable en machine \u00e0 30\u00b0C. La anse peut s'ajuster \u00e0 votre morphologie et elle est travaill\u00e9e une face lin, une face sangle pour maintenir de la rigidit\u00e9 (longueur maxi de 90 cm). Doublure en seersucker vichy.  Accessoires de belle qualit\u00e9 : lin lav\u00e9 fran\u00e7ais rustique fran\u00e7ais, doubl\u00e9e vichy, boucles et zip r\u00e9sistantes \u00e0 un lavage machine, sangle oekotex, \u00e9tiquette en gros grain fran\u00e7ais et Fabriqu\u00e9e en France\u00a0  Confection fran\u00e7aise en stock","og_url":"https:\/\/maisonessentielle.com\/produit\/le-sac-banane-en-lin-rustique-bleu-gris\/","og_site_name":"Maison Essentielle","article_publisher":"https:\/\/www.facebook.com\/profile.php?id=61574309661771","article_modified_time":"2026-01-27T17:26:49+00:00","og_image":[{"width":1483,"height":2234,"url":"https:\/\/maisonessentielle.com\/wp-content\/uploads\/2025\/11\/sac-banane-en-lin-epais-navy-2.jpg","type":"image\/jpeg"}],"twitter_card":"summary_large_image","twitter_misc":{"Dur\u00e9e de lecture estim\u00e9e":"1 minute"},"schema":{"@context":"https:\/\/schema.org","@graph":[{"@type":"WebPage","@id":"https:\/\/maisonessentielle.com\/produit\/le-sac-banane-en-lin-rustique-bleu-gris\/","url":"https:\/\/maisonessentielle.com\/produit\/le-sac-banane-en-lin-rustique-bleu-gris\/","name":"Le sac banane en lin rustique bleu gris &#8226; Maison Essentielle","isPartOf":{"@id":"https:\/\/maisonessentielle.com\/#website"},"primaryImageOfPage":{"@id":"https:\/\/maisonessentielle.com\/produit\/le-sac-banane-en-lin-rustique-bleu-gris\/#primaryimage"},"image":{"@id":"https:\/\/maisonessentielle.com\/produit\/le-sac-banane-en-lin-rustique-bleu-gris\/#primaryimage"},"thumbnailUrl":"https:\/\/maisonessentielle.com\/wp-content\/uploads\/2025\/11\/sac-banane-en-lin-epais-navy-2.jpg","datePublished":"2024-11-06T16:10:05+00:00","dateModified":"2026-01-27T17:26:49+00:00","breadcrumb":{"@id":"https:\/\/maisonessentielle.com\/produit\/le-sac-banane-en-lin-rustique-bleu-gris\/#breadcrumb"},"inLanguage":"fr-FR","potentialAction":[{"@type":"ReadAction","target":["https:\/\/maisonessentielle.com\/produit\/le-sac-banane-en-lin-rustique-bleu-gris\/"]}]},{"@type":"ImageObject","inLanguage":"fr-FR","@id":"https:\/\/maisonessentielle.com\/produit\/le-sac-banane-en-lin-rustique-bleu-gris\/#primaryimage","url":"https:\/\/maisonessentielle.com\/wp-content\/uploads\/2025\/11\/sac-banane-en-lin-epais-navy-2.jpg","contentUrl":"https:\/\/maisonessentielle.com\/wp-content\/uploads\/2025\/11\/sac-banane-en-lin-epais-navy-2.jpg","width":1483,"height":2234},{"@type":"BreadcrumbList","@id":"https:\/\/maisonessentielle.com\/produit\/le-sac-banane-en-lin-rustique-bleu-gris\/#breadcrumb","itemListElement":[{"@type":"ListItem","position":1,"name":"Accueil","item":"https:\/\/maisonessentielle.com\/"},{"@type":"ListItem","position":2,"name":"Produits Essentiels","item":"https:\/\/maisonessentielle.com\/shop\/"},{"@type":"ListItem","position":3,"name":"Le sac banane en lin rustique bleu gris"}]},{"@type":"WebSite","@id":"https:\/\/maisonessentielle.com\/#website","url":"https:\/\/maisonessentielle.com\/","name":"Maison Essentielle","description":"Vestiaire essentiel \u00e0 coudre ou \u00e0 porter","publisher":{"@id":"https:\/\/maisonessentielle.com\/#organization"},"potentialAction":[{"@type":"SearchAction","target":{"@type":"EntryPoint","urlTemplate":"https:\/\/maisonessentielle.com\/?s={search_term_string}"},"query-input":{"@type":"PropertyValueSpecification","valueRequired":true,"valueName":"search_term_string"}}],"inLanguage":"fr-FR"},{"@type":"Organization","@id":"https:\/\/maisonessentielle.com\/#organization","name":"Maison Essentielle","url":"https:\/\/maisonessentielle.com\/","logo":{"@type":"ImageObject","inLanguage":"fr-FR","@id":"https:\/\/maisonessentielle.com\/#\/schema\/logo\/image\/","url":"https:\/\/maisonessentielle.com\/wp-content\/uploads\/2022\/03\/MAISON-ESSENTIELLE_LOGO_facture-min.png","contentUrl":"https:\/\/maisonessentielle.com\/wp-content\/uploads\/2022\/03\/MAISON-ESSENTIELLE_LOGO_facture-min.png","width":400,"height":57,"caption":"Maison Essentielle"},"image":{"@id":"https:\/\/maisonessentielle.com\/#\/schema\/logo\/image\/"},"sameAs":["https:\/\/www.facebook.com\/profile.php?id=61574309661771","https:\/\/www.instagram.com\/maison_essentielle_\/"]}]}},"_links":{"self":[{"href":"https:\/\/maisonessentielle.com\/wp-json\/wp\/v2\/product\/56062","targetHints":{"allow":["GET"]}}],"collection":[{"href":"https:\/\/maisonessentielle.com\/wp-json\/wp\/v2\/product"}],"about":[{"href":"https:\/\/maisonessentielle.com\/wp-json\/wp\/v2\/types\/product"}],"replies":[{"embeddable":true,"href":"https:\/\/maisonessentielle.com\/wp-json\/wp\/v2\/comments?post=56062"}],"version-history":[{"count":3,"href":"https:\/\/maisonessentielle.com\/wp-json\/wp\/v2\/product\/56062\/revisions"}],"predecessor-version":[{"id":56193,"href":"https:\/\/maisonessentielle.com\/wp-json\/wp\/v2\/product\/56062\/revisions\/56193"}],"wp:featuredmedia":[{"embeddable":true,"href":"https:\/\/maisonessentielle.com\/wp-json\/wp\/v2\/media\/56190"}],"wp:attachment":[{"href":"https:\/\/maisonessentielle.com\/wp-json\/wp\/v2\/media?parent=56062"}],"wp:term":[{"taxonomy":"product_brand","embeddable":true,"href":"https:\/\/maisonessentielle.com\/wp-json\/wp\/v2\/product_brand?post=56062"},{"taxonomy":"product_cat","embeddable":true,"href":"https:\/\/maisonessentielle.com\/wp-json\/wp\/v2\/product_cat?post=56062"},{"taxonomy":"product_tag","embeddable":true,"href":"https:\/\/maisonessentielle.com\/wp-json\/wp\/v2\/product_tag?post=56062"}],"curies":[{"name":"wp","href":"https:\/\/api.w.org\/{rel}","templated":true}]}}