{"id":50872,"date":"2026-03-29T10:00:01","date_gmt":"2026-03-29T08:00:01","guid":{"rendered":"https:\/\/maisonessentielle.com\/?post_type=product&#038;p=50872"},"modified":"2026-04-01T15:06:13","modified_gmt":"2026-04-01T13:06:13","slug":"kit-a-coudre-le-top-marcy-en-jersey-naturel-ecru","status":"publish","type":"product","link":"https:\/\/maisonessentielle.com\/produit\/kit-a-coudre-le-top-marcy-en-jersey-naturel-ecru\/","title":{"rendered":"KIT \u00c0 COUDRE &#8211; Le top Marcy en jersey naturel textur\u00e9"},"content":{"rendered":"<h2>Coudre facilement les tops et robes Marcel &amp; Marcy<a href=\"https:\/\/maisonessentielle.com\/index.php\/accueil\/videos-de-montage\/\">\u00a0avec notre tuto couture et vid\u00e9o de montage<\/a><\/h2>\n<p><iframe title=\"YouTube video player\" src=\"https:\/\/www.youtube.com\/embed\/zeocUtVKJvM?si=wPCqVMSoJdflcvnb\" width=\"560\" height=\"315\" frameborder=\"0\" allowfullscreen=\"allowfullscreen\"><\/iframe><\/p>\n<h2><strong>Choisissez votre taille en vous r\u00e9f\u00e9rant \u00e0 ce tableau de mensurations (mesures en cm \u2013 stature 1,65m)<\/strong><\/h2>\n<p>&nbsp;<\/p>\n<table>\n<tbody>\n<tr>\n<td><b>Taille<\/b><\/td>\n<td><b>34<\/b><\/p>\n<p><b>XS<\/b><\/td>\n<td><b>36<\/b><\/p>\n<p><b>S<\/b><\/td>\n<td><b>38<\/b><\/td>\n<td><b>40<\/b><\/p>\n<p><b>M<\/b><\/td>\n<td><b>42<\/b><\/td>\n<td><b>44<\/b><\/p>\n<p><b>L<\/b><\/td>\n<td><b>46<\/b><\/td>\n<td><b>48<\/b><\/p>\n<p><b>XL<\/b><\/td>\n<\/tr>\n<tr>\n<td><b>Tour de poitrine<\/b><\/td>\n<td>82<\/td>\n<td>86<\/td>\n<td>90<\/td>\n<td>94<\/td>\n<td>98<\/td>\n<td>102<\/td>\n<td>106<\/td>\n<td>110<\/td>\n<\/tr>\n<tr>\n<td><b>Tour de taille<\/b><\/td>\n<td>68<\/td>\n<td>72<\/td>\n<td>76<\/td>\n<td>80<\/td>\n<td>84<\/td>\n<td>88<\/td>\n<td>92<\/td>\n<td>96<\/td>\n<\/tr>\n<tr>\n<td><b>Tour de hanche<\/b><\/td>\n<td>88<\/td>\n<td>92<\/td>\n<td>96<\/td>\n<td>100<\/td>\n<td>104<\/td>\n<td>108<\/td>\n<td>112<\/td>\n<td>116<\/td>\n<\/tr>\n<\/tbody>\n<\/table>\n<p style=\"text-align: center;\"><strong>Partagez-nous votre look sur les r\u00e9seaux sociaux #letopmarcy @maison_essentielle_<\/strong><\/p>\n","protected":false},"excerpt":{"rendered":"<p>&nbsp;<\/p>\n<h2>Un top aux manches fronc\u00e9es en jersey naturel textur\u00e9<\/h2>\n<p><b>Le top Marcy <strong>est un patron de couture pour coudre<\/strong> une pi\u00e8ce minimaliste et intemporelle, ses manches fronc\u00e9es font toute la diff\u00e9rence. Pr\u00e8s du corps tout en \u00e9tant confortable et \u00e9pur\u00e9 tout en \u00e9tant \u00e9l\u00e9gant, le top Marcy est simple \u00e0 coudre et id\u00e9al pour les couturi\u00e8res en qu\u00eate de basiques bien pens\u00e9s. Pour cette version nous avons r\u00e9alis\u00e9 la version manches courtes + bord c\u00f4tes d&rsquo;encolure c\u00f4tel\u00e9.<\/b><\/p>\n<ul>\n<li><strong>Niveau de couture facile<\/strong><\/li>\n<li><strong>Temps de r\u00e9alisation :<\/strong> 1h30<\/li>\n<\/ul>\n<p>&nbsp;<\/p>\n<h2>Tissu : un jersey de coton \u00e9cru l\u00e9g\u00e8rement textur\u00e9 \u00e9cru<\/h2>\n<p><strong>Mati\u00e8re du tissu :<\/strong> jersey de coton \u00e9cru 100% coton et bord-c\u00f4tes c\u00f4tel\u00e9 \u00e9cru 97% coton\/3% \u00e9lasthanne<\/p>\n<p><strong>Format du coupon de tissu :<\/strong> 1.1m de jersey \u00e9cru et 0.10m de bord-c\u00f4tes pour l&rsquo;encolure &#8211; permettant de coudre <strong><a href=\"https:\/\/maisonessentielle.com\/index.php\/produit\/patron-le-top-et-la-robe-marcel-marcy\">le top Marcy<\/a> <\/strong>manches courtes fronc\u00e9es jusqu&rsquo;\u00e0 la taille XL<\/p>\n<p><strong>Qualit\u00e9 du tissu : <\/strong>un jersey de coton souple textur\u00e9 \u00e0 l&rsquo;aspect naturel (l\u00e9g\u00e8rement boucl\u00e9 non fragile), tr\u00e8s agr\u00e9able \u00e0 porter<\/p>\n<p><strong>Laize<\/strong> <strong>du tissu<\/strong> : 165cm &#8211;\u00a0 <strong>Poids<\/strong> <strong>du tissu :<\/strong> 280g\/m\u00b2<\/p>\n<p><strong>Conseils d&rsquo;entretien pour ce tissu : <\/strong><strong>Pas de retrait<\/strong> au 1er lavage &#8211; <strong>Lavage<\/strong> en machine \u00e0 30\u00b0 &#8211; <strong>Pas de s\u00e8che-linge &#8211; Repassage : <\/strong>doux<\/p>\n<p>&nbsp;<\/p>\n<h2>Conseil taille pour coudre le top Marcy<\/h2>\n<p>Choisissez votre taille en vous r\u00e9f\u00e9rant au tableau de mensurations en bas de page et trouvez la taille id\u00e9ale en consultant <strong><a href=\"https:\/\/maisonessentielle.com\/index.php\/guide-des-tailles\/\">notre guide des tailles<\/a><\/strong>. Le top Marcy taille normalement et se porte plut\u00f4t ajust\u00e9, Val\u00e9rie <em>(1,65m \/ 86-72-90) <\/em><em>\u00a0<\/em><em>porte la taille\u00a0 36.<\/em><\/p>\n<p>&nbsp;<\/p>\n<h3><strong>Retrouvez la vid\u00e9o de montage du top Marcy en bas de cette page.<\/strong><\/h3>\n","protected":false},"featured_media":61618,"comment_status":"open","ping_status":"closed","template":"","meta":{"_acf_changed":false,"site-sidebar-layout":"default","site-content-layout":"default","ast-site-content-layout":"default","site-content-style":"default","site-sidebar-style":"default","ast-global-header-display":"","ast-banner-title-visibility":"","ast-main-header-display":"","ast-hfb-above-header-display":"","ast-hfb-below-header-display":"","ast-hfb-mobile-header-display":"","site-post-title":"","ast-breadcrumbs-content":"","ast-featured-img":"","footer-sml-layout":"","ast-disable-related-posts":"","theme-transparent-header-meta":"default","adv-header-id-meta":"","stick-header-meta":"default","header-above-stick-meta":"","header-main-stick-meta":"","header-below-stick-meta":"","astra-migrate-meta-layouts":"set","ast-page-background-enabled":"default","ast-page-background-meta":{"desktop":{"background-color":"","background-image":"","background-repeat":"repeat","background-position":"center center","background-size":"auto","background-attachment":"scroll","background-type":"","background-media":"","overlay-type":"","overlay-color":"","overlay-opacity":"","overlay-gradient":""},"tablet":{"background-color":"","background-image":"","background-repeat":"repeat","background-position":"center center","background-size":"auto","background-attachment":"scroll","background-type":"","background-media":"","overlay-type":"","overlay-color":"","overlay-opacity":"","overlay-gradient":""},"mobile":{"background-color":"","background-image":"","background-repeat":"repeat","background-position":"center center","background-size":"auto","background-attachment":"scroll","background-type":"","background-media":"","overlay-type":"","overlay-color":"","overlay-opacity":"","overlay-gradient":""}},"ast-content-background-meta":{"desktop":{"background-color":"var(--ast-global-color-5)","background-image":"","background-repeat":"repeat","background-position":"center center","background-size":"auto","background-attachment":"scroll","background-type":"","background-media":"","overlay-type":"","overlay-color":"","overlay-opacity":"","overlay-gradient":""},"tablet":{"background-color":"var(--ast-global-color-5)","background-image":"","background-repeat":"repeat","background-position":"center center","background-size":"auto","background-attachment":"scroll","background-type":"","background-media":"","overlay-type":"","overlay-color":"","overlay-opacity":"","overlay-gradient":""},"mobile":{"background-color":"var(--ast-global-color-5)","background-image":"","background-repeat":"repeat","background-position":"center center","background-size":"auto","background-attachment":"scroll","background-type":"","background-media":"","overlay-type":"","overlay-color":"","overlay-opacity":"","overlay-gradient":""}}},"product_brand":[],"product_cat":[168,214],"product_tag":[],"class_list":{"0":"post-50872","1":"product","2":"type-product","3":"status-publish","4":"has-post-thumbnail","6":"product_cat-kit-de-couture-adulte","7":"product_cat-vestiaire-a-coudre","8":"desktop-align-center","9":"tablet-align-center","10":"mobile-align-center","11":"ast-product-gallery-layout-horizontal","12":"ast-magnify-disabled","13":"ast-product-tabs-layout-horizontal","15":"first","16":"instock","17":"taxable","18":"purchasable","19":"product-type-woosb"},"acf":[],"yoast_head":"<!-- This site is optimized with the Yoast SEO plugin v27.3 - https:\/\/yoast.com\/product\/yoast-seo-wordpress\/ -->\n<title>Top manches courtes fronc\u00e9es en jersey naturel textur\u00e9 \u00e9cru<\/title>\n<meta name=\"description\" content=\"Un top manches courtes fronc\u00e9es \u00e0 la coupe ajust\u00e9e, facile \u00e0 coudre avec un jersey naturel textur\u00e9, cousu avec le patron du top Marcy.\" \/>\n<meta name=\"robots\" content=\"index, follow, max-snippet:-1, max-image-preview:large, max-video-preview:-1\" \/>\n<link rel=\"canonical\" href=\"https:\/\/maisonessentielle.com\/produit\/kit-a-coudre-le-top-marcy-en-jersey-naturel-ecru\/\" \/>\n<meta property=\"og:locale\" content=\"fr_FR\" \/>\n<meta property=\"og:type\" content=\"article\" \/>\n<meta property=\"og:title\" content=\"Top manches courtes fronc\u00e9es en jersey naturel textur\u00e9 \u00e9cru\" \/>\n<meta property=\"og:description\" content=\"Un top manches courtes fronc\u00e9es \u00e0 la coupe ajust\u00e9e, facile \u00e0 coudre avec un jersey naturel textur\u00e9, cousu avec le patron du top Marcy.\" \/>\n<meta property=\"og:url\" content=\"https:\/\/maisonessentielle.com\/produit\/kit-a-coudre-le-top-marcy-en-jersey-naturel-ecru\/\" \/>\n<meta property=\"og:site_name\" content=\"Maison Essentielle\" \/>\n<meta property=\"article:publisher\" content=\"https:\/\/www.facebook.com\/profile.php?id=61574309661771\" \/>\n<meta property=\"article:modified_time\" content=\"2026-04-01T13:06:13+00:00\" \/>\n<meta property=\"og:image\" content=\"https:\/\/maisonessentielle.com\/wp-content\/uploads\/2026\/03\/mom-en-lin-lave-cacao-et-top-marcy-en-jersey-naturel-jonc-resine-ecru-maison-essentielle-2.jpg\" \/>\n\t<meta property=\"og:image:width\" content=\"1417\" \/>\n\t<meta property=\"og:image:height\" content=\"1890\" \/>\n\t<meta property=\"og:image:type\" content=\"image\/jpeg\" \/>\n<meta name=\"twitter:card\" content=\"summary_large_image\" \/>\n<meta name=\"twitter:label1\" content=\"Dur\u00e9e de lecture estim\u00e9e\" \/>\n\t<meta name=\"twitter:data1\" content=\"1 minute\" \/>\n<script type=\"application\/ld+json\" class=\"yoast-schema-graph\">{\"@context\":\"https:\\\/\\\/schema.org\",\"@graph\":[{\"@type\":\"WebPage\",\"@id\":\"https:\\\/\\\/maisonessentielle.com\\\/produit\\\/kit-a-coudre-le-top-marcy-en-jersey-naturel-ecru\\\/\",\"url\":\"https:\\\/\\\/maisonessentielle.com\\\/produit\\\/kit-a-coudre-le-top-marcy-en-jersey-naturel-ecru\\\/\",\"name\":\"Top manches courtes fronc\u00e9es en jersey naturel textur\u00e9 \u00e9cru\",\"isPartOf\":{\"@id\":\"https:\\\/\\\/maisonessentielle.com\\\/#website\"},\"primaryImageOfPage\":{\"@id\":\"https:\\\/\\\/maisonessentielle.com\\\/produit\\\/kit-a-coudre-le-top-marcy-en-jersey-naturel-ecru\\\/#primaryimage\"},\"image\":{\"@id\":\"https:\\\/\\\/maisonessentielle.com\\\/produit\\\/kit-a-coudre-le-top-marcy-en-jersey-naturel-ecru\\\/#primaryimage\"},\"thumbnailUrl\":\"https:\\\/\\\/maisonessentielle.com\\\/wp-content\\\/uploads\\\/2026\\\/03\\\/mom-en-lin-lave-cacao-et-top-marcy-en-jersey-naturel-jonc-resine-ecru-maison-essentielle-2.jpg\",\"datePublished\":\"2026-03-29T08:00:01+00:00\",\"dateModified\":\"2026-04-01T13:06:13+00:00\",\"description\":\"Un top manches courtes fronc\u00e9es \u00e0 la coupe ajust\u00e9e, facile \u00e0 coudre avec un jersey naturel textur\u00e9, cousu avec le patron du top Marcy.\",\"breadcrumb\":{\"@id\":\"https:\\\/\\\/maisonessentielle.com\\\/produit\\\/kit-a-coudre-le-top-marcy-en-jersey-naturel-ecru\\\/#breadcrumb\"},\"inLanguage\":\"fr-FR\",\"potentialAction\":[{\"@type\":\"ReadAction\",\"target\":[\"https:\\\/\\\/maisonessentielle.com\\\/produit\\\/kit-a-coudre-le-top-marcy-en-jersey-naturel-ecru\\\/\"]}]},{\"@type\":\"ImageObject\",\"inLanguage\":\"fr-FR\",\"@id\":\"https:\\\/\\\/maisonessentielle.com\\\/produit\\\/kit-a-coudre-le-top-marcy-en-jersey-naturel-ecru\\\/#primaryimage\",\"url\":\"https:\\\/\\\/maisonessentielle.com\\\/wp-content\\\/uploads\\\/2026\\\/03\\\/mom-en-lin-lave-cacao-et-top-marcy-en-jersey-naturel-jonc-resine-ecru-maison-essentielle-2.jpg\",\"contentUrl\":\"https:\\\/\\\/maisonessentielle.com\\\/wp-content\\\/uploads\\\/2026\\\/03\\\/mom-en-lin-lave-cacao-et-top-marcy-en-jersey-naturel-jonc-resine-ecru-maison-essentielle-2.jpg\",\"width\":1417,\"height\":1890},{\"@type\":\"BreadcrumbList\",\"@id\":\"https:\\\/\\\/maisonessentielle.com\\\/produit\\\/kit-a-coudre-le-top-marcy-en-jersey-naturel-ecru\\\/#breadcrumb\",\"itemListElement\":[{\"@type\":\"ListItem\",\"position\":1,\"name\":\"Accueil\",\"item\":\"https:\\\/\\\/maisonessentielle.com\\\/\"},{\"@type\":\"ListItem\",\"position\":2,\"name\":\"Produits Essentiels\",\"item\":\"https:\\\/\\\/maisonessentielle.com\\\/shop\\\/\"},{\"@type\":\"ListItem\",\"position\":3,\"name\":\"KIT \u00c0 COUDRE &#8211; Le top Marcy en jersey naturel textur\u00e9\"}]},{\"@type\":\"WebSite\",\"@id\":\"https:\\\/\\\/maisonessentielle.com\\\/#website\",\"url\":\"https:\\\/\\\/maisonessentielle.com\\\/\",\"name\":\"Maison Essentielle\",\"description\":\"Vestiaire essentiel \u00e0 coudre ou \u00e0 porter\",\"publisher\":{\"@id\":\"https:\\\/\\\/maisonessentielle.com\\\/#organization\"},\"potentialAction\":[{\"@type\":\"SearchAction\",\"target\":{\"@type\":\"EntryPoint\",\"urlTemplate\":\"https:\\\/\\\/maisonessentielle.com\\\/?s={search_term_string}\"},\"query-input\":{\"@type\":\"PropertyValueSpecification\",\"valueRequired\":true,\"valueName\":\"search_term_string\"}}],\"inLanguage\":\"fr-FR\"},{\"@type\":\"Organization\",\"@id\":\"https:\\\/\\\/maisonessentielle.com\\\/#organization\",\"name\":\"Maison Essentielle\",\"url\":\"https:\\\/\\\/maisonessentielle.com\\\/\",\"logo\":{\"@type\":\"ImageObject\",\"inLanguage\":\"fr-FR\",\"@id\":\"https:\\\/\\\/maisonessentielle.com\\\/#\\\/schema\\\/logo\\\/image\\\/\",\"url\":\"https:\\\/\\\/maisonessentielle.com\\\/wp-content\\\/uploads\\\/2022\\\/03\\\/MAISON-ESSENTIELLE_LOGO_facture-min.png\",\"contentUrl\":\"https:\\\/\\\/maisonessentielle.com\\\/wp-content\\\/uploads\\\/2022\\\/03\\\/MAISON-ESSENTIELLE_LOGO_facture-min.png\",\"width\":400,\"height\":57,\"caption\":\"Maison Essentielle\"},\"image\":{\"@id\":\"https:\\\/\\\/maisonessentielle.com\\\/#\\\/schema\\\/logo\\\/image\\\/\"},\"sameAs\":[\"https:\\\/\\\/www.facebook.com\\\/profile.php?id=61574309661771\",\"https:\\\/\\\/www.instagram.com\\\/maison_essentielle_\\\/\"]}]}<\/script>\n<!-- \/ Yoast SEO plugin. -->","yoast_head_json":{"title":"Top manches courtes fronc\u00e9es en jersey naturel textur\u00e9 \u00e9cru","description":"Un top manches courtes fronc\u00e9es \u00e0 la coupe ajust\u00e9e, facile \u00e0 coudre avec un jersey naturel textur\u00e9, cousu avec le patron du top Marcy.","robots":{"index":"index","follow":"follow","max-snippet":"max-snippet:-1","max-image-preview":"max-image-preview:large","max-video-preview":"max-video-preview:-1"},"canonical":"https:\/\/maisonessentielle.com\/produit\/kit-a-coudre-le-top-marcy-en-jersey-naturel-ecru\/","og_locale":"fr_FR","og_type":"article","og_title":"Top manches courtes fronc\u00e9es en jersey naturel textur\u00e9 \u00e9cru","og_description":"Un top manches courtes fronc\u00e9es \u00e0 la coupe ajust\u00e9e, facile \u00e0 coudre avec un jersey naturel textur\u00e9, cousu avec le patron du top Marcy.","og_url":"https:\/\/maisonessentielle.com\/produit\/kit-a-coudre-le-top-marcy-en-jersey-naturel-ecru\/","og_site_name":"Maison Essentielle","article_publisher":"https:\/\/www.facebook.com\/profile.php?id=61574309661771","article_modified_time":"2026-04-01T13:06:13+00:00","og_image":[{"width":1417,"height":1890,"url":"https:\/\/maisonessentielle.com\/wp-content\/uploads\/2026\/03\/mom-en-lin-lave-cacao-et-top-marcy-en-jersey-naturel-jonc-resine-ecru-maison-essentielle-2.jpg","type":"image\/jpeg"}],"twitter_card":"summary_large_image","twitter_misc":{"Dur\u00e9e de lecture estim\u00e9e":"1 minute"},"schema":{"@context":"https:\/\/schema.org","@graph":[{"@type":"WebPage","@id":"https:\/\/maisonessentielle.com\/produit\/kit-a-coudre-le-top-marcy-en-jersey-naturel-ecru\/","url":"https:\/\/maisonessentielle.com\/produit\/kit-a-coudre-le-top-marcy-en-jersey-naturel-ecru\/","name":"Top manches courtes fronc\u00e9es en jersey naturel textur\u00e9 \u00e9cru","isPartOf":{"@id":"https:\/\/maisonessentielle.com\/#website"},"primaryImageOfPage":{"@id":"https:\/\/maisonessentielle.com\/produit\/kit-a-coudre-le-top-marcy-en-jersey-naturel-ecru\/#primaryimage"},"image":{"@id":"https:\/\/maisonessentielle.com\/produit\/kit-a-coudre-le-top-marcy-en-jersey-naturel-ecru\/#primaryimage"},"thumbnailUrl":"https:\/\/maisonessentielle.com\/wp-content\/uploads\/2026\/03\/mom-en-lin-lave-cacao-et-top-marcy-en-jersey-naturel-jonc-resine-ecru-maison-essentielle-2.jpg","datePublished":"2026-03-29T08:00:01+00:00","dateModified":"2026-04-01T13:06:13+00:00","description":"Un top manches courtes fronc\u00e9es \u00e0 la coupe ajust\u00e9e, facile \u00e0 coudre avec un jersey naturel textur\u00e9, cousu avec le patron du top Marcy.","breadcrumb":{"@id":"https:\/\/maisonessentielle.com\/produit\/kit-a-coudre-le-top-marcy-en-jersey-naturel-ecru\/#breadcrumb"},"inLanguage":"fr-FR","potentialAction":[{"@type":"ReadAction","target":["https:\/\/maisonessentielle.com\/produit\/kit-a-coudre-le-top-marcy-en-jersey-naturel-ecru\/"]}]},{"@type":"ImageObject","inLanguage":"fr-FR","@id":"https:\/\/maisonessentielle.com\/produit\/kit-a-coudre-le-top-marcy-en-jersey-naturel-ecru\/#primaryimage","url":"https:\/\/maisonessentielle.com\/wp-content\/uploads\/2026\/03\/mom-en-lin-lave-cacao-et-top-marcy-en-jersey-naturel-jonc-resine-ecru-maison-essentielle-2.jpg","contentUrl":"https:\/\/maisonessentielle.com\/wp-content\/uploads\/2026\/03\/mom-en-lin-lave-cacao-et-top-marcy-en-jersey-naturel-jonc-resine-ecru-maison-essentielle-2.jpg","width":1417,"height":1890},{"@type":"BreadcrumbList","@id":"https:\/\/maisonessentielle.com\/produit\/kit-a-coudre-le-top-marcy-en-jersey-naturel-ecru\/#breadcrumb","itemListElement":[{"@type":"ListItem","position":1,"name":"Accueil","item":"https:\/\/maisonessentielle.com\/"},{"@type":"ListItem","position":2,"name":"Produits Essentiels","item":"https:\/\/maisonessentielle.com\/shop\/"},{"@type":"ListItem","position":3,"name":"KIT \u00c0 COUDRE &#8211; Le top Marcy en jersey naturel textur\u00e9"}]},{"@type":"WebSite","@id":"https:\/\/maisonessentielle.com\/#website","url":"https:\/\/maisonessentielle.com\/","name":"Maison Essentielle","description":"Vestiaire essentiel \u00e0 coudre ou \u00e0 porter","publisher":{"@id":"https:\/\/maisonessentielle.com\/#organization"},"potentialAction":[{"@type":"SearchAction","target":{"@type":"EntryPoint","urlTemplate":"https:\/\/maisonessentielle.com\/?s={search_term_string}"},"query-input":{"@type":"PropertyValueSpecification","valueRequired":true,"valueName":"search_term_string"}}],"inLanguage":"fr-FR"},{"@type":"Organization","@id":"https:\/\/maisonessentielle.com\/#organization","name":"Maison Essentielle","url":"https:\/\/maisonessentielle.com\/","logo":{"@type":"ImageObject","inLanguage":"fr-FR","@id":"https:\/\/maisonessentielle.com\/#\/schema\/logo\/image\/","url":"https:\/\/maisonessentielle.com\/wp-content\/uploads\/2022\/03\/MAISON-ESSENTIELLE_LOGO_facture-min.png","contentUrl":"https:\/\/maisonessentielle.com\/wp-content\/uploads\/2022\/03\/MAISON-ESSENTIELLE_LOGO_facture-min.png","width":400,"height":57,"caption":"Maison Essentielle"},"image":{"@id":"https:\/\/maisonessentielle.com\/#\/schema\/logo\/image\/"},"sameAs":["https:\/\/www.facebook.com\/profile.php?id=61574309661771","https:\/\/www.instagram.com\/maison_essentielle_\/"]}]}},"_links":{"self":[{"href":"https:\/\/maisonessentielle.com\/wp-json\/wp\/v2\/product\/50872","targetHints":{"allow":["GET"]}}],"collection":[{"href":"https:\/\/maisonessentielle.com\/wp-json\/wp\/v2\/product"}],"about":[{"href":"https:\/\/maisonessentielle.com\/wp-json\/wp\/v2\/types\/product"}],"replies":[{"embeddable":true,"href":"https:\/\/maisonessentielle.com\/wp-json\/wp\/v2\/comments?post=50872"}],"version-history":[{"count":6,"href":"https:\/\/maisonessentielle.com\/wp-json\/wp\/v2\/product\/50872\/revisions"}],"predecessor-version":[{"id":50875,"href":"https:\/\/maisonessentielle.com\/wp-json\/wp\/v2\/product\/50872\/revisions\/50875"}],"wp:featuredmedia":[{"embeddable":true,"href":"https:\/\/maisonessentielle.com\/wp-json\/wp\/v2\/media\/61618"}],"wp:attachment":[{"href":"https:\/\/maisonessentielle.com\/wp-json\/wp\/v2\/media?parent=50872"}],"wp:term":[{"taxonomy":"product_brand","embeddable":true,"href":"https:\/\/maisonessentielle.com\/wp-json\/wp\/v2\/product_brand?post=50872"},{"taxonomy":"product_cat","embeddable":true,"href":"https:\/\/maisonessentielle.com\/wp-json\/wp\/v2\/product_cat?post=50872"},{"taxonomy":"product_tag","embeddable":true,"href":"https:\/\/maisonessentielle.com\/wp-json\/wp\/v2\/product_tag?post=50872"}],"curies":[{"name":"wp","href":"https:\/\/api.w.org\/{rel}","templated":true}]}}