{"id":48024,"date":"2026-03-01T07:30:12","date_gmt":"2026-03-01T06:30:12","guid":{"rendered":"https:\/\/maisonessentielle.com\/?post_type=product&#038;p=48024"},"modified":"2026-04-30T13:56:56","modified_gmt":"2026-04-30T11:56:56","slug":"la-blouse-alba-en-coton-brode-cousue","status":"publish","type":"product","link":"https:\/\/maisonessentielle.com\/produit\/la-blouse-alba-en-coton-brode-cousue\/","title":{"rendered":"La blouse Alba en coton brod\u00e9 &#8211; cousue"},"content":{"rendered":"<p><strong>Choisissez votre taille en vous r\u00e9f\u00e9rent \u00e0 ce tableau de mensuration (mesure en cm &#8211; stature 1,65m)2830<\/strong><\/p>\n<table>\n<tbody>\n<tr>\n<td><b>Taille<\/b><\/td>\n<td><b>XS<\/b><\/td>\n<td><b>S<\/b><\/td>\n<td><b>M<\/b><\/td>\n<td><b>L<\/b><\/td>\n<td><b>XL<\/b><\/td>\n<\/tr>\n<tr>\n<td><b>Tour de poitrine<\/b><\/td>\n<td><span style=\"font-weight: 400;\">78-82<\/span><\/td>\n<td><span style=\"font-weight: 400;\">82-86<\/span><\/td>\n<td><span style=\"font-weight: 400;\">86-94<\/span><\/td>\n<td><span style=\"font-weight: 400;\">94-102<\/span><\/td>\n<td><span style=\"font-weight: 400;\">102-110<\/span><\/td>\n<\/tr>\n<tr>\n<td><b>Tour de taille<\/b><\/td>\n<td><span style=\"font-weight: 400;\">64-68<\/span><\/td>\n<td><span style=\"font-weight: 400;\">68-72<\/span><\/td>\n<td><span style=\"font-weight: 400;\">72-80<\/span><\/td>\n<td><span style=\"font-weight: 400;\">80-88<\/span><\/td>\n<td><span style=\"font-weight: 400;\">88-96<\/span><\/td>\n<\/tr>\n<tr>\n<td><b>Tour de hanches<\/b><\/td>\n<td><span style=\"font-weight: 400;\">84-88<\/span><\/td>\n<td><span style=\"font-weight: 400;\">88-92<\/span><\/td>\n<td><span style=\"font-weight: 400;\">92-100<\/span><\/td>\n<td><span style=\"font-weight: 400;\">100-108<\/span><\/td>\n<td><span style=\"font-weight: 400;\">108-116<\/span><\/td>\n<\/tr>\n<\/tbody>\n<\/table>\n<p>&nbsp;<\/p>\n<p style=\"text-align: center;\"><strong>Partagez nous vos vies en maison essentielle sur les r\u00e9seaux sociaux #lablousealba @maison_essentielle_<\/strong><\/p>\n<div class=\"woocommerce-tabs wc-tabs-wrapper\">\n<div id=\"tab-description\" class=\"woocommerce-Tabs-panel woocommerce-Tabs-panel--description panel entry-content wc-tab\" style=\"text-align: center;\" role=\"tabpanel\" aria-labelledby=\"tab-title-description\"><\/div>\n<\/div>\n","protected":false},"excerpt":{"rendered":"<p>&nbsp;<\/p>\n<p><strong>Alba, notre nouvelle blouse aux lignes minimalistes fait son entr\u00e9e dans la collection printemps 2025. Sa coupe ample, ses manches basses et son volume en font une blouse aussi basique que styl\u00e9e qui s&rsquo;accordera parfaitement avec un pantalon large ou une jupe longue. Cousue dans un coton fran\u00e7ais l\u00e9ger et d\u00e9licatement brod\u00e9 en France elle est tr\u00e8s agr\u00e9able \u00e0 porter.<\/strong><\/p>\n<p><strong>Mati\u00e8re :<\/strong> l\u00e9ger coton \u00e9cru avec broderie marron, tiss\u00e9 et brod\u00e9 en France, <span style=\"font-weight: 400;\">52% coton, 39% coton bio, 4% polyester recycl\u00e9<\/span><span style=\"font-weight: 400;\">\u00a0<\/span>&#8211; <strong>Lavage<\/strong> en machine \u00e0 30\u00b0<\/p>\n<p><strong>Conseil taille :<\/strong>\u00a0r\u00e9f\u00e9rez vous au tableau en bas de page. La blouse Alba se porte ample. <em>Val\u00e9rie (1,65 m \/ 85-72-92) et Louise (1,66 m \/94-80-94) portent la taille S\/M.\u00a0<\/em><strong>Confection fran\u00e7aise<\/strong><\/p>\n","protected":false},"featured_media":48059,"comment_status":"open","ping_status":"closed","template":"","meta":{"_acf_changed":false,"site-sidebar-layout":"default","site-content-layout":"default","ast-site-content-layout":"default","site-content-style":"default","site-sidebar-style":"default","ast-global-header-display":"","ast-banner-title-visibility":"","ast-main-header-display":"","ast-hfb-above-header-display":"","ast-hfb-below-header-display":"","ast-hfb-mobile-header-display":"","site-post-title":"","ast-breadcrumbs-content":"","ast-featured-img":"","footer-sml-layout":"","ast-disable-related-posts":"","theme-transparent-header-meta":"default","adv-header-id-meta":"","stick-header-meta":"default","header-above-stick-meta":"","header-main-stick-meta":"","header-below-stick-meta":"","astra-migrate-meta-layouts":"set","ast-page-background-enabled":"default","ast-page-background-meta":{"desktop":{"background-color":"","background-image":"","background-repeat":"repeat","background-position":"center center","background-size":"auto","background-attachment":"scroll","background-type":"","background-media":"","overlay-type":"","overlay-color":"","overlay-opacity":"","overlay-gradient":""},"tablet":{"background-color":"","background-image":"","background-repeat":"repeat","background-position":"center center","background-size":"auto","background-attachment":"scroll","background-type":"","background-media":"","overlay-type":"","overlay-color":"","overlay-opacity":"","overlay-gradient":""},"mobile":{"background-color":"","background-image":"","background-repeat":"repeat","background-position":"center center","background-size":"auto","background-attachment":"scroll","background-type":"","background-media":"","overlay-type":"","overlay-color":"","overlay-opacity":"","overlay-gradient":""}},"ast-content-background-meta":{"desktop":{"background-color":"var(--ast-global-color-5)","background-image":"","background-repeat":"repeat","background-position":"center center","background-size":"auto","background-attachment":"scroll","background-type":"","background-media":"","overlay-type":"","overlay-color":"","overlay-opacity":"","overlay-gradient":""},"tablet":{"background-color":"var(--ast-global-color-5)","background-image":"","background-repeat":"repeat","background-position":"center center","background-size":"auto","background-attachment":"scroll","background-type":"","background-media":"","overlay-type":"","overlay-color":"","overlay-opacity":"","overlay-gradient":""},"mobile":{"background-color":"var(--ast-global-color-5)","background-image":"","background-repeat":"repeat","background-position":"center center","background-size":"auto","background-attachment":"scroll","background-type":"","background-media":"","overlay-type":"","overlay-color":"","overlay-opacity":"","overlay-gradient":""}}},"product_brand":[],"product_cat":[390,215],"product_tag":[],"class_list":{"0":"post-48024","1":"product","2":"type-product","3":"status-publish","4":"has-post-thumbnail","6":"product_cat-les-hauts","7":"product_cat-vestiaire-cousu-en-france","8":"desktop-align-center","9":"tablet-align-center","10":"mobile-align-center","11":"ast-product-gallery-layout-horizontal","12":"ast-magnify-disabled","13":"ast-product-single-variable","14":"ast-product-tabs-layout-horizontal","16":"first","17":"instock","18":"taxable","19":"shipping-taxable","20":"purchasable","21":"product-type-variable"},"acf":[],"yoast_head":"<!-- This site is optimized with the Yoast SEO plugin v27.3 - https:\/\/yoast.com\/product\/yoast-seo-wordpress\/ -->\n<title>La blouse Alba en coton brod\u00e9 - cousue &#8226; Maison Essentielle<\/title>\n<meta name=\"robots\" content=\"index, follow, max-snippet:-1, max-image-preview:large, max-video-preview:-1\" \/>\n<link rel=\"canonical\" href=\"https:\/\/maisonessentielle.com\/produit\/la-blouse-alba-en-coton-brode-cousue\/\" \/>\n<meta property=\"og:locale\" content=\"fr_FR\" \/>\n<meta property=\"og:type\" content=\"article\" \/>\n<meta property=\"og:title\" content=\"La blouse Alba en coton brod\u00e9 - cousue &#8226; Maison Essentielle\" \/>\n<meta property=\"og:description\" content=\"&nbsp;  Alba, notre nouvelle blouse aux lignes minimalistes fait son entr\u00e9e dans la collection printemps 2025. Sa coupe ample, ses manches basses et son volume en font une blouse aussi basique que styl\u00e9e qui s&#039;accordera parfaitement avec un pantalon large ou une jupe longue. Cousue dans un coton fran\u00e7ais l\u00e9ger et d\u00e9licatement brod\u00e9 en France elle est tr\u00e8s agr\u00e9able \u00e0 porter.  Mati\u00e8re : l\u00e9ger coton \u00e9cru avec broderie marron, tiss\u00e9 et brod\u00e9 en France, 52% coton, 39% coton bio, 4% polyester recycl\u00e9\u00a0- Lavage en machine \u00e0 30\u00b0  Conseil taille :\u00a0r\u00e9f\u00e9rez vous au tableau en bas de page. La blouse Alba se porte ample. Val\u00e9rie (1,65 m \/ 85-72-92) et Louise (1,66 m \/94-80-94) portent la taille S\/M.\u00a0Confection fran\u00e7aise\" \/>\n<meta property=\"og:url\" content=\"https:\/\/maisonessentielle.com\/produit\/la-blouse-alba-en-coton-brode-cousue\/\" \/>\n<meta property=\"og:site_name\" content=\"Maison Essentielle\" \/>\n<meta property=\"article:publisher\" content=\"https:\/\/www.facebook.com\/profile.php?id=61574309661771\" \/>\n<meta property=\"article:modified_time\" content=\"2026-04-30T11:56:56+00:00\" \/>\n<meta property=\"og:image\" content=\"https:\/\/maisonessentielle.com\/wp-content\/uploads\/2025\/03\/blouse-gipsi-coton-brode-marron-et-pantalon-cocotailleur-chambray-marron-6-scaled.jpg\" \/>\n\t<meta property=\"og:image:width\" content=\"1708\" \/>\n\t<meta property=\"og:image:height\" content=\"2560\" \/>\n\t<meta property=\"og:image:type\" content=\"image\/jpeg\" \/>\n<meta name=\"twitter:card\" content=\"summary_large_image\" \/>\n<meta name=\"twitter:label1\" content=\"Dur\u00e9e de lecture estim\u00e9e\" \/>\n\t<meta name=\"twitter:data1\" content=\"1 minute\" \/>\n<script type=\"application\/ld+json\" class=\"yoast-schema-graph\">{\"@context\":\"https:\\\/\\\/schema.org\",\"@graph\":[{\"@type\":\"WebPage\",\"@id\":\"https:\\\/\\\/maisonessentielle.com\\\/produit\\\/la-blouse-alba-en-coton-brode-cousue\\\/\",\"url\":\"https:\\\/\\\/maisonessentielle.com\\\/produit\\\/la-blouse-alba-en-coton-brode-cousue\\\/\",\"name\":\"La blouse Alba en coton brod\u00e9 - cousue &#8226; Maison Essentielle\",\"isPartOf\":{\"@id\":\"https:\\\/\\\/maisonessentielle.com\\\/#website\"},\"primaryImageOfPage\":{\"@id\":\"https:\\\/\\\/maisonessentielle.com\\\/produit\\\/la-blouse-alba-en-coton-brode-cousue\\\/#primaryimage\"},\"image\":{\"@id\":\"https:\\\/\\\/maisonessentielle.com\\\/produit\\\/la-blouse-alba-en-coton-brode-cousue\\\/#primaryimage\"},\"thumbnailUrl\":\"https:\\\/\\\/maisonessentielle.com\\\/wp-content\\\/uploads\\\/2025\\\/03\\\/blouse-gipsi-coton-brode-marron-et-pantalon-cocotailleur-chambray-marron-6-scaled.jpg\",\"datePublished\":\"2026-03-01T06:30:12+00:00\",\"dateModified\":\"2026-04-30T11:56:56+00:00\",\"breadcrumb\":{\"@id\":\"https:\\\/\\\/maisonessentielle.com\\\/produit\\\/la-blouse-alba-en-coton-brode-cousue\\\/#breadcrumb\"},\"inLanguage\":\"fr-FR\",\"potentialAction\":[{\"@type\":\"ReadAction\",\"target\":[\"https:\\\/\\\/maisonessentielle.com\\\/produit\\\/la-blouse-alba-en-coton-brode-cousue\\\/\"]}]},{\"@type\":\"ImageObject\",\"inLanguage\":\"fr-FR\",\"@id\":\"https:\\\/\\\/maisonessentielle.com\\\/produit\\\/la-blouse-alba-en-coton-brode-cousue\\\/#primaryimage\",\"url\":\"https:\\\/\\\/maisonessentielle.com\\\/wp-content\\\/uploads\\\/2025\\\/03\\\/blouse-gipsi-coton-brode-marron-et-pantalon-cocotailleur-chambray-marron-6-scaled.jpg\",\"contentUrl\":\"https:\\\/\\\/maisonessentielle.com\\\/wp-content\\\/uploads\\\/2025\\\/03\\\/blouse-gipsi-coton-brode-marron-et-pantalon-cocotailleur-chambray-marron-6-scaled.jpg\",\"width\":1708,\"height\":2560},{\"@type\":\"BreadcrumbList\",\"@id\":\"https:\\\/\\\/maisonessentielle.com\\\/produit\\\/la-blouse-alba-en-coton-brode-cousue\\\/#breadcrumb\",\"itemListElement\":[{\"@type\":\"ListItem\",\"position\":1,\"name\":\"Accueil\",\"item\":\"https:\\\/\\\/maisonessentielle.com\\\/\"},{\"@type\":\"ListItem\",\"position\":2,\"name\":\"Produits Essentiels\",\"item\":\"https:\\\/\\\/maisonessentielle.com\\\/shop\\\/\"},{\"@type\":\"ListItem\",\"position\":3,\"name\":\"La blouse Alba en coton brod\u00e9 &#8211; cousue\"}]},{\"@type\":\"WebSite\",\"@id\":\"https:\\\/\\\/maisonessentielle.com\\\/#website\",\"url\":\"https:\\\/\\\/maisonessentielle.com\\\/\",\"name\":\"Maison Essentielle\",\"description\":\"Vestiaire essentiel \u00e0 coudre ou \u00e0 porter\",\"publisher\":{\"@id\":\"https:\\\/\\\/maisonessentielle.com\\\/#organization\"},\"potentialAction\":[{\"@type\":\"SearchAction\",\"target\":{\"@type\":\"EntryPoint\",\"urlTemplate\":\"https:\\\/\\\/maisonessentielle.com\\\/?s={search_term_string}\"},\"query-input\":{\"@type\":\"PropertyValueSpecification\",\"valueRequired\":true,\"valueName\":\"search_term_string\"}}],\"inLanguage\":\"fr-FR\"},{\"@type\":\"Organization\",\"@id\":\"https:\\\/\\\/maisonessentielle.com\\\/#organization\",\"name\":\"Maison Essentielle\",\"url\":\"https:\\\/\\\/maisonessentielle.com\\\/\",\"logo\":{\"@type\":\"ImageObject\",\"inLanguage\":\"fr-FR\",\"@id\":\"https:\\\/\\\/maisonessentielle.com\\\/#\\\/schema\\\/logo\\\/image\\\/\",\"url\":\"https:\\\/\\\/maisonessentielle.com\\\/wp-content\\\/uploads\\\/2022\\\/03\\\/MAISON-ESSENTIELLE_LOGO_facture-min.png\",\"contentUrl\":\"https:\\\/\\\/maisonessentielle.com\\\/wp-content\\\/uploads\\\/2022\\\/03\\\/MAISON-ESSENTIELLE_LOGO_facture-min.png\",\"width\":400,\"height\":57,\"caption\":\"Maison Essentielle\"},\"image\":{\"@id\":\"https:\\\/\\\/maisonessentielle.com\\\/#\\\/schema\\\/logo\\\/image\\\/\"},\"sameAs\":[\"https:\\\/\\\/www.facebook.com\\\/profile.php?id=61574309661771\",\"https:\\\/\\\/www.instagram.com\\\/maison_essentielle_\\\/\"]}]}<\/script>\n<!-- \/ Yoast SEO plugin. -->","yoast_head_json":{"title":"La blouse Alba en coton brod\u00e9 - cousue &#8226; Maison Essentielle","robots":{"index":"index","follow":"follow","max-snippet":"max-snippet:-1","max-image-preview":"max-image-preview:large","max-video-preview":"max-video-preview:-1"},"canonical":"https:\/\/maisonessentielle.com\/produit\/la-blouse-alba-en-coton-brode-cousue\/","og_locale":"fr_FR","og_type":"article","og_title":"La blouse Alba en coton brod\u00e9 - cousue &#8226; Maison Essentielle","og_description":"&nbsp;  Alba, notre nouvelle blouse aux lignes minimalistes fait son entr\u00e9e dans la collection printemps 2025. Sa coupe ample, ses manches basses et son volume en font une blouse aussi basique que styl\u00e9e qui s'accordera parfaitement avec un pantalon large ou une jupe longue. Cousue dans un coton fran\u00e7ais l\u00e9ger et d\u00e9licatement brod\u00e9 en France elle est tr\u00e8s agr\u00e9able \u00e0 porter.  Mati\u00e8re : l\u00e9ger coton \u00e9cru avec broderie marron, tiss\u00e9 et brod\u00e9 en France, 52% coton, 39% coton bio, 4% polyester recycl\u00e9\u00a0- Lavage en machine \u00e0 30\u00b0  Conseil taille :\u00a0r\u00e9f\u00e9rez vous au tableau en bas de page. La blouse Alba se porte ample. Val\u00e9rie (1,65 m \/ 85-72-92) et Louise (1,66 m \/94-80-94) portent la taille S\/M.\u00a0Confection fran\u00e7aise","og_url":"https:\/\/maisonessentielle.com\/produit\/la-blouse-alba-en-coton-brode-cousue\/","og_site_name":"Maison Essentielle","article_publisher":"https:\/\/www.facebook.com\/profile.php?id=61574309661771","article_modified_time":"2026-04-30T11:56:56+00:00","og_image":[{"width":1708,"height":2560,"url":"https:\/\/maisonessentielle.com\/wp-content\/uploads\/2025\/03\/blouse-gipsi-coton-brode-marron-et-pantalon-cocotailleur-chambray-marron-6-scaled.jpg","type":"image\/jpeg"}],"twitter_card":"summary_large_image","twitter_misc":{"Dur\u00e9e de lecture estim\u00e9e":"1 minute"},"schema":{"@context":"https:\/\/schema.org","@graph":[{"@type":"WebPage","@id":"https:\/\/maisonessentielle.com\/produit\/la-blouse-alba-en-coton-brode-cousue\/","url":"https:\/\/maisonessentielle.com\/produit\/la-blouse-alba-en-coton-brode-cousue\/","name":"La blouse Alba en coton brod\u00e9 - cousue &#8226; Maison Essentielle","isPartOf":{"@id":"https:\/\/maisonessentielle.com\/#website"},"primaryImageOfPage":{"@id":"https:\/\/maisonessentielle.com\/produit\/la-blouse-alba-en-coton-brode-cousue\/#primaryimage"},"image":{"@id":"https:\/\/maisonessentielle.com\/produit\/la-blouse-alba-en-coton-brode-cousue\/#primaryimage"},"thumbnailUrl":"https:\/\/maisonessentielle.com\/wp-content\/uploads\/2025\/03\/blouse-gipsi-coton-brode-marron-et-pantalon-cocotailleur-chambray-marron-6-scaled.jpg","datePublished":"2026-03-01T06:30:12+00:00","dateModified":"2026-04-30T11:56:56+00:00","breadcrumb":{"@id":"https:\/\/maisonessentielle.com\/produit\/la-blouse-alba-en-coton-brode-cousue\/#breadcrumb"},"inLanguage":"fr-FR","potentialAction":[{"@type":"ReadAction","target":["https:\/\/maisonessentielle.com\/produit\/la-blouse-alba-en-coton-brode-cousue\/"]}]},{"@type":"ImageObject","inLanguage":"fr-FR","@id":"https:\/\/maisonessentielle.com\/produit\/la-blouse-alba-en-coton-brode-cousue\/#primaryimage","url":"https:\/\/maisonessentielle.com\/wp-content\/uploads\/2025\/03\/blouse-gipsi-coton-brode-marron-et-pantalon-cocotailleur-chambray-marron-6-scaled.jpg","contentUrl":"https:\/\/maisonessentielle.com\/wp-content\/uploads\/2025\/03\/blouse-gipsi-coton-brode-marron-et-pantalon-cocotailleur-chambray-marron-6-scaled.jpg","width":1708,"height":2560},{"@type":"BreadcrumbList","@id":"https:\/\/maisonessentielle.com\/produit\/la-blouse-alba-en-coton-brode-cousue\/#breadcrumb","itemListElement":[{"@type":"ListItem","position":1,"name":"Accueil","item":"https:\/\/maisonessentielle.com\/"},{"@type":"ListItem","position":2,"name":"Produits Essentiels","item":"https:\/\/maisonessentielle.com\/shop\/"},{"@type":"ListItem","position":3,"name":"La blouse Alba en coton brod\u00e9 &#8211; cousue"}]},{"@type":"WebSite","@id":"https:\/\/maisonessentielle.com\/#website","url":"https:\/\/maisonessentielle.com\/","name":"Maison Essentielle","description":"Vestiaire essentiel \u00e0 coudre ou \u00e0 porter","publisher":{"@id":"https:\/\/maisonessentielle.com\/#organization"},"potentialAction":[{"@type":"SearchAction","target":{"@type":"EntryPoint","urlTemplate":"https:\/\/maisonessentielle.com\/?s={search_term_string}"},"query-input":{"@type":"PropertyValueSpecification","valueRequired":true,"valueName":"search_term_string"}}],"inLanguage":"fr-FR"},{"@type":"Organization","@id":"https:\/\/maisonessentielle.com\/#organization","name":"Maison Essentielle","url":"https:\/\/maisonessentielle.com\/","logo":{"@type":"ImageObject","inLanguage":"fr-FR","@id":"https:\/\/maisonessentielle.com\/#\/schema\/logo\/image\/","url":"https:\/\/maisonessentielle.com\/wp-content\/uploads\/2022\/03\/MAISON-ESSENTIELLE_LOGO_facture-min.png","contentUrl":"https:\/\/maisonessentielle.com\/wp-content\/uploads\/2022\/03\/MAISON-ESSENTIELLE_LOGO_facture-min.png","width":400,"height":57,"caption":"Maison Essentielle"},"image":{"@id":"https:\/\/maisonessentielle.com\/#\/schema\/logo\/image\/"},"sameAs":["https:\/\/www.facebook.com\/profile.php?id=61574309661771","https:\/\/www.instagram.com\/maison_essentielle_\/"]}]}},"_links":{"self":[{"href":"https:\/\/maisonessentielle.com\/wp-json\/wp\/v2\/product\/48024","targetHints":{"allow":["GET"]}}],"collection":[{"href":"https:\/\/maisonessentielle.com\/wp-json\/wp\/v2\/product"}],"about":[{"href":"https:\/\/maisonessentielle.com\/wp-json\/wp\/v2\/types\/product"}],"replies":[{"embeddable":true,"href":"https:\/\/maisonessentielle.com\/wp-json\/wp\/v2\/comments?post=48024"}],"version-history":[{"count":3,"href":"https:\/\/maisonessentielle.com\/wp-json\/wp\/v2\/product\/48024\/revisions"}],"predecessor-version":[{"id":61849,"href":"https:\/\/maisonessentielle.com\/wp-json\/wp\/v2\/product\/48024\/revisions\/61849"}],"wp:featuredmedia":[{"embeddable":true,"href":"https:\/\/maisonessentielle.com\/wp-json\/wp\/v2\/media\/48059"}],"wp:attachment":[{"href":"https:\/\/maisonessentielle.com\/wp-json\/wp\/v2\/media?parent=48024"}],"wp:term":[{"taxonomy":"product_brand","embeddable":true,"href":"https:\/\/maisonessentielle.com\/wp-json\/wp\/v2\/product_brand?post=48024"},{"taxonomy":"product_cat","embeddable":true,"href":"https:\/\/maisonessentielle.com\/wp-json\/wp\/v2\/product_cat?post=48024"},{"taxonomy":"product_tag","embeddable":true,"href":"https:\/\/maisonessentielle.com\/wp-json\/wp\/v2\/product_tag?post=48024"}],"curies":[{"name":"wp","href":"https:\/\/api.w.org\/{rel}","templated":true}]}}