{"id":30866,"date":"2024-09-29T11:00:41","date_gmt":"2024-09-29T09:00:41","guid":{"rendered":"https:\/\/maisonessentielle.com\/?post_type=product&#038;p=30866"},"modified":"2026-04-06T15:15:46","modified_gmt":"2026-04-06T13:15:46","slug":"patron-la-veste-baroudeur-enfant","status":"publish","type":"product","link":"https:\/\/maisonessentielle.com\/produit\/patron-la-veste-baroudeur-enfant\/","title":{"rendered":"Patron \u00ab\u00a0la veste baroudeur enfant\u00a0\u00bb"},"content":{"rendered":"<p>Choisissez la taille de l&rsquo;enfant en vous r\u00e9f\u00e9rant \u00e0 ce tableau de mensuration (mesure en cm) :<\/p>\n<table>\n<tbody>\n<tr>\n<td><\/td>\n<td><b>2 ans<\/b><\/p>\n<p><b>86 cm<\/b><\/td>\n<td><b>4 ans<\/b><\/p>\n<p><b>104 cm<\/b><\/td>\n<td><b>6 ans<\/b><\/p>\n<p><b>116 cm<\/b><\/td>\n<td><b>8 ans<\/b><\/p>\n<p><b>128 cm<\/b><\/td>\n<td><b>10 ans<\/b><\/p>\n<p><b>140 cm<\/b><\/td>\n<td><b>12 ans<\/b><\/p>\n<p><b>152 cm<\/b><\/td>\n<td><b>14 ans<\/b><\/p>\n<p><b>158 cm<\/b><\/td>\n<\/tr>\n<tr>\n<td><b>poitrine<\/b><\/td>\n<td><span style=\"font-weight: 400;\">52 cm<\/span><\/td>\n<td><span style=\"font-weight: 400;\">56 cm<\/span><\/td>\n<td><span style=\"font-weight: 400;\">60 cm<\/span><\/td>\n<td><span style=\"font-weight: 400;\">64 cm<\/span><\/td>\n<td><span style=\"font-weight: 400;\">70 cm<\/span><\/td>\n<td><span style=\"font-weight: 400;\">74 cm<\/span><\/td>\n<td><span style=\"font-weight: 400;\">77 cm<\/span><\/td>\n<\/tr>\n<tr>\n<td><b>taille<\/b><\/td>\n<td><span style=\"font-weight: 400;\">48 cm<\/span><\/td>\n<td><span style=\"font-weight: 400;\">52 cm<\/span><\/td>\n<td><span style=\"font-weight: 400;\">54 cm<\/span><\/td>\n<td><span style=\"font-weight: 400;\">56 cm<\/span><\/td>\n<td><span style=\"font-weight: 400;\">58 cm<\/span><\/td>\n<td><span style=\"font-weight: 400;\">60 cm<\/span><\/td>\n<td><span style=\"font-weight: 400;\">61,5 cm<\/span><\/td>\n<\/tr>\n<tr>\n<td><b>hanches<\/b><\/td>\n<td><span style=\"font-weight: 400;\">58 cm<\/span><\/td>\n<td><span style=\"font-weight: 400;\">62 cm<\/span><\/td>\n<td><span style=\"font-weight: 400;\">66 cm<\/span><\/td>\n<td><span style=\"font-weight: 400;\">70 cm<\/span><\/td>\n<td><span style=\"font-weight: 400;\">76 cm<\/span><\/td>\n<td><span style=\"font-weight: 400;\">80 cm<\/span><\/td>\n<td><span style=\"font-weight: 400;\">88 cm<\/span><\/td>\n<\/tr>\n<tr>\n<td><b>M\u00e9trage L140 cm sans manche + capuche<\/b><\/td>\n<td><span style=\"font-weight: 400;\">85 cm<\/span><\/td>\n<td><span style=\"font-weight: 400;\">90 cm<\/span><\/td>\n<td><span style=\"font-weight: 400;\">96 cm<\/span><\/td>\n<td><span style=\"font-weight: 400;\">109 cm<\/span><\/td>\n<td><span style=\"font-weight: 400;\">138 cm<\/span><\/td>\n<td><span style=\"font-weight: 400;\">145 cm<\/span><\/td>\n<td><span style=\"font-weight: 400;\">155 cm<\/span><\/td>\n<\/tr>\n<tr>\n<td><b>manches longue + capuche (L140)<\/b><\/p>\n<p><b>+doublure<\/b><\/td>\n<td><span style=\"font-weight: 400;\">100 cm<\/span><\/p>\n<p><span style=\"font-weight: 400;\">+<\/span><\/p>\n<p><span style=\"font-weight: 400;\">60 cm<\/span><\/td>\n<td><span style=\"font-weight: 400;\">110 cm<\/span><\/p>\n<p><span style=\"font-weight: 400;\">+<\/span><\/p>\n<p><span style=\"font-weight: 400;\">75 cm<\/span><\/td>\n<td><span style=\"font-weight: 400;\">115 cm<\/span><\/p>\n<p><span style=\"font-weight: 400;\">+<\/span><\/p>\n<p><span style=\"font-weight: 400;\">90 cm<\/span><\/td>\n<td><span style=\"font-weight: 400;\">138 cm<\/span><\/p>\n<p><span style=\"font-weight: 400;\">+\u00a0<\/span><\/p>\n<p><span style=\"font-weight: 400;\">105 cm<\/span><\/td>\n<td><span style=\"font-weight: 400;\">150 cm<\/span><\/p>\n<p><span style=\"font-weight: 400;\">+<\/span><\/p>\n<p><span style=\"font-weight: 400;\">112 cm<\/span><\/td>\n<td><span style=\"font-weight: 400;\">185 cm<\/span><\/p>\n<p><span style=\"font-weight: 400;\">+<\/span><\/p>\n<p><span style=\"font-weight: 400;\">120 cm<\/span><\/td>\n<td><span style=\"font-weight: 400;\">200 cm<\/span><\/p>\n<p><span style=\"font-weight: 400;\">+<\/span><\/p>\n<p><span style=\"font-weight: 400;\">126 cm<\/span><\/td>\n<\/tr>\n<tr>\n<td><b>manches longue, doubl\u00e9e + capuche (L150)<\/b><\/td>\n<td><span style=\"font-weight: 400;\">90 cm<\/span><\/p>\n<p><span style=\"font-weight: 400;\">+<\/span><\/p>\n<p><span style=\"font-weight: 400;\">51 cm<\/span><\/td>\n<td><span style=\"font-weight: 400;\">98 cm<\/span><\/p>\n<p><span style=\"font-weight: 400;\">+<\/span><\/p>\n<p><span style=\"font-weight: 400;\">59 cm<\/span><\/td>\n<td><span style=\"font-weight: 400;\">106 cm<\/span><\/p>\n<p><span style=\"font-weight: 400;\">+<\/span><\/p>\n<p><span style=\"font-weight: 400;\">80 cm<\/span><\/td>\n<td><span style=\"font-weight: 400;\">126 cm<\/span><\/p>\n<p><span style=\"font-weight: 400;\">+<\/span><\/p>\n<p><span style=\"font-weight: 400;\">100 cm<\/span><\/td>\n<td><span style=\"font-weight: 400;\">137 cm<\/span><\/p>\n<p><span style=\"font-weight: 400;\">+<\/span><\/p>\n<p><span style=\"font-weight: 400;\">112 cm<\/span><\/td>\n<td><span style=\"font-weight: 400;\">160 cm<\/span><\/p>\n<p><span style=\"font-weight: 400;\">+<\/span><\/p>\n<p><span style=\"font-weight: 400;\">120 cm<\/span><\/td>\n<td><span style=\"font-weight: 400;\">175 cm<\/span><\/p>\n<p><span style=\"font-weight: 400;\">+<\/span><\/p>\n<p><span style=\"font-weight: 400;\">126 cm<\/span><\/td>\n<\/tr>\n<\/tbody>\n<\/table>\n<p><strong>Conseil taille<\/strong> : les v\u00eatements taillent grands, choisissez la taille selon le tableau de mensuration.<\/p>\n<p><strong>Partagez nous votre r\u00e9alisation sur les r\u00e9seaux sociaux #lavestebaroudeur @maison_essentielle_<\/strong><\/p>\n","protected":false},"excerpt":{"rendered":"<p><strong>La veste baroudeur est une veste tout terrain, pour explorer le monde,\u00a0<\/strong><strong>elle a une coupe mixte et des doubles tailles pour durer longtemps.\u00a0<\/strong><\/p>\n<p><strong>La veste peut se r\u00e9aliser avec ou sans manche, doubl\u00e9e ou non, avec ou sans capuche<\/strong><\/p>\n<p><strong style=\"font-size: 16px;\">Patron papier<\/strong><span style=\"font-size: 16px;\"> \u00e0 taille r\u00e9elle de la taille 2 \u00e0 14 ans + \u00a0<\/span><strong style=\"font-size: 16px;\">Guide de r\u00e9alisation<\/strong><span style=\"font-size: 16px;\"> avec les \u00e9tapes de montage en image<\/span><\/p>\n<p><strong style=\"font-size: 16px;\">Temps de r\u00e9alisation<\/strong><span style=\"font-size: 16px;\"> : 2h \u00e0 3h30 <\/span><\/p>\n<p><strong style=\"font-size: 16px;\">Niveau interm\u00e9diaire en couture, <\/strong><span style=\"font-size: 16px;\">une vid\u00e9o de montage est disponible rubriques vid\u00e9os couture<\/span><\/p>\n<p><b>Mati\u00e8re conseill\u00e9 : <\/b>gabardine, lin enduit, matelass\u00e9 &#8211; M\u00e9trage : voir bas de page par taille<\/p>\n<p><strong>Accessoires n\u00e9cessaires<\/strong> : Fil \u00e0 coudre, 5 boutons, thermocollant plus fin que votre tissu<a href=\"https:\/\/maisonessentielle.com\/index.php\/accueil\/videos-de-montage\/\"><img fetchpriority=\"high\" decoding=\"async\" class=\"size-large wp-image-25630 alignleft\" src=\"https:\/\/maisonessentielle.com\/wp-content\/uploads\/2023\/08\/image0-42-600x450.jpeg\" alt=\"\" width=\"600\" height=\"450\" srcset=\"https:\/\/maisonessentielle.com\/wp-content\/uploads\/2023\/08\/image0-42-600x450.jpeg 600w, https:\/\/maisonessentielle.com\/wp-content\/uploads\/2023\/08\/image0-42-300x225.jpeg 300w, https:\/\/maisonessentielle.com\/wp-content\/uploads\/2023\/08\/image0-42-768x576.jpeg 768w, https:\/\/maisonessentielle.com\/wp-content\/uploads\/2023\/08\/image0-42.jpeg 1366w\" sizes=\"(max-width: 600px) 100vw, 600px\" \/><img decoding=\"async\" class=\"alignleft wp-image-36185 size-large\" src=\"https:\/\/maisonessentielle.com\/wp-content\/uploads\/2024\/07\/video-doubler-baroudeur-600x450.jpeg\" alt=\"\" width=\"600\" height=\"450\" srcset=\"https:\/\/maisonessentielle.com\/wp-content\/uploads\/2024\/07\/video-doubler-baroudeur-600x450.jpeg 600w, https:\/\/maisonessentielle.com\/wp-content\/uploads\/2024\/07\/video-doubler-baroudeur-300x225.jpeg 300w, https:\/\/maisonessentielle.com\/wp-content\/uploads\/2024\/07\/video-doubler-baroudeur-768x576.jpeg 768w, https:\/\/maisonessentielle.com\/wp-content\/uploads\/2024\/07\/video-doubler-baroudeur.jpeg 1366w\" sizes=\"(max-width: 600px) 100vw, 600px\" \/><\/a><\/p>\n","protected":false},"featured_media":43135,"comment_status":"open","ping_status":"closed","template":"","meta":{"_acf_changed":false,"site-sidebar-layout":"default","site-content-layout":"default","ast-site-content-layout":"default","site-content-style":"default","site-sidebar-style":"default","ast-global-header-display":"","ast-banner-title-visibility":"","ast-main-header-display":"","ast-hfb-above-header-display":"","ast-hfb-below-header-display":"","ast-hfb-mobile-header-display":"","site-post-title":"","ast-breadcrumbs-content":"","ast-featured-img":"","footer-sml-layout":"","ast-disable-related-posts":"","theme-transparent-header-meta":"default","adv-header-id-meta":"","stick-header-meta":"default","header-above-stick-meta":"","header-main-stick-meta":"","header-below-stick-meta":"","astra-migrate-meta-layouts":"set","ast-page-background-enabled":"default","ast-page-background-meta":{"desktop":{"background-color":"","background-image":"","background-repeat":"repeat","background-position":"center center","background-size":"auto","background-attachment":"scroll","background-type":"","background-media":"","overlay-type":"","overlay-color":"","overlay-opacity":"","overlay-gradient":""},"tablet":{"background-color":"","background-image":"","background-repeat":"repeat","background-position":"center center","background-size":"auto","background-attachment":"scroll","background-type":"","background-media":"","overlay-type":"","overlay-color":"","overlay-opacity":"","overlay-gradient":""},"mobile":{"background-color":"","background-image":"","background-repeat":"repeat","background-position":"center center","background-size":"auto","background-attachment":"scroll","background-type":"","background-media":"","overlay-type":"","overlay-color":"","overlay-opacity":"","overlay-gradient":""}},"ast-content-background-meta":{"desktop":{"background-color":"var(--ast-global-color-5)","background-image":"","background-repeat":"repeat","background-position":"center center","background-size":"auto","background-attachment":"scroll","background-type":"","background-media":"","overlay-type":"","overlay-color":"","overlay-opacity":"","overlay-gradient":""},"tablet":{"background-color":"var(--ast-global-color-5)","background-image":"","background-repeat":"repeat","background-position":"center center","background-size":"auto","background-attachment":"scroll","background-type":"","background-media":"","overlay-type":"","overlay-color":"","overlay-opacity":"","overlay-gradient":""},"mobile":{"background-color":"var(--ast-global-color-5)","background-image":"","background-repeat":"repeat","background-position":"center center","background-size":"auto","background-attachment":"scroll","background-type":"","background-media":"","overlay-type":"","overlay-color":"","overlay-opacity":"","overlay-gradient":""}}},"product_brand":[],"product_cat":[167],"product_tag":[],"class_list":{"0":"post-30866","1":"product","2":"type-product","3":"status-publish","4":"has-post-thumbnail","6":"product_cat-patrons-couture-pochette-enfant","7":"desktop-align-center","8":"tablet-align-center","9":"mobile-align-center","10":"ast-product-gallery-layout-horizontal","11":"ast-magnify-disabled","12":"ast-product-tabs-layout-horizontal","14":"first","15":"instock","16":"taxable","17":"shipping-taxable","18":"purchasable","19":"product-type-simple"},"acf":[],"yoast_head":"<!-- This site is optimized with the Yoast SEO plugin v27.3 - https:\/\/yoast.com\/product\/yoast-seo-wordpress\/ -->\n<title>Patron de couture la veste Baroudeur enfant, facile \u00e0 coudre<\/title>\n<meta name=\"description\" content=\"La veste Baroudeur enfant est un patron mixte, c&#039;est un mod\u00e8le tout terrain qui se r\u00e9alise avec ou sans capuche, avec ou sans manches.\" \/>\n<meta name=\"robots\" content=\"index, follow, max-snippet:-1, max-image-preview:large, max-video-preview:-1\" \/>\n<link rel=\"canonical\" href=\"https:\/\/maisonessentielle.com\/produit\/patron-la-veste-baroudeur-enfant\/\" \/>\n<meta property=\"og:locale\" content=\"fr_FR\" \/>\n<meta property=\"og:type\" content=\"article\" \/>\n<meta property=\"og:title\" content=\"Patron de couture la veste Baroudeur enfant, facile \u00e0 coudre\" \/>\n<meta property=\"og:description\" content=\"La veste Baroudeur enfant est un patron mixte, c&#039;est un mod\u00e8le tout terrain qui se r\u00e9alise avec ou sans capuche, avec ou sans manches.\" \/>\n<meta property=\"og:url\" content=\"https:\/\/maisonessentielle.com\/produit\/patron-la-veste-baroudeur-enfant\/\" \/>\n<meta property=\"og:site_name\" content=\"Maison Essentielle\" \/>\n<meta property=\"article:publisher\" content=\"https:\/\/www.facebook.com\/profile.php?id=61574309661771\" \/>\n<meta property=\"article:modified_time\" content=\"2026-04-06T13:15:46+00:00\" \/>\n<meta property=\"og:image\" content=\"https:\/\/maisonessentielle.com\/wp-content\/uploads\/2025\/02\/patron-veste-baroudeur-enfant-scaled.jpg\" \/>\n\t<meta property=\"og:image:width\" content=\"1708\" \/>\n\t<meta property=\"og:image:height\" content=\"2560\" \/>\n\t<meta property=\"og:image:type\" content=\"image\/jpeg\" \/>\n<meta name=\"twitter:card\" content=\"summary_large_image\" \/>\n<meta name=\"twitter:label1\" content=\"Dur\u00e9e de lecture estim\u00e9e\" \/>\n\t<meta name=\"twitter:data1\" content=\"2 minutes\" \/>\n<script type=\"application\/ld+json\" class=\"yoast-schema-graph\">{\"@context\":\"https:\\\/\\\/schema.org\",\"@graph\":[{\"@type\":\"WebPage\",\"@id\":\"https:\\\/\\\/maisonessentielle.com\\\/produit\\\/patron-la-veste-baroudeur-enfant\\\/\",\"url\":\"https:\\\/\\\/maisonessentielle.com\\\/produit\\\/patron-la-veste-baroudeur-enfant\\\/\",\"name\":\"Patron de couture la veste Baroudeur enfant, facile \u00e0 coudre\",\"isPartOf\":{\"@id\":\"https:\\\/\\\/maisonessentielle.com\\\/#website\"},\"primaryImageOfPage\":{\"@id\":\"https:\\\/\\\/maisonessentielle.com\\\/produit\\\/patron-la-veste-baroudeur-enfant\\\/#primaryimage\"},\"image\":{\"@id\":\"https:\\\/\\\/maisonessentielle.com\\\/produit\\\/patron-la-veste-baroudeur-enfant\\\/#primaryimage\"},\"thumbnailUrl\":\"https:\\\/\\\/maisonessentielle.com\\\/wp-content\\\/uploads\\\/2025\\\/02\\\/patron-veste-baroudeur-enfant-scaled.jpg\",\"datePublished\":\"2024-09-29T09:00:41+00:00\",\"dateModified\":\"2026-04-06T13:15:46+00:00\",\"description\":\"La veste Baroudeur enfant est un patron mixte, c'est un mod\u00e8le tout terrain qui se r\u00e9alise avec ou sans capuche, avec ou sans manches.\",\"breadcrumb\":{\"@id\":\"https:\\\/\\\/maisonessentielle.com\\\/produit\\\/patron-la-veste-baroudeur-enfant\\\/#breadcrumb\"},\"inLanguage\":\"fr-FR\",\"potentialAction\":[{\"@type\":\"ReadAction\",\"target\":[\"https:\\\/\\\/maisonessentielle.com\\\/produit\\\/patron-la-veste-baroudeur-enfant\\\/\"]}]},{\"@type\":\"ImageObject\",\"inLanguage\":\"fr-FR\",\"@id\":\"https:\\\/\\\/maisonessentielle.com\\\/produit\\\/patron-la-veste-baroudeur-enfant\\\/#primaryimage\",\"url\":\"https:\\\/\\\/maisonessentielle.com\\\/wp-content\\\/uploads\\\/2025\\\/02\\\/patron-veste-baroudeur-enfant-scaled.jpg\",\"contentUrl\":\"https:\\\/\\\/maisonessentielle.com\\\/wp-content\\\/uploads\\\/2025\\\/02\\\/patron-veste-baroudeur-enfant-scaled.jpg\",\"width\":1708,\"height\":2560},{\"@type\":\"BreadcrumbList\",\"@id\":\"https:\\\/\\\/maisonessentielle.com\\\/produit\\\/patron-la-veste-baroudeur-enfant\\\/#breadcrumb\",\"itemListElement\":[{\"@type\":\"ListItem\",\"position\":1,\"name\":\"Accueil\",\"item\":\"https:\\\/\\\/maisonessentielle.com\\\/\"},{\"@type\":\"ListItem\",\"position\":2,\"name\":\"Produits Essentiels\",\"item\":\"https:\\\/\\\/maisonessentielle.com\\\/shop\\\/\"},{\"@type\":\"ListItem\",\"position\":3,\"name\":\"Patron \u00ab\u00a0la veste baroudeur enfant\u00a0\u00bb\"}]},{\"@type\":\"WebSite\",\"@id\":\"https:\\\/\\\/maisonessentielle.com\\\/#website\",\"url\":\"https:\\\/\\\/maisonessentielle.com\\\/\",\"name\":\"Maison Essentielle\",\"description\":\"Vestiaire essentiel \u00e0 coudre ou \u00e0 porter\",\"publisher\":{\"@id\":\"https:\\\/\\\/maisonessentielle.com\\\/#organization\"},\"potentialAction\":[{\"@type\":\"SearchAction\",\"target\":{\"@type\":\"EntryPoint\",\"urlTemplate\":\"https:\\\/\\\/maisonessentielle.com\\\/?s={search_term_string}\"},\"query-input\":{\"@type\":\"PropertyValueSpecification\",\"valueRequired\":true,\"valueName\":\"search_term_string\"}}],\"inLanguage\":\"fr-FR\"},{\"@type\":\"Organization\",\"@id\":\"https:\\\/\\\/maisonessentielle.com\\\/#organization\",\"name\":\"Maison Essentielle\",\"url\":\"https:\\\/\\\/maisonessentielle.com\\\/\",\"logo\":{\"@type\":\"ImageObject\",\"inLanguage\":\"fr-FR\",\"@id\":\"https:\\\/\\\/maisonessentielle.com\\\/#\\\/schema\\\/logo\\\/image\\\/\",\"url\":\"https:\\\/\\\/maisonessentielle.com\\\/wp-content\\\/uploads\\\/2022\\\/03\\\/MAISON-ESSENTIELLE_LOGO_facture-min.png\",\"contentUrl\":\"https:\\\/\\\/maisonessentielle.com\\\/wp-content\\\/uploads\\\/2022\\\/03\\\/MAISON-ESSENTIELLE_LOGO_facture-min.png\",\"width\":400,\"height\":57,\"caption\":\"Maison Essentielle\"},\"image\":{\"@id\":\"https:\\\/\\\/maisonessentielle.com\\\/#\\\/schema\\\/logo\\\/image\\\/\"},\"sameAs\":[\"https:\\\/\\\/www.facebook.com\\\/profile.php?id=61574309661771\",\"https:\\\/\\\/www.instagram.com\\\/maison_essentielle_\\\/\"]}]}<\/script>\n<!-- \/ Yoast SEO plugin. -->","yoast_head_json":{"title":"Patron de couture la veste Baroudeur enfant, facile \u00e0 coudre","description":"La veste Baroudeur enfant est un patron mixte, c'est un mod\u00e8le tout terrain qui se r\u00e9alise avec ou sans capuche, avec ou sans manches.","robots":{"index":"index","follow":"follow","max-snippet":"max-snippet:-1","max-image-preview":"max-image-preview:large","max-video-preview":"max-video-preview:-1"},"canonical":"https:\/\/maisonessentielle.com\/produit\/patron-la-veste-baroudeur-enfant\/","og_locale":"fr_FR","og_type":"article","og_title":"Patron de couture la veste Baroudeur enfant, facile \u00e0 coudre","og_description":"La veste Baroudeur enfant est un patron mixte, c'est un mod\u00e8le tout terrain qui se r\u00e9alise avec ou sans capuche, avec ou sans manches.","og_url":"https:\/\/maisonessentielle.com\/produit\/patron-la-veste-baroudeur-enfant\/","og_site_name":"Maison Essentielle","article_publisher":"https:\/\/www.facebook.com\/profile.php?id=61574309661771","article_modified_time":"2026-04-06T13:15:46+00:00","og_image":[{"width":1708,"height":2560,"url":"https:\/\/maisonessentielle.com\/wp-content\/uploads\/2025\/02\/patron-veste-baroudeur-enfant-scaled.jpg","type":"image\/jpeg"}],"twitter_card":"summary_large_image","twitter_misc":{"Dur\u00e9e de lecture estim\u00e9e":"2 minutes"},"schema":{"@context":"https:\/\/schema.org","@graph":[{"@type":"WebPage","@id":"https:\/\/maisonessentielle.com\/produit\/patron-la-veste-baroudeur-enfant\/","url":"https:\/\/maisonessentielle.com\/produit\/patron-la-veste-baroudeur-enfant\/","name":"Patron de couture la veste Baroudeur enfant, facile \u00e0 coudre","isPartOf":{"@id":"https:\/\/maisonessentielle.com\/#website"},"primaryImageOfPage":{"@id":"https:\/\/maisonessentielle.com\/produit\/patron-la-veste-baroudeur-enfant\/#primaryimage"},"image":{"@id":"https:\/\/maisonessentielle.com\/produit\/patron-la-veste-baroudeur-enfant\/#primaryimage"},"thumbnailUrl":"https:\/\/maisonessentielle.com\/wp-content\/uploads\/2025\/02\/patron-veste-baroudeur-enfant-scaled.jpg","datePublished":"2024-09-29T09:00:41+00:00","dateModified":"2026-04-06T13:15:46+00:00","description":"La veste Baroudeur enfant est un patron mixte, c'est un mod\u00e8le tout terrain qui se r\u00e9alise avec ou sans capuche, avec ou sans manches.","breadcrumb":{"@id":"https:\/\/maisonessentielle.com\/produit\/patron-la-veste-baroudeur-enfant\/#breadcrumb"},"inLanguage":"fr-FR","potentialAction":[{"@type":"ReadAction","target":["https:\/\/maisonessentielle.com\/produit\/patron-la-veste-baroudeur-enfant\/"]}]},{"@type":"ImageObject","inLanguage":"fr-FR","@id":"https:\/\/maisonessentielle.com\/produit\/patron-la-veste-baroudeur-enfant\/#primaryimage","url":"https:\/\/maisonessentielle.com\/wp-content\/uploads\/2025\/02\/patron-veste-baroudeur-enfant-scaled.jpg","contentUrl":"https:\/\/maisonessentielle.com\/wp-content\/uploads\/2025\/02\/patron-veste-baroudeur-enfant-scaled.jpg","width":1708,"height":2560},{"@type":"BreadcrumbList","@id":"https:\/\/maisonessentielle.com\/produit\/patron-la-veste-baroudeur-enfant\/#breadcrumb","itemListElement":[{"@type":"ListItem","position":1,"name":"Accueil","item":"https:\/\/maisonessentielle.com\/"},{"@type":"ListItem","position":2,"name":"Produits Essentiels","item":"https:\/\/maisonessentielle.com\/shop\/"},{"@type":"ListItem","position":3,"name":"Patron \u00ab\u00a0la veste baroudeur enfant\u00a0\u00bb"}]},{"@type":"WebSite","@id":"https:\/\/maisonessentielle.com\/#website","url":"https:\/\/maisonessentielle.com\/","name":"Maison Essentielle","description":"Vestiaire essentiel \u00e0 coudre ou \u00e0 porter","publisher":{"@id":"https:\/\/maisonessentielle.com\/#organization"},"potentialAction":[{"@type":"SearchAction","target":{"@type":"EntryPoint","urlTemplate":"https:\/\/maisonessentielle.com\/?s={search_term_string}"},"query-input":{"@type":"PropertyValueSpecification","valueRequired":true,"valueName":"search_term_string"}}],"inLanguage":"fr-FR"},{"@type":"Organization","@id":"https:\/\/maisonessentielle.com\/#organization","name":"Maison Essentielle","url":"https:\/\/maisonessentielle.com\/","logo":{"@type":"ImageObject","inLanguage":"fr-FR","@id":"https:\/\/maisonessentielle.com\/#\/schema\/logo\/image\/","url":"https:\/\/maisonessentielle.com\/wp-content\/uploads\/2022\/03\/MAISON-ESSENTIELLE_LOGO_facture-min.png","contentUrl":"https:\/\/maisonessentielle.com\/wp-content\/uploads\/2022\/03\/MAISON-ESSENTIELLE_LOGO_facture-min.png","width":400,"height":57,"caption":"Maison Essentielle"},"image":{"@id":"https:\/\/maisonessentielle.com\/#\/schema\/logo\/image\/"},"sameAs":["https:\/\/www.facebook.com\/profile.php?id=61574309661771","https:\/\/www.instagram.com\/maison_essentielle_\/"]}]}},"_links":{"self":[{"href":"https:\/\/maisonessentielle.com\/wp-json\/wp\/v2\/product\/30866","targetHints":{"allow":["GET"]}}],"collection":[{"href":"https:\/\/maisonessentielle.com\/wp-json\/wp\/v2\/product"}],"about":[{"href":"https:\/\/maisonessentielle.com\/wp-json\/wp\/v2\/types\/product"}],"replies":[{"embeddable":true,"href":"https:\/\/maisonessentielle.com\/wp-json\/wp\/v2\/comments?post=30866"}],"version-history":[{"count":2,"href":"https:\/\/maisonessentielle.com\/wp-json\/wp\/v2\/product\/30866\/revisions"}],"predecessor-version":[{"id":55316,"href":"https:\/\/maisonessentielle.com\/wp-json\/wp\/v2\/product\/30866\/revisions\/55316"}],"wp:featuredmedia":[{"embeddable":true,"href":"https:\/\/maisonessentielle.com\/wp-json\/wp\/v2\/media\/43135"}],"wp:attachment":[{"href":"https:\/\/maisonessentielle.com\/wp-json\/wp\/v2\/media?parent=30866"}],"wp:term":[{"taxonomy":"product_brand","embeddable":true,"href":"https:\/\/maisonessentielle.com\/wp-json\/wp\/v2\/product_brand?post=30866"},{"taxonomy":"product_cat","embeddable":true,"href":"https:\/\/maisonessentielle.com\/wp-json\/wp\/v2\/product_cat?post=30866"},{"taxonomy":"product_tag","embeddable":true,"href":"https:\/\/maisonessentielle.com\/wp-json\/wp\/v2\/product_tag?post=30866"}],"curies":[{"name":"wp","href":"https:\/\/api.w.org\/{rel}","templated":true}]}}