{"id":25296,"date":"2023-08-05T19:00:58","date_gmt":"2023-08-05T17:00:58","guid":{"rendered":"https:\/\/maisonessentielle.com\/?post_type=product&#038;p=25296"},"modified":"2026-04-27T20:33:11","modified_gmt":"2026-04-27T18:33:11","slug":"patron-la-chemise-essentielle-enfant-pdf","status":"publish","type":"product","link":"https:\/\/maisonessentielle.com\/produit\/patron-la-chemise-essentielle-enfant-pdf\/","title":{"rendered":"Patron \u00ab\u00a0La chemise Essentielle\u00a0\u00bb ENFANT PDF"},"content":{"rendered":"<p style=\"text-align: left;\"><em><strong>Mod\u00e8le d\u00e9pos\u00e9, \u00e0 usage strictement priv\u00e9. Toute reproduction ou commercialisation m\u00eame partielle est strictement interdite.<\/strong><\/em><\/p>\n<p style=\"text-align: left;\">Choisissez la taille de votre enfant en vous r\u00e9f\u00e9rant \u00e0 ce tableau de mensuration (mesure en cm)<\/p>\n<table>\n<tbody>\n<tr>\n<td><\/td>\n<td><b>2 ans<\/b><\/p>\n<p><b>86 cm<\/b><\/td>\n<td><b>4 ans<\/b><\/p>\n<p><b>104 cm<\/b><\/td>\n<td><b>6 ans<\/b><\/p>\n<p><b>116 cm<\/b><\/td>\n<td><b>8 ans<\/b><\/p>\n<p><b>128 cm<\/b><\/td>\n<td><b>10 ans<\/b><\/p>\n<p><b>140 cm<\/b><\/td>\n<td><b>12 ans<\/b><\/p>\n<p><b>152 cm<\/b><\/td>\n<td><b>14 ans<\/b><\/p>\n<p><b>158 cm<\/b><\/td>\n<\/tr>\n<tr>\n<td><b>Poitrine<\/b><\/td>\n<td><span style=\"font-weight: 400;\">52 cm<\/span><\/td>\n<td><span style=\"font-weight: 400;\">56 cm<\/span><\/td>\n<td><span style=\"font-weight: 400;\">60 cm<\/span><\/td>\n<td><span style=\"font-weight: 400;\">64 cm<\/span><\/td>\n<td><span style=\"font-weight: 400;\">70 cm<\/span><\/td>\n<td><span style=\"font-weight: 400;\">74 cm<\/span><\/td>\n<td><span style=\"font-weight: 400;\">77 cm<\/span><\/td>\n<\/tr>\n<tr>\n<td><b>Taille<\/b><\/td>\n<td><span style=\"font-weight: 400;\">48 cm<\/span><\/td>\n<td><span style=\"font-weight: 400;\">52 cm<\/span><\/td>\n<td><span style=\"font-weight: 400;\">54 cm<\/span><\/td>\n<td><span style=\"font-weight: 400;\">56 cm<\/span><\/td>\n<td><span style=\"font-weight: 400;\">58 cm<\/span><\/td>\n<td><span style=\"font-weight: 400;\">60 cm<\/span><\/td>\n<td><span style=\"font-weight: 400;\">61,5 cm<\/span><\/td>\n<\/tr>\n<tr>\n<td><b>Hanches<\/b><\/td>\n<td><span style=\"font-weight: 400;\">58 cm<\/span><\/td>\n<td><span style=\"font-weight: 400;\">62 cm<\/span><\/td>\n<td><span style=\"font-weight: 400;\">66 cm<\/span><\/td>\n<td><span style=\"font-weight: 400;\">70 cm<\/span><\/td>\n<td><span style=\"font-weight: 400;\">76 cm<\/span><\/td>\n<td><span style=\"font-weight: 400;\">80 cm<\/span><\/td>\n<td><span style=\"font-weight: 400;\">88 cm<\/span><\/td>\n<\/tr>\n<tr>\n<td><b>M\u00e9trage\u00a0<\/b><\/p>\n<p><b>Tissus laize 140 cm<\/b><\/td>\n<td><span style=\"font-weight: 400;\">72 cm<\/span><\/td>\n<td><span style=\"font-weight: 400;\">77 cm<\/span><\/td>\n<td><span style=\"font-weight: 400;\">80 cm<\/span><\/td>\n<td><span style=\"font-weight: 400;\">92 cm<\/span><\/td>\n<td><span style=\"font-weight: 400;\">100 cm<\/span><\/td>\n<td><span style=\"font-weight: 400;\">110 cm<\/span><\/td>\n<td><span style=\"font-weight: 400;\">115 cm<\/span><\/td>\n<\/tr>\n<\/tbody>\n<\/table>\n<p>&nbsp;<\/p>\n<p style=\"text-align: center;\"><strong>Partagez-nous votre r\u00e9alisation sur les r\u00e9seaux sociaux #lachemiseessentielle @maison_essentielle_<\/strong><\/p>\n<p style=\"text-align: center;\"><strong>D\u00e9couvrez aussi nos ateliers Couture\u00a0<a href=\"https:\/\/maisonessentielle.com\/index.php\/ateliers-couture\/\">ici<\/a>\u00a0si vous \u00eates de la r\u00e9gion NORD<\/strong><\/p>\n","protected":false},"excerpt":{"rendered":"<p><strong>La chemise essentielle pour faire comme maman. Version fille : col et poignet volant\u00e9.\u00a0Version gar\u00e7on : col simple, poignet ourlet. <\/strong><\/p>\n<p><span style=\"font-weight: 300;\"><strong>Versions<\/strong> :\u00a0 boutonnage devant ou dos, col volant\u00e9 droit ou arrondi, col sans volant, poignet volant\u00e9 ou non<\/span><\/p>\n<p><strong>Patron papier<\/strong> \u00e0 taille r\u00e9elle de la taille 2 \u00e0 14 ans + \u00a0<strong>Guide de r\u00e9alisation<\/strong> avec les \u00e9tapes de montage<\/p>\n<p><strong>Niveau<\/strong> : interm\u00e9diaire &#8211; <strong>Temps de r\u00e9alisation<\/strong> : 2h \u00e0 3h &#8211;\u00a0<strong>Tissus conseill\u00e9s :<\/strong> double gaze,\u00a0 plumetis, coton lav\u00e9<\/p>\n<p><strong>Patrons PDF \u00e0 t\u00e9l\u00e9charger et \u00e0 imprimer de chez vous au format A4<\/strong>. Vous recevrez 3 fichiers par email d\u00e8s r\u00e9ception de votre paiement &#8211; <strong>Fichiers t\u00e9l\u00e9chargeables 3 fois pendant 30 jours\u00a0 &#8211; <span style=\"color: #808000;\">Attention, nous ne renvoyons pas les fichiers<\/span>\u00a0<\/strong><\/p>\n<ul>\n<li>le patron \u00e0 imprimer au format A4 (patron sans valeur de couture)<\/li>\n<li>le patron format A0 si vous avez un imprimeur qui imprime ce type de format (patron sans valeur de couture)<\/li>\n<li>le guide de r\u00e9alisation \u00e0 imprimer recto verso bord court pour avoir un livret<\/li>\n<li>le fichier miniature du patron pour vous permettre de visualiser le patron une fois assembl\u00e9<\/li>\n<\/ul>\n","protected":false},"featured_media":36132,"comment_status":"open","ping_status":"closed","template":"","meta":{"_acf_changed":false,"site-sidebar-layout":"default","site-content-layout":"default","ast-site-content-layout":"default","site-content-style":"default","site-sidebar-style":"default","ast-global-header-display":"","ast-banner-title-visibility":"","ast-main-header-display":"","ast-hfb-above-header-display":"","ast-hfb-below-header-display":"","ast-hfb-mobile-header-display":"","site-post-title":"","ast-breadcrumbs-content":"","ast-featured-img":"","footer-sml-layout":"","ast-disable-related-posts":"","theme-transparent-header-meta":"default","adv-header-id-meta":"","stick-header-meta":"default","header-above-stick-meta":"","header-main-stick-meta":"","header-below-stick-meta":"","astra-migrate-meta-layouts":"set","ast-page-background-enabled":"default","ast-page-background-meta":{"desktop":{"background-color":"","background-image":"","background-repeat":"repeat","background-position":"center center","background-size":"auto","background-attachment":"scroll","background-type":"","background-media":"","overlay-type":"","overlay-color":"","overlay-opacity":"","overlay-gradient":""},"tablet":{"background-color":"","background-image":"","background-repeat":"repeat","background-position":"center center","background-size":"auto","background-attachment":"scroll","background-type":"","background-media":"","overlay-type":"","overlay-color":"","overlay-opacity":"","overlay-gradient":""},"mobile":{"background-color":"","background-image":"","background-repeat":"repeat","background-position":"center center","background-size":"auto","background-attachment":"scroll","background-type":"","background-media":"","overlay-type":"","overlay-color":"","overlay-opacity":"","overlay-gradient":""}},"ast-content-background-meta":{"desktop":{"background-color":"var(--ast-global-color-5)","background-image":"","background-repeat":"repeat","background-position":"center center","background-size":"auto","background-attachment":"scroll","background-type":"","background-media":"","overlay-type":"","overlay-color":"","overlay-opacity":"","overlay-gradient":""},"tablet":{"background-color":"var(--ast-global-color-5)","background-image":"","background-repeat":"repeat","background-position":"center center","background-size":"auto","background-attachment":"scroll","background-type":"","background-media":"","overlay-type":"","overlay-color":"","overlay-opacity":"","overlay-gradient":""},"mobile":{"background-color":"var(--ast-global-color-5)","background-image":"","background-repeat":"repeat","background-position":"center center","background-size":"auto","background-attachment":"scroll","background-type":"","background-media":"","overlay-type":"","overlay-color":"","overlay-opacity":"","overlay-gradient":""}}},"product_brand":[],"product_cat":[249,214],"product_tag":[],"class_list":{"0":"post-25296","1":"product","2":"type-product","3":"status-publish","4":"has-post-thumbnail","6":"product_cat-patrons-couture-pdf","7":"product_cat-vestiaire-a-coudre","8":"desktop-align-center","9":"tablet-align-center","10":"mobile-align-center","11":"ast-product-gallery-layout-horizontal","12":"ast-magnify-disabled","13":"ast-product-tabs-layout-horizontal","15":"first","16":"instock","17":"downloadable","18":"virtual","19":"taxable","20":"purchasable","21":"product-type-simple"},"acf":[],"yoast_head":"<!-- This site is optimized with the Yoast SEO plugin v27.3 - https:\/\/yoast.com\/product\/yoast-seo-wordpress\/ -->\n<title>Patron &quot;La chemise Essentielle&quot; ENFANT PDF &#8226; Maison Essentielle<\/title>\n<meta name=\"robots\" content=\"index, follow, max-snippet:-1, max-image-preview:large, max-video-preview:-1\" \/>\n<link rel=\"canonical\" href=\"https:\/\/maisonessentielle.com\/produit\/patron-la-chemise-essentielle-enfant-pdf\/\" \/>\n<meta property=\"og:locale\" content=\"fr_FR\" \/>\n<meta property=\"og:type\" content=\"article\" \/>\n<meta property=\"og:title\" content=\"Patron &quot;La chemise Essentielle&quot; ENFANT PDF &#8226; Maison Essentielle\" \/>\n<meta property=\"og:description\" content=\"La chemise essentielle pour faire comme maman. Version fille : col et poignet volant\u00e9.\u00a0Version gar\u00e7on : col simple, poignet ourlet.   Versions :\u00a0 boutonnage devant ou dos, col volant\u00e9 droit ou arrondi, col sans volant, poignet volant\u00e9 ou non  Patron papier \u00e0 taille r\u00e9elle de la taille 2 \u00e0 14 ans + \u00a0Guide de r\u00e9alisation avec les \u00e9tapes de montage  Niveau : interm\u00e9diaire - Temps de r\u00e9alisation : 2h \u00e0 3h -\u00a0Tissus conseill\u00e9s : double gaze,\u00a0 plumetis, coton lav\u00e9  Patrons PDF \u00e0 t\u00e9l\u00e9charger et \u00e0 imprimer de chez vous au format A4. Vous recevrez 3 fichiers par email d\u00e8s r\u00e9ception de votre paiement - Fichiers t\u00e9l\u00e9chargeables 3 fois pendant 30 jours\u00a0 - Attention, nous ne renvoyons pas les fichiers\u00a0   le patron \u00e0 imprimer au format A4 (patron sans valeur de couture)  le patron format A0 si vous avez un imprimeur qui imprime ce type de format (patron sans valeur de couture)  le guide de r\u00e9alisation \u00e0 imprimer recto verso bord court pour avoir un livret  le fichier miniature du patron pour vous permettre de visualiser le patron une fois assembl\u00e9\" \/>\n<meta property=\"og:url\" content=\"https:\/\/maisonessentielle.com\/produit\/patron-la-chemise-essentielle-enfant-pdf\/\" \/>\n<meta property=\"og:site_name\" content=\"Maison Essentielle\" \/>\n<meta property=\"article:publisher\" content=\"https:\/\/www.facebook.com\/profile.php?id=61574309661771\" \/>\n<meta property=\"article:modified_time\" content=\"2026-04-27T18:33:11+00:00\" \/>\n<meta property=\"og:image\" content=\"https:\/\/maisonessentielle.com\/wp-content\/uploads\/2024\/07\/patron-de-couture-simple-maison-essentielle-14-scaled.jpg\" \/>\n\t<meta property=\"og:image:width\" content=\"1707\" \/>\n\t<meta property=\"og:image:height\" content=\"2560\" \/>\n\t<meta property=\"og:image:type\" content=\"image\/jpeg\" \/>\n<meta name=\"twitter:card\" content=\"summary_large_image\" \/>\n<meta name=\"twitter:label1\" content=\"Dur\u00e9e de lecture estim\u00e9e\" \/>\n\t<meta name=\"twitter:data1\" content=\"1 minute\" \/>\n<script type=\"application\/ld+json\" class=\"yoast-schema-graph\">{\"@context\":\"https:\\\/\\\/schema.org\",\"@graph\":[{\"@type\":\"WebPage\",\"@id\":\"https:\\\/\\\/maisonessentielle.com\\\/produit\\\/patron-la-chemise-essentielle-enfant-pdf\\\/\",\"url\":\"https:\\\/\\\/maisonessentielle.com\\\/produit\\\/patron-la-chemise-essentielle-enfant-pdf\\\/\",\"name\":\"Patron \\\"La chemise Essentielle\\\" ENFANT PDF &#8226; Maison Essentielle\",\"isPartOf\":{\"@id\":\"https:\\\/\\\/maisonessentielle.com\\\/#website\"},\"primaryImageOfPage\":{\"@id\":\"https:\\\/\\\/maisonessentielle.com\\\/produit\\\/patron-la-chemise-essentielle-enfant-pdf\\\/#primaryimage\"},\"image\":{\"@id\":\"https:\\\/\\\/maisonessentielle.com\\\/produit\\\/patron-la-chemise-essentielle-enfant-pdf\\\/#primaryimage\"},\"thumbnailUrl\":\"https:\\\/\\\/maisonessentielle.com\\\/wp-content\\\/uploads\\\/2024\\\/07\\\/patron-de-couture-simple-maison-essentielle-14-scaled.jpg\",\"datePublished\":\"2023-08-05T17:00:58+00:00\",\"dateModified\":\"2026-04-27T18:33:11+00:00\",\"breadcrumb\":{\"@id\":\"https:\\\/\\\/maisonessentielle.com\\\/produit\\\/patron-la-chemise-essentielle-enfant-pdf\\\/#breadcrumb\"},\"inLanguage\":\"fr-FR\",\"potentialAction\":[{\"@type\":\"ReadAction\",\"target\":[\"https:\\\/\\\/maisonessentielle.com\\\/produit\\\/patron-la-chemise-essentielle-enfant-pdf\\\/\"]}]},{\"@type\":\"ImageObject\",\"inLanguage\":\"fr-FR\",\"@id\":\"https:\\\/\\\/maisonessentielle.com\\\/produit\\\/patron-la-chemise-essentielle-enfant-pdf\\\/#primaryimage\",\"url\":\"https:\\\/\\\/maisonessentielle.com\\\/wp-content\\\/uploads\\\/2024\\\/07\\\/patron-de-couture-simple-maison-essentielle-14-scaled.jpg\",\"contentUrl\":\"https:\\\/\\\/maisonessentielle.com\\\/wp-content\\\/uploads\\\/2024\\\/07\\\/patron-de-couture-simple-maison-essentielle-14-scaled.jpg\",\"width\":1707,\"height\":2560},{\"@type\":\"BreadcrumbList\",\"@id\":\"https:\\\/\\\/maisonessentielle.com\\\/produit\\\/patron-la-chemise-essentielle-enfant-pdf\\\/#breadcrumb\",\"itemListElement\":[{\"@type\":\"ListItem\",\"position\":1,\"name\":\"Accueil\",\"item\":\"https:\\\/\\\/maisonessentielle.com\\\/\"},{\"@type\":\"ListItem\",\"position\":2,\"name\":\"Produits Essentiels\",\"item\":\"https:\\\/\\\/maisonessentielle.com\\\/shop\\\/\"},{\"@type\":\"ListItem\",\"position\":3,\"name\":\"Patron \u00ab\u00a0La chemise Essentielle\u00a0\u00bb ENFANT PDF\"}]},{\"@type\":\"WebSite\",\"@id\":\"https:\\\/\\\/maisonessentielle.com\\\/#website\",\"url\":\"https:\\\/\\\/maisonessentielle.com\\\/\",\"name\":\"Maison Essentielle\",\"description\":\"Vestiaire essentiel \u00e0 coudre ou \u00e0 porter\",\"publisher\":{\"@id\":\"https:\\\/\\\/maisonessentielle.com\\\/#organization\"},\"potentialAction\":[{\"@type\":\"SearchAction\",\"target\":{\"@type\":\"EntryPoint\",\"urlTemplate\":\"https:\\\/\\\/maisonessentielle.com\\\/?s={search_term_string}\"},\"query-input\":{\"@type\":\"PropertyValueSpecification\",\"valueRequired\":true,\"valueName\":\"search_term_string\"}}],\"inLanguage\":\"fr-FR\"},{\"@type\":\"Organization\",\"@id\":\"https:\\\/\\\/maisonessentielle.com\\\/#organization\",\"name\":\"Maison Essentielle\",\"url\":\"https:\\\/\\\/maisonessentielle.com\\\/\",\"logo\":{\"@type\":\"ImageObject\",\"inLanguage\":\"fr-FR\",\"@id\":\"https:\\\/\\\/maisonessentielle.com\\\/#\\\/schema\\\/logo\\\/image\\\/\",\"url\":\"https:\\\/\\\/maisonessentielle.com\\\/wp-content\\\/uploads\\\/2022\\\/03\\\/MAISON-ESSENTIELLE_LOGO_facture-min.png\",\"contentUrl\":\"https:\\\/\\\/maisonessentielle.com\\\/wp-content\\\/uploads\\\/2022\\\/03\\\/MAISON-ESSENTIELLE_LOGO_facture-min.png\",\"width\":400,\"height\":57,\"caption\":\"Maison Essentielle\"},\"image\":{\"@id\":\"https:\\\/\\\/maisonessentielle.com\\\/#\\\/schema\\\/logo\\\/image\\\/\"},\"sameAs\":[\"https:\\\/\\\/www.facebook.com\\\/profile.php?id=61574309661771\",\"https:\\\/\\\/www.instagram.com\\\/maison_essentielle_\\\/\"]}]}<\/script>\n<!-- \/ Yoast SEO plugin. -->","yoast_head_json":{"title":"Patron \"La chemise Essentielle\" ENFANT PDF &#8226; Maison Essentielle","robots":{"index":"index","follow":"follow","max-snippet":"max-snippet:-1","max-image-preview":"max-image-preview:large","max-video-preview":"max-video-preview:-1"},"canonical":"https:\/\/maisonessentielle.com\/produit\/patron-la-chemise-essentielle-enfant-pdf\/","og_locale":"fr_FR","og_type":"article","og_title":"Patron \"La chemise Essentielle\" ENFANT PDF &#8226; Maison Essentielle","og_description":"La chemise essentielle pour faire comme maman. Version fille : col et poignet volant\u00e9.\u00a0Version gar\u00e7on : col simple, poignet ourlet.   Versions :\u00a0 boutonnage devant ou dos, col volant\u00e9 droit ou arrondi, col sans volant, poignet volant\u00e9 ou non  Patron papier \u00e0 taille r\u00e9elle de la taille 2 \u00e0 14 ans + \u00a0Guide de r\u00e9alisation avec les \u00e9tapes de montage  Niveau : interm\u00e9diaire - Temps de r\u00e9alisation : 2h \u00e0 3h -\u00a0Tissus conseill\u00e9s : double gaze,\u00a0 plumetis, coton lav\u00e9  Patrons PDF \u00e0 t\u00e9l\u00e9charger et \u00e0 imprimer de chez vous au format A4. Vous recevrez 3 fichiers par email d\u00e8s r\u00e9ception de votre paiement - Fichiers t\u00e9l\u00e9chargeables 3 fois pendant 30 jours\u00a0 - Attention, nous ne renvoyons pas les fichiers\u00a0   le patron \u00e0 imprimer au format A4 (patron sans valeur de couture)  le patron format A0 si vous avez un imprimeur qui imprime ce type de format (patron sans valeur de couture)  le guide de r\u00e9alisation \u00e0 imprimer recto verso bord court pour avoir un livret  le fichier miniature du patron pour vous permettre de visualiser le patron une fois assembl\u00e9","og_url":"https:\/\/maisonessentielle.com\/produit\/patron-la-chemise-essentielle-enfant-pdf\/","og_site_name":"Maison Essentielle","article_publisher":"https:\/\/www.facebook.com\/profile.php?id=61574309661771","article_modified_time":"2026-04-27T18:33:11+00:00","og_image":[{"width":1707,"height":2560,"url":"https:\/\/maisonessentielle.com\/wp-content\/uploads\/2024\/07\/patron-de-couture-simple-maison-essentielle-14-scaled.jpg","type":"image\/jpeg"}],"twitter_card":"summary_large_image","twitter_misc":{"Dur\u00e9e de lecture estim\u00e9e":"1 minute"},"schema":{"@context":"https:\/\/schema.org","@graph":[{"@type":"WebPage","@id":"https:\/\/maisonessentielle.com\/produit\/patron-la-chemise-essentielle-enfant-pdf\/","url":"https:\/\/maisonessentielle.com\/produit\/patron-la-chemise-essentielle-enfant-pdf\/","name":"Patron \"La chemise Essentielle\" ENFANT PDF &#8226; Maison Essentielle","isPartOf":{"@id":"https:\/\/maisonessentielle.com\/#website"},"primaryImageOfPage":{"@id":"https:\/\/maisonessentielle.com\/produit\/patron-la-chemise-essentielle-enfant-pdf\/#primaryimage"},"image":{"@id":"https:\/\/maisonessentielle.com\/produit\/patron-la-chemise-essentielle-enfant-pdf\/#primaryimage"},"thumbnailUrl":"https:\/\/maisonessentielle.com\/wp-content\/uploads\/2024\/07\/patron-de-couture-simple-maison-essentielle-14-scaled.jpg","datePublished":"2023-08-05T17:00:58+00:00","dateModified":"2026-04-27T18:33:11+00:00","breadcrumb":{"@id":"https:\/\/maisonessentielle.com\/produit\/patron-la-chemise-essentielle-enfant-pdf\/#breadcrumb"},"inLanguage":"fr-FR","potentialAction":[{"@type":"ReadAction","target":["https:\/\/maisonessentielle.com\/produit\/patron-la-chemise-essentielle-enfant-pdf\/"]}]},{"@type":"ImageObject","inLanguage":"fr-FR","@id":"https:\/\/maisonessentielle.com\/produit\/patron-la-chemise-essentielle-enfant-pdf\/#primaryimage","url":"https:\/\/maisonessentielle.com\/wp-content\/uploads\/2024\/07\/patron-de-couture-simple-maison-essentielle-14-scaled.jpg","contentUrl":"https:\/\/maisonessentielle.com\/wp-content\/uploads\/2024\/07\/patron-de-couture-simple-maison-essentielle-14-scaled.jpg","width":1707,"height":2560},{"@type":"BreadcrumbList","@id":"https:\/\/maisonessentielle.com\/produit\/patron-la-chemise-essentielle-enfant-pdf\/#breadcrumb","itemListElement":[{"@type":"ListItem","position":1,"name":"Accueil","item":"https:\/\/maisonessentielle.com\/"},{"@type":"ListItem","position":2,"name":"Produits Essentiels","item":"https:\/\/maisonessentielle.com\/shop\/"},{"@type":"ListItem","position":3,"name":"Patron \u00ab\u00a0La chemise Essentielle\u00a0\u00bb ENFANT PDF"}]},{"@type":"WebSite","@id":"https:\/\/maisonessentielle.com\/#website","url":"https:\/\/maisonessentielle.com\/","name":"Maison Essentielle","description":"Vestiaire essentiel \u00e0 coudre ou \u00e0 porter","publisher":{"@id":"https:\/\/maisonessentielle.com\/#organization"},"potentialAction":[{"@type":"SearchAction","target":{"@type":"EntryPoint","urlTemplate":"https:\/\/maisonessentielle.com\/?s={search_term_string}"},"query-input":{"@type":"PropertyValueSpecification","valueRequired":true,"valueName":"search_term_string"}}],"inLanguage":"fr-FR"},{"@type":"Organization","@id":"https:\/\/maisonessentielle.com\/#organization","name":"Maison Essentielle","url":"https:\/\/maisonessentielle.com\/","logo":{"@type":"ImageObject","inLanguage":"fr-FR","@id":"https:\/\/maisonessentielle.com\/#\/schema\/logo\/image\/","url":"https:\/\/maisonessentielle.com\/wp-content\/uploads\/2022\/03\/MAISON-ESSENTIELLE_LOGO_facture-min.png","contentUrl":"https:\/\/maisonessentielle.com\/wp-content\/uploads\/2022\/03\/MAISON-ESSENTIELLE_LOGO_facture-min.png","width":400,"height":57,"caption":"Maison Essentielle"},"image":{"@id":"https:\/\/maisonessentielle.com\/#\/schema\/logo\/image\/"},"sameAs":["https:\/\/www.facebook.com\/profile.php?id=61574309661771","https:\/\/www.instagram.com\/maison_essentielle_\/"]}]}},"_links":{"self":[{"href":"https:\/\/maisonessentielle.com\/wp-json\/wp\/v2\/product\/25296","targetHints":{"allow":["GET"]}}],"collection":[{"href":"https:\/\/maisonessentielle.com\/wp-json\/wp\/v2\/product"}],"about":[{"href":"https:\/\/maisonessentielle.com\/wp-json\/wp\/v2\/types\/product"}],"replies":[{"embeddable":true,"href":"https:\/\/maisonessentielle.com\/wp-json\/wp\/v2\/comments?post=25296"}],"version-history":[{"count":1,"href":"https:\/\/maisonessentielle.com\/wp-json\/wp\/v2\/product\/25296\/revisions"}],"predecessor-version":[{"id":60047,"href":"https:\/\/maisonessentielle.com\/wp-json\/wp\/v2\/product\/25296\/revisions\/60047"}],"wp:featuredmedia":[{"embeddable":true,"href":"https:\/\/maisonessentielle.com\/wp-json\/wp\/v2\/media\/36132"}],"wp:attachment":[{"href":"https:\/\/maisonessentielle.com\/wp-json\/wp\/v2\/media?parent=25296"}],"wp:term":[{"taxonomy":"product_brand","embeddable":true,"href":"https:\/\/maisonessentielle.com\/wp-json\/wp\/v2\/product_brand?post=25296"},{"taxonomy":"product_cat","embeddable":true,"href":"https:\/\/maisonessentielle.com\/wp-json\/wp\/v2\/product_cat?post=25296"},{"taxonomy":"product_tag","embeddable":true,"href":"https:\/\/maisonessentielle.com\/wp-json\/wp\/v2\/product_tag?post=25296"}],"curies":[{"name":"wp","href":"https:\/\/api.w.org\/{rel}","templated":true}]}}