{"id":28975,"date":"2023-12-18T21:58:25","date_gmt":"2023-12-18T20:58:25","guid":{"rendered":"https:\/\/maisonessentielle.com\/?page_id=28975"},"modified":"2023-12-18T22:50:09","modified_gmt":"2023-12-18T21:50:09","slug":"privatisation","status":"publish","type":"page","link":"https:\/\/maisonessentielle.com\/privatisation\/","title":{"rendered":"Privatisation"},"content":{"rendered":"\t\t<div data-elementor-type=\"wp-page\" data-elementor-id=\"28975\" class=\"elementor elementor-28975\" data-elementor-post-type=\"page\">\n\t\t\t\t\t\t<section class=\"elementor-section elementor-top-section elementor-element elementor-element-11a2343 elementor-section-full_width elementor-section-height-default elementor-section-height-default\" data-id=\"11a2343\" data-element_type=\"section\" data-e-type=\"section\">\n\t\t\t\t\t\t<div class=\"elementor-container elementor-column-gap-default\">\n\t\t\t\t\t<div class=\"elementor-column elementor-col-100 elementor-top-column elementor-element elementor-element-5d4d7b2\" data-id=\"5d4d7b2\" data-element_type=\"column\" data-e-type=\"column\">\n\t\t\t<div class=\"elementor-widget-wrap elementor-element-populated\">\n\t\t\t\t\t\t<div class=\"elementor-element elementor-element-5763b7a elementor-widget elementor-widget-spacer\" data-id=\"5763b7a\" data-element_type=\"widget\" data-e-type=\"widget\" data-widget_type=\"spacer.default\">\n\t\t\t\t<div class=\"elementor-widget-container\">\n\t\t\t\t\t\t\t<div class=\"elementor-spacer\">\n\t\t\t<div class=\"elementor-spacer-inner\"><\/div>\n\t\t<\/div>\n\t\t\t\t\t\t<\/div>\n\t\t\t\t<\/div>\n\t\t\t\t\t<\/div>\n\t\t<\/div>\n\t\t\t\t\t<\/div>\n\t\t<\/section>\n\t\t\t\t<section class=\"elementor-section elementor-top-section elementor-element elementor-element-a56d868 elementor-section-full_width elementor-section-height-default elementor-section-height-default\" data-id=\"a56d868\" data-element_type=\"section\" data-e-type=\"section\">\n\t\t\t\t\t\t<div class=\"elementor-container elementor-column-gap-default\">\n\t\t\t\t\t<div class=\"elementor-column elementor-col-100 elementor-top-column elementor-element elementor-element-69f3551\" data-id=\"69f3551\" data-element_type=\"column\" data-e-type=\"column\">\n\t\t\t<div class=\"elementor-widget-wrap elementor-element-populated\">\n\t\t\t\t\t\t<div class=\"elementor-element elementor-element-e4b382c elementor-widget elementor-widget-text-editor\" data-id=\"e4b382c\" data-element_type=\"widget\" data-e-type=\"widget\" data-widget_type=\"text-editor.default\">\n\t\t\t\t<div class=\"elementor-widget-container\">\n\t\t\t\t\t\t\t\t\t<h2>PRIVATISATION &amp; EVENEMENTS PROFESSIONNELS\u00a0<\/h2><p><strong>Privatiser l&rsquo;atelier Maison Essentielle en famille ou entre amies<\/strong> : pour 5 \u00e0 6 personnes, en soir\u00e9e ou le WE,\u00a0 offrez-vous une parenth\u00e8se avec vos proches pour d\u00e9couvrir la c\u00e9ramique.\u00a0<\/p><p><span style=\"font-weight: bold; text-align: center;\">Organisez un atelier maison essentielle dans vos locaux ou points de vente :<\/span><span style=\"text-align: center;\"> En fonction de vos besoins ; team building, l\u00e2cher prise via la terre, rassembler, suprendre via un moment cr\u00e9atif&#8230; nous pouvons nous adapter \u00e0 vos besoins, <strong>Maison Essentielle se d\u00e9place et se charge de tout<\/strong> : fournitures, installation, animation, cuisson, \u00e9maillage des pi\u00e8ces apr\u00e8s l&rsquo;\u00e9v\u00e8nement.\u00a0<\/span><\/p><p><span style=\"text-align: center;\"><strong>Contactez nous<\/strong> en nous \u00e9crivant un email pr\u00e9cisant le nombre de personnes, l&rsquo;objectif, et dates souhait\u00e9s \u00e0 <strong>bonjour@maisonessentielle.com<\/strong><\/span><\/p><p><span style=\"text-align: center;\">\u00a0<\/span><\/p><h2><span style=\"text-align: center;\">NOS DERNIERS EVENEMENTS<\/span><\/h2>\t\t\t\t\t\t\t\t<\/div>\n\t\t\t\t<\/div>\n\t\t\t\t\t<\/div>\n\t\t<\/div>\n\t\t\t\t\t<\/div>\n\t\t<\/section>\n\t\t\t\t<section class=\"elementor-section elementor-top-section elementor-element elementor-element-c140513 elementor-section-full_width elementor-section-height-default elementor-section-height-default\" data-id=\"c140513\" data-element_type=\"section\" data-e-type=\"section\">\n\t\t\t\t\t\t<div class=\"elementor-container elementor-column-gap-default\">\n\t\t\t\t\t<div class=\"elementor-column elementor-col-50 elementor-top-column elementor-element elementor-element-0be9fe6\" data-id=\"0be9fe6\" data-element_type=\"column\" data-e-type=\"column\">\n\t\t\t<div class=\"elementor-widget-wrap elementor-element-populated\">\n\t\t\t\t\t\t<div class=\"elementor-element elementor-element-ab45ddd elementor-widget elementor-widget-image\" data-id=\"ab45ddd\" data-element_type=\"widget\" data-e-type=\"widget\" data-widget_type=\"image.default\">\n\t\t\t\t<div class=\"elementor-widget-container\">\n\t\t\t\t\t\t\t\t\t\t\t\t\t\t\t<img fetchpriority=\"high\" decoding=\"async\" width=\"825\" height=\"1280\" src=\"https:\/\/maisonessentielle.com\/wp-content\/uploads\/2023\/12\/IMG_8340.jpg\" class=\"attachment-full size-full wp-image-28973\" alt=\"\" srcset=\"https:\/\/maisonessentielle.com\/wp-content\/uploads\/2023\/12\/IMG_8340.jpg 825w, https:\/\/maisonessentielle.com\/wp-content\/uploads\/2023\/12\/IMG_8340-193x300.jpg 193w, https:\/\/maisonessentielle.com\/wp-content\/uploads\/2023\/12\/IMG_8340-387x600.jpg 387w, https:\/\/maisonessentielle.com\/wp-content\/uploads\/2023\/12\/IMG_8340-768x1192.jpg 768w, https:\/\/maisonessentielle.com\/wp-content\/uploads\/2023\/12\/IMG_8340-300x465.jpg 300w, https:\/\/maisonessentielle.com\/wp-content\/uploads\/2023\/12\/IMG_8340-600x931.jpg 600w\" sizes=\"(max-width: 825px) 100vw, 825px\" \/>\t\t\t\t\t\t\t\t\t\t\t\t\t\t\t<\/div>\n\t\t\t\t<\/div>\n\t\t\t\t\t<\/div>\n\t\t<\/div>\n\t\t\t\t<div class=\"elementor-column elementor-col-50 elementor-top-column elementor-element elementor-element-f5318f9\" data-id=\"f5318f9\" data-element_type=\"column\" data-e-type=\"column\">\n\t\t\t<div class=\"elementor-widget-wrap elementor-element-populated\">\n\t\t\t\t\t\t<div class=\"elementor-element elementor-element-ef29757 elementor-widget elementor-widget-text-editor\" data-id=\"ef29757\" data-element_type=\"widget\" data-e-type=\"widget\" data-widget_type=\"text-editor.default\">\n\t\t\t\t<div class=\"elementor-widget-container\">\n\t\t\t\t\t\t\t\t\t<h2><strong>Faire d\u00e9couvrir la nouvelle boutique de lille via une soir\u00e9e influenceuses et soir\u00e9e clients<\/strong><\/h2><p><img decoding=\"async\" class=\"aligncenter size-full wp-image-28930\" src=\"https:\/\/maisonessentielle.com\/wp-content\/uploads\/2023\/12\/tikamoon-logo-1.png\" alt=\"\" width=\"269\" height=\"188\" \/><\/p><p><strong>Afin de faire d\u00e9couvrir la nouvelle boutique rue esquermoise \u00e0 Lille,\u00a0<\/strong> Tikamoon a organis\u00e9 2 soir\u00e9es : une soir\u00e9e r\u00e9unissant cr\u00e9atrices de contenus et journalistes et une 2\u00e8me soir\u00e9e pour leurs clientes fid\u00e8les.<\/p><p><strong>Afin de partager un moment convivial<\/strong>, un atelier d\u00e9couverte de la c\u00e9ramique a \u00e9t\u00e9 organis\u00e9e au sein m\u00eame de la boutique avec le th\u00e8me.\u00a0<\/p><p><strong>Maison Essentielle se charge de tout :<\/strong> fournitures, installation, animation, cuisson, \u00e9maillage des pi\u00e8ces apr\u00e8s l&rsquo;\u00e9v\u00e8nement.\u00a0<\/p><p>\u00a0<\/p>\t\t\t\t\t\t\t\t<\/div>\n\t\t\t\t<\/div>\n\t\t\t\t\t<\/div>\n\t\t<\/div>\n\t\t\t\t\t<\/div>\n\t\t<\/section>\n\t\t\t\t<section class=\"elementor-section elementor-top-section elementor-element elementor-element-3887c8e elementor-section-full_width elementor-section-height-default elementor-section-height-default\" data-id=\"3887c8e\" data-element_type=\"section\" data-e-type=\"section\">\n\t\t\t\t\t\t<div class=\"elementor-container elementor-column-gap-default\">\n\t\t\t\t\t<div class=\"elementor-column elementor-col-100 elementor-top-column elementor-element elementor-element-d1e4cc3\" data-id=\"d1e4cc3\" data-element_type=\"column\" data-e-type=\"column\">\n\t\t\t<div class=\"elementor-widget-wrap elementor-element-populated\">\n\t\t\t\t\t\t<div class=\"elementor-element elementor-element-a4487fa elementor-widget elementor-widget-gallery\" data-id=\"a4487fa\" data-element_type=\"widget\" data-e-type=\"widget\" data-settings=\"{&quot;lazyload&quot;:&quot;yes&quot;,&quot;gallery_layout&quot;:&quot;grid&quot;,&quot;columns&quot;:4,&quot;columns_tablet&quot;:2,&quot;columns_mobile&quot;:1,&quot;gap&quot;:{&quot;unit&quot;:&quot;px&quot;,&quot;size&quot;:10,&quot;sizes&quot;:[]},&quot;gap_tablet&quot;:{&quot;unit&quot;:&quot;px&quot;,&quot;size&quot;:10,&quot;sizes&quot;:[]},&quot;gap_mobile&quot;:{&quot;unit&quot;:&quot;px&quot;,&quot;size&quot;:10,&quot;sizes&quot;:[]},&quot;link_to&quot;:&quot;file&quot;,&quot;aspect_ratio&quot;:&quot;3:2&quot;,&quot;overlay_background&quot;:&quot;yes&quot;,&quot;content_hover_animation&quot;:&quot;fade-in&quot;}\" data-widget_type=\"gallery.default\">\n\t\t\t\t<div class=\"elementor-widget-container\">\n\t\t\t\t\t\t\t<div class=\"elementor-gallery__container\">\n\t\t\t\t\t\t\t<a class=\"e-gallery-item elementor-gallery-item elementor-animated-content\" href=\"https:\/\/maisonessentielle.com\/wp-content\/uploads\/2023\/12\/atelier-ceramique-en-entreprise-3-e1770559183483.jpg\" data-elementor-open-lightbox=\"yes\" data-elementor-lightbox-slideshow=\"a4487fa\" data-elementor-lightbox-title=\"atelier ceramique en entreprise (3)\" data-e-action-hash=\"#elementor-action%3Aaction%3Dlightbox%26settings%3DeyJpZCI6Mjg5NzksInVybCI6Imh0dHBzOlwvXC9tYWlzb25lc3NlbnRpZWxsZS5jb21cL3dwLWNvbnRlbnRcL3VwbG9hZHNcLzIwMjNcLzEyXC9hdGVsaWVyLWNlcmFtaXF1ZS1lbi1lbnRyZXByaXNlLTMtZTE3NzA1NTkxODM0ODMuanBnIiwic2xpZGVzaG93IjoiYTQ0ODdmYSJ9\">\n\t\t\t\t\t<div class=\"e-gallery-image elementor-gallery-item__image\" data-thumbnail=\"https:\/\/maisonessentielle.com\/wp-content\/uploads\/2023\/12\/atelier-ceramique-en-entreprise-3-e1770559183483.jpg\" data-width=\"1344\" data-height=\"2016\" aria-label=\"\" role=\"img\" ><\/div>\n\t\t\t\t\t\t\t\t\t\t\t<div class=\"elementor-gallery-item__overlay\"><\/div>\n\t\t\t\t\t\t\t\t\t\t\t\t\t\t<\/a>\n\t\t\t\t\t\t\t<a class=\"e-gallery-item elementor-gallery-item elementor-animated-content\" href=\"https:\/\/maisonessentielle.com\/wp-content\/uploads\/2023\/12\/atelier-ceramique-en-entreprise-15.jpg\" data-elementor-open-lightbox=\"yes\" data-elementor-lightbox-slideshow=\"a4487fa\" data-elementor-lightbox-title=\"atelier ceramique en entreprise (15)\" data-e-action-hash=\"#elementor-action%3Aaction%3Dlightbox%26settings%3DeyJpZCI6Mjg5OTAsInVybCI6Imh0dHBzOlwvXC9tYWlzb25lc3NlbnRpZWxsZS5jb21cL3dwLWNvbnRlbnRcL3VwbG9hZHNcLzIwMjNcLzEyXC9hdGVsaWVyLWNlcmFtaXF1ZS1lbi1lbnRyZXByaXNlLTE1LmpwZyIsInNsaWRlc2hvdyI6ImE0NDg3ZmEifQ%3D%3D\">\n\t\t\t\t\t<div class=\"e-gallery-image elementor-gallery-item__image\" data-thumbnail=\"https:\/\/maisonessentielle.com\/wp-content\/uploads\/2023\/12\/atelier-ceramique-en-entreprise-15.jpg\" data-width=\"1512\" data-height=\"2016\" aria-label=\"\" role=\"img\" ><\/div>\n\t\t\t\t\t\t\t\t\t\t\t<div class=\"elementor-gallery-item__overlay\"><\/div>\n\t\t\t\t\t\t\t\t\t\t\t\t\t\t<\/a>\n\t\t\t\t\t\t\t<a class=\"e-gallery-item elementor-gallery-item elementor-animated-content\" href=\"https:\/\/maisonessentielle.com\/wp-content\/uploads\/2023\/12\/IMG_8340.jpg\" data-elementor-open-lightbox=\"yes\" data-elementor-lightbox-slideshow=\"a4487fa\" data-elementor-lightbox-title=\"privatiser atelier ceramique\" data-e-action-hash=\"#elementor-action%3Aaction%3Dlightbox%26settings%3DeyJpZCI6Mjg5NzMsInVybCI6Imh0dHBzOlwvXC9tYWlzb25lc3NlbnRpZWxsZS5jb21cL3dwLWNvbnRlbnRcL3VwbG9hZHNcLzIwMjNcLzEyXC9JTUdfODM0MC5qcGciLCJzbGlkZXNob3ciOiJhNDQ4N2ZhIn0%3D\">\n\t\t\t\t\t<div class=\"e-gallery-image elementor-gallery-item__image\" data-thumbnail=\"https:\/\/maisonessentielle.com\/wp-content\/uploads\/2023\/12\/IMG_8340.jpg\" data-width=\"825\" data-height=\"1280\" aria-label=\"\" role=\"img\" ><\/div>\n\t\t\t\t\t\t\t\t\t\t\t<div class=\"elementor-gallery-item__overlay\"><\/div>\n\t\t\t\t\t\t\t\t\t\t\t\t\t\t<\/a>\n\t\t\t\t\t\t\t<a class=\"e-gallery-item elementor-gallery-item elementor-animated-content\" href=\"https:\/\/maisonessentielle.com\/wp-content\/uploads\/2023\/12\/atelier-ceramique-en-entreprise-7.jpg\" data-elementor-open-lightbox=\"yes\" data-elementor-lightbox-slideshow=\"a4487fa\" data-elementor-lightbox-title=\"atelier ceramique en entreprise (7)\" data-e-action-hash=\"#elementor-action%3Aaction%3Dlightbox%26settings%3DeyJpZCI6Mjg5OTUsInVybCI6Imh0dHBzOlwvXC9tYWlzb25lc3NlbnRpZWxsZS5jb21cL3dwLWNvbnRlbnRcL3VwbG9hZHNcLzIwMjNcLzEyXC9hdGVsaWVyLWNlcmFtaXF1ZS1lbi1lbnRyZXByaXNlLTcuanBnIiwic2xpZGVzaG93IjoiYTQ0ODdmYSJ9\">\n\t\t\t\t\t<div class=\"e-gallery-image elementor-gallery-item__image\" data-thumbnail=\"https:\/\/maisonessentielle.com\/wp-content\/uploads\/2023\/12\/atelier-ceramique-en-entreprise-7.jpg\" data-width=\"1512\" data-height=\"2016\" aria-label=\"\" role=\"img\" ><\/div>\n\t\t\t\t\t\t\t\t\t\t\t<div class=\"elementor-gallery-item__overlay\"><\/div>\n\t\t\t\t\t\t\t\t\t\t\t\t\t\t<\/a>\n\t\t\t\t\t<\/div>\n\t\t\t\t\t<\/div>\n\t\t\t\t<\/div>\n\t\t\t\t\t<\/div>\n\t\t<\/div>\n\t\t\t\t\t<\/div>\n\t\t<\/section>\n\t\t\t\t<section class=\"elementor-section elementor-top-section elementor-element elementor-element-88948ab elementor-section-boxed elementor-section-height-default elementor-section-height-default\" data-id=\"88948ab\" data-element_type=\"section\" data-e-type=\"section\">\n\t\t\t\t\t\t<div class=\"elementor-container elementor-column-gap-default\">\n\t\t\t\t\t<div class=\"elementor-column elementor-col-100 elementor-top-column elementor-element elementor-element-9868007\" data-id=\"9868007\" data-element_type=\"column\" data-e-type=\"column\">\n\t\t\t<div class=\"elementor-widget-wrap elementor-element-populated\">\n\t\t\t\t\t\t<div class=\"elementor-element elementor-element-5b22286 elementor-widget elementor-widget-spacer\" data-id=\"5b22286\" data-element_type=\"widget\" data-e-type=\"widget\" data-widget_type=\"spacer.default\">\n\t\t\t\t<div class=\"elementor-widget-container\">\n\t\t\t\t\t\t\t<div class=\"elementor-spacer\">\n\t\t\t<div class=\"elementor-spacer-inner\"><\/div>\n\t\t<\/div>\n\t\t\t\t\t\t<\/div>\n\t\t\t\t<\/div>\n\t\t\t\t\t<\/div>\n\t\t<\/div>\n\t\t\t\t\t<\/div>\n\t\t<\/section>\n\t\t\t\t<section class=\"elementor-section elementor-top-section elementor-element elementor-element-f02ae96 elementor-section-full_width elementor-section-height-default elementor-section-height-default\" data-id=\"f02ae96\" data-element_type=\"section\" data-e-type=\"section\">\n\t\t\t\t\t\t<div class=\"elementor-container elementor-column-gap-default\">\n\t\t\t\t\t<div class=\"elementor-column elementor-col-50 elementor-top-column elementor-element elementor-element-1a5ce5c\" data-id=\"1a5ce5c\" data-element_type=\"column\" data-e-type=\"column\">\n\t\t\t<div class=\"elementor-widget-wrap elementor-element-populated\">\n\t\t\t\t\t\t<div class=\"elementor-element elementor-element-bb62796 elementor-widget elementor-widget-image\" data-id=\"bb62796\" data-element_type=\"widget\" data-e-type=\"widget\" data-widget_type=\"image.default\">\n\t\t\t\t<div class=\"elementor-widget-container\">\n\t\t\t\t\t\t\t\t\t\t\t\t\t\t\t<img decoding=\"async\" width=\"600\" height=\"600\" src=\"https:\/\/maisonessentielle.com\/wp-content\/uploads\/2023\/12\/privatiser-atelier-ceramique-lille-9-600x600.jpg\" class=\"attachment-large size-large wp-image-29000\" alt=\"\" srcset=\"https:\/\/maisonessentielle.com\/wp-content\/uploads\/2023\/12\/privatiser-atelier-ceramique-lille-9-600x600.jpg 600w, https:\/\/maisonessentielle.com\/wp-content\/uploads\/2023\/12\/privatiser-atelier-ceramique-lille-9-100x100.jpg 100w, https:\/\/maisonessentielle.com\/wp-content\/uploads\/2023\/12\/privatiser-atelier-ceramique-lille-9-300x300.jpg 300w, https:\/\/maisonessentielle.com\/wp-content\/uploads\/2023\/12\/privatiser-atelier-ceramique-lille-9-150x150.jpg 150w, https:\/\/maisonessentielle.com\/wp-content\/uploads\/2023\/12\/privatiser-atelier-ceramique-lille-9-768x768.jpg 768w, https:\/\/maisonessentielle.com\/wp-content\/uploads\/2023\/12\/privatiser-atelier-ceramique-lille-9-1536x1536.jpg 1536w, https:\/\/maisonessentielle.com\/wp-content\/uploads\/2023\/12\/privatiser-atelier-ceramique-lille-9-2048x2048.jpg 2048w\" sizes=\"(max-width: 600px) 100vw, 600px\" \/>\t\t\t\t\t\t\t\t\t\t\t\t\t\t\t<\/div>\n\t\t\t\t<\/div>\n\t\t\t\t\t<\/div>\n\t\t<\/div>\n\t\t\t\t<div class=\"elementor-column elementor-col-50 elementor-top-column elementor-element elementor-element-5c45593\" data-id=\"5c45593\" data-element_type=\"column\" data-e-type=\"column\">\n\t\t\t<div class=\"elementor-widget-wrap elementor-element-populated\">\n\t\t\t\t\t\t<div class=\"elementor-element elementor-element-b9e7ca0 elementor-widget elementor-widget-text-editor\" data-id=\"b9e7ca0\" data-element_type=\"widget\" data-e-type=\"widget\" data-widget_type=\"text-editor.default\">\n\t\t\t\t<div class=\"elementor-widget-container\">\n\t\t\t\t\t\t\t\t\t<h2><strong>Offrez vous une parenth\u00e8se cr\u00e9ative en famille ou entre amies\u00a0<\/strong><\/h2><p>Accessibles aux d\u00e9butants et d\u00e8s l&rsquo;\u00e2ge de 8 ans, <strong>d\u00e9couvrez la magie de la terre<\/strong> et fabriquez ensemble vos objets du quotidien.\u00a0<\/p><p>Nous vous proposons une formule <strong>en 1 ou 2 s\u00e9ances.<\/strong>\u00a0<\/p><p>L&rsquo;atelier peut se privatiser pour <strong>5 \u00e0 6 personnes.<\/strong><\/p>\t\t\t\t\t\t\t\t<\/div>\n\t\t\t\t<\/div>\n\t\t\t\t\t<\/div>\n\t\t<\/div>\n\t\t\t\t\t<\/div>\n\t\t<\/section>\n\t\t\t\t<section class=\"elementor-section elementor-top-section elementor-element elementor-element-37cf575 elementor-section-full_width elementor-section-height-default elementor-section-height-default\" data-id=\"37cf575\" data-element_type=\"section\" data-e-type=\"section\">\n\t\t\t\t\t\t<div class=\"elementor-container elementor-column-gap-default\">\n\t\t\t\t\t<div class=\"elementor-column elementor-col-100 elementor-top-column elementor-element elementor-element-aa3cde4\" data-id=\"aa3cde4\" data-element_type=\"column\" data-e-type=\"column\">\n\t\t\t<div class=\"elementor-widget-wrap elementor-element-populated\">\n\t\t\t\t\t\t<div class=\"elementor-element elementor-element-4d28b84 elementor-widget elementor-widget-gallery\" data-id=\"4d28b84\" data-element_type=\"widget\" data-e-type=\"widget\" data-settings=\"{&quot;lazyload&quot;:&quot;yes&quot;,&quot;gallery_layout&quot;:&quot;grid&quot;,&quot;columns&quot;:4,&quot;columns_tablet&quot;:2,&quot;columns_mobile&quot;:1,&quot;gap&quot;:{&quot;unit&quot;:&quot;px&quot;,&quot;size&quot;:10,&quot;sizes&quot;:[]},&quot;gap_tablet&quot;:{&quot;unit&quot;:&quot;px&quot;,&quot;size&quot;:10,&quot;sizes&quot;:[]},&quot;gap_mobile&quot;:{&quot;unit&quot;:&quot;px&quot;,&quot;size&quot;:10,&quot;sizes&quot;:[]},&quot;link_to&quot;:&quot;file&quot;,&quot;aspect_ratio&quot;:&quot;3:2&quot;,&quot;overlay_background&quot;:&quot;yes&quot;,&quot;content_hover_animation&quot;:&quot;fade-in&quot;}\" data-widget_type=\"gallery.default\">\n\t\t\t\t<div class=\"elementor-widget-container\">\n\t\t\t\t\t\t\t<div class=\"elementor-gallery__container\">\n\t\t\t\t\t\t\t<a class=\"e-gallery-item elementor-gallery-item elementor-animated-content\" href=\"https:\/\/maisonessentielle.com\/wp-content\/uploads\/2023\/12\/IMG_0578-scaled.jpg\" data-elementor-open-lightbox=\"yes\" data-elementor-lightbox-slideshow=\"4d28b84\" data-elementor-lightbox-title=\"atelier ceramique\" data-e-action-hash=\"#elementor-action%3Aaction%3Dlightbox%26settings%3DeyJpZCI6MjkwMDEsInVybCI6Imh0dHBzOlwvXC9tYWlzb25lc3NlbnRpZWxsZS5jb21cL3dwLWNvbnRlbnRcL3VwbG9hZHNcLzIwMjNcLzEyXC9JTUdfMDU3OC1zY2FsZWQuanBnIiwic2xpZGVzaG93IjoiNGQyOGI4NCJ9\">\n\t\t\t\t\t<div class=\"e-gallery-image elementor-gallery-item__image\" data-thumbnail=\"https:\/\/maisonessentielle.com\/wp-content\/uploads\/2023\/12\/IMG_0578-300x300.jpg\" data-width=\"300\" data-height=\"300\" aria-label=\"\" role=\"img\" ><\/div>\n\t\t\t\t\t\t\t\t\t\t\t<div class=\"elementor-gallery-item__overlay\"><\/div>\n\t\t\t\t\t\t\t\t\t\t\t\t\t\t<\/a>\n\t\t\t\t\t\t\t<a class=\"e-gallery-item elementor-gallery-item elementor-animated-content\" href=\"https:\/\/maisonessentielle.com\/wp-content\/uploads\/2023\/12\/IMG_E1036-scaled.jpg\" data-elementor-open-lightbox=\"yes\" data-elementor-lightbox-slideshow=\"4d28b84\" data-elementor-lightbox-title=\"atelier ceramique\" data-e-action-hash=\"#elementor-action%3Aaction%3Dlightbox%26settings%3DeyJpZCI6MjkwMDMsInVybCI6Imh0dHBzOlwvXC9tYWlzb25lc3NlbnRpZWxsZS5jb21cL3dwLWNvbnRlbnRcL3VwbG9hZHNcLzIwMjNcLzEyXC9JTUdfRTEwMzYtc2NhbGVkLmpwZyIsInNsaWRlc2hvdyI6IjRkMjhiODQifQ%3D%3D\">\n\t\t\t\t\t<div class=\"e-gallery-image elementor-gallery-item__image\" data-thumbnail=\"https:\/\/maisonessentielle.com\/wp-content\/uploads\/2023\/12\/IMG_E1036-300x300.jpg\" data-width=\"300\" data-height=\"300\" aria-label=\"\" role=\"img\" ><\/div>\n\t\t\t\t\t\t\t\t\t\t\t<div class=\"elementor-gallery-item__overlay\"><\/div>\n\t\t\t\t\t\t\t\t\t\t\t\t\t\t<\/a>\n\t\t\t\t\t\t\t<a class=\"e-gallery-item elementor-gallery-item elementor-animated-content\" href=\"https:\/\/maisonessentielle.com\/wp-content\/uploads\/2023\/12\/privatiser-atelier-ceramique-lille-3.jpg\" data-elementor-open-lightbox=\"yes\" data-elementor-lightbox-slideshow=\"4d28b84\" data-elementor-lightbox-title=\"privatiser atelier ceramique lille (3)\" data-e-action-hash=\"#elementor-action%3Aaction%3Dlightbox%26settings%3DeyJpZCI6MjkwMDUsInVybCI6Imh0dHBzOlwvXC9tYWlzb25lc3NlbnRpZWxsZS5jb21cL3dwLWNvbnRlbnRcL3VwbG9hZHNcLzIwMjNcLzEyXC9wcml2YXRpc2VyLWF0ZWxpZXItY2VyYW1pcXVlLWxpbGxlLTMuanBnIiwic2xpZGVzaG93IjoiNGQyOGI4NCJ9\">\n\t\t\t\t\t<div class=\"e-gallery-image elementor-gallery-item__image\" data-thumbnail=\"https:\/\/maisonessentielle.com\/wp-content\/uploads\/2023\/12\/privatiser-atelier-ceramique-lille-3-300x300.jpg\" data-width=\"300\" data-height=\"300\" aria-label=\"\" role=\"img\" ><\/div>\n\t\t\t\t\t\t\t\t\t\t\t<div class=\"elementor-gallery-item__overlay\"><\/div>\n\t\t\t\t\t\t\t\t\t\t\t\t\t\t<\/a>\n\t\t\t\t\t\t\t<a class=\"e-gallery-item elementor-gallery-item elementor-animated-content\" href=\"https:\/\/maisonessentielle.com\/wp-content\/uploads\/2021\/09\/DA859D8B-9E0A-40CD-BB3A-D3B2E9744ECA-scaled.jpeg\" data-elementor-open-lightbox=\"yes\" data-elementor-lightbox-slideshow=\"4d28b84\" data-elementor-lightbox-title=\"atelier ceramique lille\" data-e-action-hash=\"#elementor-action%3Aaction%3Dlightbox%26settings%3DeyJpZCI6MTExMDMsInVybCI6Imh0dHBzOlwvXC9tYWlzb25lc3NlbnRpZWxsZS5jb21cL3dwLWNvbnRlbnRcL3VwbG9hZHNcLzIwMjFcLzA5XC9EQTg1OUQ4Qi05RTBBLTQwQ0QtQkIzQS1EM0IyRTk3NDRFQ0Etc2NhbGVkLmpwZWciLCJzbGlkZXNob3ciOiI0ZDI4Yjg0In0%3D\">\n\t\t\t\t\t<div class=\"e-gallery-image elementor-gallery-item__image\" data-thumbnail=\"https:\/\/maisonessentielle.com\/wp-content\/uploads\/2021\/09\/DA859D8B-9E0A-40CD-BB3A-D3B2E9744ECA-225x300.jpeg\" data-width=\"225\" data-height=\"300\" aria-label=\"\" role=\"img\" ><\/div>\n\t\t\t\t\t\t\t\t\t\t\t<div class=\"elementor-gallery-item__overlay\"><\/div>\n\t\t\t\t\t\t\t\t\t\t\t\t\t\t<\/a>\n\t\t\t\t\t\t\t<a class=\"e-gallery-item elementor-gallery-item elementor-animated-content\" href=\"https:\/\/maisonessentielle.com\/wp-content\/uploads\/2023\/12\/privatiser-atelier-ceramique-lille-6-scaled.jpg\" data-elementor-open-lightbox=\"yes\" data-elementor-lightbox-slideshow=\"4d28b84\" data-elementor-lightbox-title=\"privatiser atelier ceramique lille (6)\" data-e-action-hash=\"#elementor-action%3Aaction%3Dlightbox%26settings%3DeyJpZCI6MjkwMDYsInVybCI6Imh0dHBzOlwvXC9tYWlzb25lc3NlbnRpZWxsZS5jb21cL3dwLWNvbnRlbnRcL3VwbG9hZHNcLzIwMjNcLzEyXC9wcml2YXRpc2VyLWF0ZWxpZXItY2VyYW1pcXVlLWxpbGxlLTYtc2NhbGVkLmpwZyIsInNsaWRlc2hvdyI6IjRkMjhiODQifQ%3D%3D\">\n\t\t\t\t\t<div class=\"e-gallery-image elementor-gallery-item__image\" data-thumbnail=\"https:\/\/maisonessentielle.com\/wp-content\/uploads\/2023\/12\/privatiser-atelier-ceramique-lille-6-300x300.jpg\" data-width=\"300\" data-height=\"300\" aria-label=\"\" role=\"img\" ><\/div>\n\t\t\t\t\t\t\t\t\t\t\t<div class=\"elementor-gallery-item__overlay\"><\/div>\n\t\t\t\t\t\t\t\t\t\t\t\t\t\t<\/a>\n\t\t\t\t\t\t\t<a class=\"e-gallery-item elementor-gallery-item elementor-animated-content\" href=\"https:\/\/maisonessentielle.com\/wp-content\/uploads\/2023\/12\/privatiser-atelier-ceramique-lille-7-scaled.jpg\" data-elementor-open-lightbox=\"yes\" data-elementor-lightbox-slideshow=\"4d28b84\" data-elementor-lightbox-title=\"privatiser atelier ceramique lille (7)\" data-e-action-hash=\"#elementor-action%3Aaction%3Dlightbox%26settings%3DeyJpZCI6MjkwMDcsInVybCI6Imh0dHBzOlwvXC9tYWlzb25lc3NlbnRpZWxsZS5jb21cL3dwLWNvbnRlbnRcL3VwbG9hZHNcLzIwMjNcLzEyXC9wcml2YXRpc2VyLWF0ZWxpZXItY2VyYW1pcXVlLWxpbGxlLTctc2NhbGVkLmpwZyIsInNsaWRlc2hvdyI6IjRkMjhiODQifQ%3D%3D\">\n\t\t\t\t\t<div class=\"e-gallery-image elementor-gallery-item__image\" data-thumbnail=\"https:\/\/maisonessentielle.com\/wp-content\/uploads\/2023\/12\/privatiser-atelier-ceramique-lille-7-300x300.jpg\" data-width=\"300\" data-height=\"300\" aria-label=\"\" role=\"img\" ><\/div>\n\t\t\t\t\t\t\t\t\t\t\t<div class=\"elementor-gallery-item__overlay\"><\/div>\n\t\t\t\t\t\t\t\t\t\t\t\t\t\t<\/a>\n\t\t\t\t\t<\/div>\n\t\t\t\t\t<\/div>\n\t\t\t\t<\/div>\n\t\t\t\t\t<\/div>\n\t\t<\/div>\n\t\t\t\t\t<\/div>\n\t\t<\/section>\n\t\t\t\t<\/div>\n\t\t","protected":false},"excerpt":{"rendered":"<p>PRIVATISATION &amp; EVENEMENTS PROFESSIONNELS\u00a0 Privatiser l&rsquo;atelier Maison Essentielle en famille ou entre amies : pour 5 \u00e0 6 personnes, en soir\u00e9e ou le WE,\u00a0 offrez-vous une parenth\u00e8se avec vos proches [&hellip;]<\/p>\n","protected":false},"author":19,"featured_media":0,"parent":0,"menu_order":0,"comment_status":"closed","ping_status":"closed","template":"","meta":{"_acf_changed":false,"site-sidebar-layout":"no-sidebar","site-content-layout":"page-builder","ast-site-content-layout":"full-width-container","site-content-style":"default","site-sidebar-style":"default","ast-global-header-display":"","ast-banner-title-visibility":"","ast-main-header-display":"","ast-hfb-above-header-display":"","ast-hfb-below-header-display":"","ast-hfb-mobile-header-display":"","site-post-title":"disabled","ast-breadcrumbs-content":"","ast-featured-img":"disabled","footer-sml-layout":"","ast-disable-related-posts":"","theme-transparent-header-meta":"","adv-header-id-meta":"","stick-header-meta":"","header-above-stick-meta":"","header-main-stick-meta":"","header-below-stick-meta":"","astra-migrate-meta-layouts":"set","ast-page-background-enabled":"default","ast-page-background-meta":{"desktop":{"background-color":"","background-image":"","background-repeat":"repeat","background-position":"center center","background-size":"auto","background-attachment":"scroll","background-type":"","background-media":"","overlay-type":"","overlay-color":"","overlay-opacity":"","overlay-gradient":""},"tablet":{"background-color":"","background-image":"","background-repeat":"repeat","background-position":"center center","background-size":"auto","background-attachment":"scroll","background-type":"","background-media":"","overlay-type":"","overlay-color":"","overlay-opacity":"","overlay-gradient":""},"mobile":{"background-color":"","background-image":"","background-repeat":"repeat","background-position":"center center","background-size":"auto","background-attachment":"scroll","background-type":"","background-media":"","overlay-type":"","overlay-color":"","overlay-opacity":"","overlay-gradient":""}},"ast-content-background-meta":{"desktop":{"background-color":"var(--ast-global-color-5)","background-image":"","background-repeat":"repeat","background-position":"center center","background-size":"auto","background-attachment":"scroll","background-type":"","background-media":"","overlay-type":"","overlay-color":"","overlay-opacity":"","overlay-gradient":""},"tablet":{"background-color":"var(--ast-global-color-5)","background-image":"","background-repeat":"repeat","background-position":"center center","background-size":"auto","background-attachment":"scroll","background-type":"","background-media":"","overlay-type":"","overlay-color":"","overlay-opacity":"","overlay-gradient":""},"mobile":{"background-color":"var(--ast-global-color-5)","background-image":"","background-repeat":"repeat","background-position":"center center","background-size":"auto","background-attachment":"scroll","background-type":"","background-media":"","overlay-type":"","overlay-color":"","overlay-opacity":"","overlay-gradient":""}},"footnotes":""},"class_list":["post-28975","page","type-page","status-publish","hentry"],"acf":[],"yoast_head":"<!-- This site is optimized with the Yoast SEO plugin v27.3 - https:\/\/yoast.com\/product\/yoast-seo-wordpress\/ -->\n<title>Privatisation &#8226; Maison Essentielle<\/title>\n<meta name=\"robots\" content=\"index, follow, max-snippet:-1, max-image-preview:large, max-video-preview:-1\" \/>\n<link rel=\"canonical\" href=\"https:\/\/maisonessentielle.com\/privatisation\/\" \/>\n<meta property=\"og:locale\" content=\"fr_FR\" \/>\n<meta property=\"og:type\" content=\"article\" \/>\n<meta property=\"og:title\" content=\"Privatisation &#8226; Maison Essentielle\" \/>\n<meta property=\"og:description\" content=\"PRIVATISATION &amp; EVENEMENTS PROFESSIONNELS\u00a0 Privatiser l&rsquo;atelier Maison Essentielle en famille ou entre amies : pour 5 \u00e0 6 personnes, en soir\u00e9e ou le WE,\u00a0 offrez-vous une parenth\u00e8se avec vos proches [&hellip;]\" \/>\n<meta property=\"og:url\" content=\"https:\/\/maisonessentielle.com\/privatisation\/\" \/>\n<meta property=\"og:site_name\" content=\"Maison Essentielle\" \/>\n<meta property=\"article:publisher\" content=\"https:\/\/www.facebook.com\/profile.php?id=61574309661771\" \/>\n<meta property=\"article:modified_time\" content=\"2023-12-18T21:50:09+00:00\" \/>\n<meta property=\"og:image\" content=\"https:\/\/maisonessentielle.com\/wp-content\/uploads\/2023\/12\/IMG_8340.jpg\" \/>\n<meta name=\"twitter:card\" content=\"summary_large_image\" \/>\n<meta name=\"twitter:label1\" content=\"Dur\u00e9e de lecture estim\u00e9e\" \/>\n\t<meta name=\"twitter:data1\" content=\"2 minutes\" \/>\n<script type=\"application\/ld+json\" class=\"yoast-schema-graph\">{\"@context\":\"https:\\\/\\\/schema.org\",\"@graph\":[{\"@type\":\"WebPage\",\"@id\":\"https:\\\/\\\/maisonessentielle.com\\\/privatisation\\\/\",\"url\":\"https:\\\/\\\/maisonessentielle.com\\\/privatisation\\\/\",\"name\":\"Privatisation &#8226; Maison Essentielle\",\"isPartOf\":{\"@id\":\"https:\\\/\\\/maisonessentielle.com\\\/#website\"},\"primaryImageOfPage\":{\"@id\":\"https:\\\/\\\/maisonessentielle.com\\\/privatisation\\\/#primaryimage\"},\"image\":{\"@id\":\"https:\\\/\\\/maisonessentielle.com\\\/privatisation\\\/#primaryimage\"},\"thumbnailUrl\":\"https:\\\/\\\/maisonessentielle.com\\\/wp-content\\\/uploads\\\/2023\\\/12\\\/IMG_8340.jpg\",\"datePublished\":\"2023-12-18T20:58:25+00:00\",\"dateModified\":\"2023-12-18T21:50:09+00:00\",\"breadcrumb\":{\"@id\":\"https:\\\/\\\/maisonessentielle.com\\\/privatisation\\\/#breadcrumb\"},\"inLanguage\":\"fr-FR\",\"potentialAction\":[{\"@type\":\"ReadAction\",\"target\":[\"https:\\\/\\\/maisonessentielle.com\\\/privatisation\\\/\"]}]},{\"@type\":\"ImageObject\",\"inLanguage\":\"fr-FR\",\"@id\":\"https:\\\/\\\/maisonessentielle.com\\\/privatisation\\\/#primaryimage\",\"url\":\"https:\\\/\\\/maisonessentielle.com\\\/wp-content\\\/uploads\\\/2023\\\/12\\\/IMG_8340.jpg\",\"contentUrl\":\"https:\\\/\\\/maisonessentielle.com\\\/wp-content\\\/uploads\\\/2023\\\/12\\\/IMG_8340.jpg\"},{\"@type\":\"BreadcrumbList\",\"@id\":\"https:\\\/\\\/maisonessentielle.com\\\/privatisation\\\/#breadcrumb\",\"itemListElement\":[{\"@type\":\"ListItem\",\"position\":1,\"name\":\"Accueil\",\"item\":\"https:\\\/\\\/maisonessentielle.com\\\/\"},{\"@type\":\"ListItem\",\"position\":2,\"name\":\"Privatisation\"}]},{\"@type\":\"WebSite\",\"@id\":\"https:\\\/\\\/maisonessentielle.com\\\/#website\",\"url\":\"https:\\\/\\\/maisonessentielle.com\\\/\",\"name\":\"Maison Essentielle\",\"description\":\"Vestiaire essentiel \u00e0 coudre ou \u00e0 porter\",\"publisher\":{\"@id\":\"https:\\\/\\\/maisonessentielle.com\\\/#organization\"},\"potentialAction\":[{\"@type\":\"SearchAction\",\"target\":{\"@type\":\"EntryPoint\",\"urlTemplate\":\"https:\\\/\\\/maisonessentielle.com\\\/?s={search_term_string}\"},\"query-input\":{\"@type\":\"PropertyValueSpecification\",\"valueRequired\":true,\"valueName\":\"search_term_string\"}}],\"inLanguage\":\"fr-FR\"},{\"@type\":\"Organization\",\"@id\":\"https:\\\/\\\/maisonessentielle.com\\\/#organization\",\"name\":\"Maison Essentielle\",\"url\":\"https:\\\/\\\/maisonessentielle.com\\\/\",\"logo\":{\"@type\":\"ImageObject\",\"inLanguage\":\"fr-FR\",\"@id\":\"https:\\\/\\\/maisonessentielle.com\\\/#\\\/schema\\\/logo\\\/image\\\/\",\"url\":\"https:\\\/\\\/maisonessentielle.com\\\/wp-content\\\/uploads\\\/2022\\\/03\\\/MAISON-ESSENTIELLE_LOGO_facture-min.png\",\"contentUrl\":\"https:\\\/\\\/maisonessentielle.com\\\/wp-content\\\/uploads\\\/2022\\\/03\\\/MAISON-ESSENTIELLE_LOGO_facture-min.png\",\"width\":400,\"height\":57,\"caption\":\"Maison Essentielle\"},\"image\":{\"@id\":\"https:\\\/\\\/maisonessentielle.com\\\/#\\\/schema\\\/logo\\\/image\\\/\"},\"sameAs\":[\"https:\\\/\\\/www.facebook.com\\\/profile.php?id=61574309661771\",\"https:\\\/\\\/www.instagram.com\\\/maison_essentielle_\\\/\"]}]}<\/script>\n<!-- \/ Yoast SEO plugin. -->","yoast_head_json":{"title":"Privatisation &#8226; Maison Essentielle","robots":{"index":"index","follow":"follow","max-snippet":"max-snippet:-1","max-image-preview":"max-image-preview:large","max-video-preview":"max-video-preview:-1"},"canonical":"https:\/\/maisonessentielle.com\/privatisation\/","og_locale":"fr_FR","og_type":"article","og_title":"Privatisation &#8226; Maison Essentielle","og_description":"PRIVATISATION &amp; EVENEMENTS PROFESSIONNELS\u00a0 Privatiser l&rsquo;atelier Maison Essentielle en famille ou entre amies : pour 5 \u00e0 6 personnes, en soir\u00e9e ou le WE,\u00a0 offrez-vous une parenth\u00e8se avec vos proches [&hellip;]","og_url":"https:\/\/maisonessentielle.com\/privatisation\/","og_site_name":"Maison Essentielle","article_publisher":"https:\/\/www.facebook.com\/profile.php?id=61574309661771","article_modified_time":"2023-12-18T21:50:09+00:00","og_image":[{"url":"https:\/\/maisonessentielle.com\/wp-content\/uploads\/2023\/12\/IMG_8340.jpg","type":"","width":"","height":""}],"twitter_card":"summary_large_image","twitter_misc":{"Dur\u00e9e de lecture estim\u00e9e":"2 minutes"},"schema":{"@context":"https:\/\/schema.org","@graph":[{"@type":"WebPage","@id":"https:\/\/maisonessentielle.com\/privatisation\/","url":"https:\/\/maisonessentielle.com\/privatisation\/","name":"Privatisation &#8226; Maison Essentielle","isPartOf":{"@id":"https:\/\/maisonessentielle.com\/#website"},"primaryImageOfPage":{"@id":"https:\/\/maisonessentielle.com\/privatisation\/#primaryimage"},"image":{"@id":"https:\/\/maisonessentielle.com\/privatisation\/#primaryimage"},"thumbnailUrl":"https:\/\/maisonessentielle.com\/wp-content\/uploads\/2023\/12\/IMG_8340.jpg","datePublished":"2023-12-18T20:58:25+00:00","dateModified":"2023-12-18T21:50:09+00:00","breadcrumb":{"@id":"https:\/\/maisonessentielle.com\/privatisation\/#breadcrumb"},"inLanguage":"fr-FR","potentialAction":[{"@type":"ReadAction","target":["https:\/\/maisonessentielle.com\/privatisation\/"]}]},{"@type":"ImageObject","inLanguage":"fr-FR","@id":"https:\/\/maisonessentielle.com\/privatisation\/#primaryimage","url":"https:\/\/maisonessentielle.com\/wp-content\/uploads\/2023\/12\/IMG_8340.jpg","contentUrl":"https:\/\/maisonessentielle.com\/wp-content\/uploads\/2023\/12\/IMG_8340.jpg"},{"@type":"BreadcrumbList","@id":"https:\/\/maisonessentielle.com\/privatisation\/#breadcrumb","itemListElement":[{"@type":"ListItem","position":1,"name":"Accueil","item":"https:\/\/maisonessentielle.com\/"},{"@type":"ListItem","position":2,"name":"Privatisation"}]},{"@type":"WebSite","@id":"https:\/\/maisonessentielle.com\/#website","url":"https:\/\/maisonessentielle.com\/","name":"Maison Essentielle","description":"Vestiaire essentiel \u00e0 coudre ou \u00e0 porter","publisher":{"@id":"https:\/\/maisonessentielle.com\/#organization"},"potentialAction":[{"@type":"SearchAction","target":{"@type":"EntryPoint","urlTemplate":"https:\/\/maisonessentielle.com\/?s={search_term_string}"},"query-input":{"@type":"PropertyValueSpecification","valueRequired":true,"valueName":"search_term_string"}}],"inLanguage":"fr-FR"},{"@type":"Organization","@id":"https:\/\/maisonessentielle.com\/#organization","name":"Maison Essentielle","url":"https:\/\/maisonessentielle.com\/","logo":{"@type":"ImageObject","inLanguage":"fr-FR","@id":"https:\/\/maisonessentielle.com\/#\/schema\/logo\/image\/","url":"https:\/\/maisonessentielle.com\/wp-content\/uploads\/2022\/03\/MAISON-ESSENTIELLE_LOGO_facture-min.png","contentUrl":"https:\/\/maisonessentielle.com\/wp-content\/uploads\/2022\/03\/MAISON-ESSENTIELLE_LOGO_facture-min.png","width":400,"height":57,"caption":"Maison Essentielle"},"image":{"@id":"https:\/\/maisonessentielle.com\/#\/schema\/logo\/image\/"},"sameAs":["https:\/\/www.facebook.com\/profile.php?id=61574309661771","https:\/\/www.instagram.com\/maison_essentielle_\/"]}]}},"_links":{"self":[{"href":"https:\/\/maisonessentielle.com\/wp-json\/wp\/v2\/pages\/28975","targetHints":{"allow":["GET"]}}],"collection":[{"href":"https:\/\/maisonessentielle.com\/wp-json\/wp\/v2\/pages"}],"about":[{"href":"https:\/\/maisonessentielle.com\/wp-json\/wp\/v2\/types\/page"}],"author":[{"embeddable":true,"href":"https:\/\/maisonessentielle.com\/wp-json\/wp\/v2\/users\/19"}],"replies":[{"embeddable":true,"href":"https:\/\/maisonessentielle.com\/wp-json\/wp\/v2\/comments?post=28975"}],"version-history":[{"count":0,"href":"https:\/\/maisonessentielle.com\/wp-json\/wp\/v2\/pages\/28975\/revisions"}],"wp:attachment":[{"href":"https:\/\/maisonessentielle.com\/wp-json\/wp\/v2\/media?parent=28975"}],"curies":[{"name":"wp","href":"https:\/\/api.w.org\/{rel}","templated":true}]}}