{"version":"1.0","provider_name":"Maison Essentielle","provider_url":"https:\/\/maisonessentielle.com","author_name":"Val\u00e9rie Maison Essentielle","author_url":"https:\/\/maisonessentielle.com\/author\/val\/","title":"Patron \"les tenues d'\u00e9t\u00e9\" &#8226; Maison Essentielle","type":"rich","width":600,"height":338,"html":"<blockquote class=\"wp-embedded-content\" data-secret=\"e6a7IOo2AL\"><a href=\"https:\/\/maisonessentielle.com\/produit\/patron-les-tenues-dete\/\">Patron \u00ab\u00a0les tenues d&rsquo;\u00e9t\u00e9\u00a0\u00bb<\/a><\/blockquote><iframe sandbox=\"allow-scripts\" security=\"restricted\" src=\"https:\/\/maisonessentielle.com\/produit\/patron-les-tenues-dete\/embed\/#?secret=e6a7IOo2AL\" width=\"600\" height=\"338\" title=\"\u00ab\u00a0Patron \u00ab\u00a0les tenues d&rsquo;\u00e9t\u00e9\u00a0\u00bb\u00a0\u00bb &#8212; Maison Essentielle\" data-secret=\"e6a7IOo2AL\" frameborder=\"0\" marginwidth=\"0\" marginheight=\"0\" scrolling=\"no\" class=\"wp-embedded-content\"><\/iframe><script>\n\/*! This file is auto-generated *\/\n!function(d,l){\"use strict\";l.querySelector&&d.addEventListener&&\"undefined\"!=typeof URL&&(d.wp=d.wp||{},d.wp.receiveEmbedMessage||(d.wp.receiveEmbedMessage=function(e){var t=e.data;if((t||t.secret||t.message||t.value)&&!\/[^a-zA-Z0-9]\/.test(t.secret)){for(var s,r,n,a=l.querySelectorAll('iframe[data-secret=\"'+t.secret+'\"]'),o=l.querySelectorAll('blockquote[data-secret=\"'+t.secret+'\"]'),c=new RegExp(\"^https?:$\",\"i\"),i=0;i<o.length;i++)o[i].style.display=\"none\";for(i=0;i<a.length;i++)s=a[i],e.source===s.contentWindow&&(s.removeAttribute(\"style\"),\"height\"===t.message?(1e3<(r=parseInt(t.value,10))?r=1e3:~~r<200&&(r=200),s.height=r):\"link\"===t.message&&(r=new URL(s.getAttribute(\"src\")),n=new URL(t.value),c.test(n.protocol))&&n.host===r.host&&l.activeElement===s&&(d.top.location.href=t.value))}},d.addEventListener(\"message\",d.wp.receiveEmbedMessage,!1),l.addEventListener(\"DOMContentLoaded\",function(){for(var e,t,s=l.querySelectorAll(\"iframe.wp-embedded-content\"),r=0;r<s.length;r++)(t=(e=s[r]).getAttribute(\"data-secret\"))||(t=Math.random().toString(36).substring(2,12),e.src+=\"#?secret=\"+t,e.setAttribute(\"data-secret\",t)),e.contentWindow.postMessage({message:\"ready\",secret:t},\"*\")},!1)))}(window,document);\n\/\/# sourceURL=https:\/\/maisonessentielle.com\/wp-includes\/js\/wp-embed.min.js\n<\/script>\n","description":"Un top, un short \u00e0 r\u00e9aliser solo ou \u00e0 mixer en combi-short. un patron pour 3 mod\u00e8les intemporels de l\u2019\u00e9t\u00e9, ceux que vous prendrez ind\u00e9niablement dans votre valise pour visiter, faire de longues marches en bord de mer ou \u00e0 la montagne.\u00a0  Vous apprendrez \u00e0 faire des fronces et poser du biais pour le top, \u00e0 faire des poches italiennes pour le short.\u00a0  Patron papier\u00a0\u00e0 taille r\u00e9elle de la taille XS au XL + \u00a0Guide de r\u00e9alisation\u00a0avec les \u00e9tapes de montage en image    Niveau : d\u00e9butant \u00e0 interm\u00e9diaire \u2013 \u00a0Temps de r\u00e9alisation : 1h30 \u00e0 2h30\u00a0 - Tissus conseill\u00e9s : lin lav\u00e9, jean, viscose, etc..."}